{"version":"1.0","provider_name":"UNED Pamplona","provider_url":"https:\/\/unedpamplona.es\/eu\/","author_name":"room116","author_url":"https:\/\/unedpamplona.es\/eu\/author\/room116\/","title":"El fil\u00f3sofo Jos\u00e9 Antonio Marina inaugur\u00f3 la C\u00e1tedra de Inteligencia Emocional - UNED Pamplona","type":"rich","width":600,"height":338,"html":"<blockquote class=\"wp-embedded-content\" data-secret=\"K1tKwECmN3\"><a href=\"https:\/\/unedpamplona.es\/eu\/catedra\/ojala-consiguieramos-tener-ninos-alegres\/\">El fil\u00f3sofo Jos\u00e9 Antonio Marina inaugur\u00f3 la C\u00e1tedra de Inteligencia Emocional<\/a><\/blockquote><iframe sandbox=\"allow-scripts\" security=\"restricted\" src=\"https:\/\/unedpamplona.es\/eu\/catedra\/ojala-consiguieramos-tener-ninos-alegres\/embed\/#?secret=K1tKwECmN3\" width=\"600\" height=\"338\" title=\"&#8220;El fil\u00f3sofo Jos\u00e9 Antonio Marina inaugur\u00f3 la C\u00e1tedra de Inteligencia Emocional&#8221; &#8212; UNED Pamplona\" data-secret=\"K1tKwECmN3\" frameborder=\"0\" marginwidth=\"0\" marginheight=\"0\" scrolling=\"no\" class=\"wp-embedded-content\"><\/iframe><script>\n\/*! This file is auto-generated *\/\n!function(d,l){\"use strict\";l.querySelector&&d.addEventListener&&\"undefined\"!=typeof URL&&(d.wp=d.wp||{},d.wp.receiveEmbedMessage||(d.wp.receiveEmbedMessage=function(e){var t=e.data;if((t||t.secret||t.message||t.value)&&!\/[^a-zA-Z0-9]\/.test(t.secret)){for(var s,r,n,a=l.querySelectorAll('iframe[data-secret=\"'+t.secret+'\"]'),o=l.querySelectorAll('blockquote[data-secret=\"'+t.secret+'\"]'),c=new RegExp(\"^https?:$\",\"i\"),i=0;i<o.length;i++)o[i].style.display=\"none\";for(i=0;i<a.length;i++)s=a[i],e.source===s.contentWindow&&(s.removeAttribute(\"style\"),\"height\"===t.message?(1e3<(r=parseInt(t.value,10))?r=1e3:~~r<200&&(r=200),s.height=r):\"link\"===t.message&&(r=new URL(s.getAttribute(\"src\")),n=new URL(t.value),c.test(n.protocol))&&n.host===r.host&&l.activeElement===s&&(d.top.location.href=t.value))}},d.addEventListener(\"message\",d.wp.receiveEmbedMessage,!1),l.addEventListener(\"DOMContentLoaded\",function(){for(var e,t,s=l.querySelectorAll(\"iframe.wp-embedded-content\"),r=0;r<s.length;r++)(t=(e=s[r]).getAttribute(\"data-secret\"))||(t=Math.random().toString(36).substring(2,12),e.src+=\"#?secret=\"+t,e.setAttribute(\"data-secret\",t)),e.contentWindow.postMessage({message:\"ready\",secret:t},\"*\")},!1)))}(window,document);\n<\/script>\n","thumbnail_url":"https:\/\/unedpamplona.es\/wp-content\/uploads\/2024\/04\/IPV_5445-scaled.jpg","thumbnail_width":2560,"thumbnail_height":1707,"description":"El fil\u00f3sofo, escritor e investigador,\u00a0Jos\u00e9 Antonio Marina, inaugur\u00f3 el pasado 12 de abril la C\u00e1tedra de Inteligencia Emocional de UNED Pamplona y Fundaci\u00f3n Caja Navarra. Marina ofreci\u00f3 una conferencia sobre Inteligencia Emocional en la que abord\u00f3 el mundo de los sentimientos. Aunque\u00a0ha sido desde\u00f1ado durante mucho tiempo por la psicolog\u00eda acad\u00e9mica, debido al hecho de [&hellip;]"}