{"id":14446,"date":"2025-10-31T10:16:38","date_gmt":"2025-10-31T09:16:38","guid":{"rendered":"https:\/\/unedpamplona.es\/?post_type=catedra&#038;p=14446"},"modified":"2025-10-31T10:22:42","modified_gmt":"2025-10-31T09:22:42","slug":"conferencia-ansiedad-y-depresion-bases-emocionales-y-salud-mental","status":"publish","type":"catedra","link":"https:\/\/unedpamplona.es\/eu\/catedra\/conferencia-ansiedad-y-depresion-bases-emocionales-y-salud-mental\/","title":{"rendered":"Conferencia \u201cAnsiedad y depresi\u00f3n: bases emocionales y salud mental\u201d"},"content":{"rendered":"<div class=\"elementor-element elementor-element-3a915c9 elementor-widget elementor-widget-theme-post-title elementor-page-title elementor-widget-heading\" data-id=\"3a915c9\" data-element_type=\"widget\" data-widget_type=\"theme-post-title.default\">\n<div class=\"elementor-widget-container\"><strong>Fecha: 18 de noviembre <\/strong>de 2025, de 19:00 a 20:30 h.<\/div>\n<\/div>\n<div class=\"elementor-element elementor-element-93e3ed0 elementor-widget elementor-widget-theme-post-content\" data-id=\"93e3ed0\" data-element_type=\"widget\" data-widget_type=\"theme-post-content.default\">\n<div class=\"elementor-widget-container\">\n<p>Online o presencial<\/p>\n<div><strong>Programa<\/strong><\/div>\n<div>Martes, 18 de noviembre, de\u00a0<span class=\"h\">19:00-20:30 h.<\/span>\u00a0<span class=\"t color_b3\">Ansiedad y depresi\u00f3n: bases emocionales y salud mental<\/span><\/div>\n<div><\/div>\n<div><span class=\"ponente\"><strong>Ponente:<\/strong> Mar\u00eda Paz Garc\u00eda Vera<\/span>\u00a0<span class=\"cargo\"><span class=\"cargo_ponente\">Catedr\u00e1tica de Psicolog\u00eda de la Universidad Complutense de Madrid<\/span><\/span><\/div>\n<dl id=\"\">\n<dt><\/dt>\n<dt><strong>Matr\u00edcula gratuita, previa inscripci\u00f3n:\u00a0<a href=\"https:\/\/extension.uned.es\/actividad\/48095&amp;codigo=BEYSM\">Conferencia: \u201cAnsiedad y depresi\u00f3n: bases emocionales y salud mental\u201d | Extensi\u00f3n Universitaria en Pamplona | UNED<\/a><\/strong><\/dt>\n<\/dl>\n<\/div>\n<\/div>\n","protected":false},"featured_media":0,"template":"","tipo_de_recurso":[],"yoast_head":"<!-- This site is optimized with the Yoast SEO plugin v22.5 - https:\/\/yoast.com\/wordpress\/plugins\/seo\/ -->\n<title>Conferencia \u201cAnsiedad y depresi\u00f3n: bases emocionales y salud mental\u201d - UNED Pamplona<\/title>\n<meta name=\"robots\" content=\"index, follow, max-snippet:-1, max-image-preview:large, max-video-preview:-1\" \/>\n<link rel=\"canonical\" href=\"https:\/\/unedpamplona.es\/eu\/catedra\/conferencia-ansiedad-y-depresion-bases-emocionales-y-salud-mental\/\" \/>\n<meta property=\"og:locale\" content=\"eu_ES\" \/>\n<meta property=\"og:type\" content=\"article\" \/>\n<meta property=\"og:title\" content=\"Conferencia \u201cAnsiedad y depresi\u00f3n: bases emocionales y salud mental\u201d - UNED Pamplona\" \/>\n<meta property=\"og:description\" content=\"Fecha: 18 de noviembre de 2025, de 19:00 a 20:30 h. Online o presencial Programa Martes, 18 de noviembre, de\u00a019:00-20:30 h.\u00a0Ansiedad y depresi\u00f3n: bases emocionales y salud mental Ponente: Mar\u00eda Paz Garc\u00eda Vera\u00a0Catedr\u00e1tica de Psicolog\u00eda de la Universidad Complutense de Madrid Matr\u00edcula gratuita, previa inscripci\u00f3n:\u00a0Conferencia: \u201cAnsiedad y depresi\u00f3n: bases emocionales y salud mental\u201d | Extensi\u00f3n [&hellip;]\" \/>\n<meta property=\"og:url\" content=\"https:\/\/unedpamplona.es\/eu\/catedra\/conferencia-ansiedad-y-depresion-bases-emocionales-y-salud-mental\/\" \/>\n<meta property=\"og:site_name\" content=\"UNED Pamplona\" \/>\n<meta property=\"article:modified_time\" content=\"2025-10-31T09:22:42+00:00\" \/>\n<meta name=\"twitter:card\" content=\"summary_large_image\" \/>\n<meta name=\"twitter:site\" content=\"@unedpamplona\" \/>\n<meta name=\"twitter:label1\" content=\"Est. reading time\" \/>\n\t<meta name=\"twitter:data1\" content=\"1 minute\" \/>\n<script type=\"application\/ld+json\" class=\"yoast-schema-graph\">{\"@context\":\"https:\/\/schema.org\",\"@graph\":[{\"@type\":\"WebPage\",\"@id\":\"https:\/\/unedpamplona.es\/eu\/catedra\/conferencia-ansiedad-y-depresion-bases-emocionales-y-salud-mental\/\",\"url\":\"https:\/\/unedpamplona.es\/eu\/catedra\/conferencia-ansiedad-y-depresion-bases-emocionales-y-salud-mental\/\",\"name\":\"Conferencia \u201cAnsiedad y depresi\u00f3n: bases emocionales y salud mental\u201d - UNED Pamplona\",\"isPartOf\":{\"@id\":\"https:\/\/unedpamplona.es\/eu\/#website\"},\"datePublished\":\"2025-10-31T09:16:38+00:00\",\"dateModified\":\"2025-10-31T09:22:42+00:00\",\"inLanguage\":\"eu-ES\",\"potentialAction\":[{\"@type\":\"ReadAction\",\"target\":[\"https:\/\/unedpamplona.es\/eu\/catedra\/conferencia-ansiedad-y-depresion-bases-emocionales-y-salud-mental\/\"]}]},{\"@type\":\"WebSite\",\"@id\":\"https:\/\/unedpamplona.es\/eu\/#website\",\"url\":\"https:\/\/unedpamplona.es\/eu\/\",\"name\":\"UNED Pamplona\",\"description\":\"\",\"publisher\":{\"@id\":\"https:\/\/unedpamplona.es\/eu\/#organization\"},\"potentialAction\":[{\"@type\":\"SearchAction\",\"target\":{\"@type\":\"EntryPoint\",\"urlTemplate\":\"https:\/\/unedpamplona.es\/eu\/?s={search_term_string}\"},\"query-input\":\"required name=search_term_string\"}],\"inLanguage\":\"eu-ES\"},{\"@type\":\"Organization\",\"@id\":\"https:\/\/unedpamplona.es\/eu\/#organization\",\"name\":\"UNED Pamplona\",\"url\":\"https:\/\/unedpamplona.es\/eu\/\",\"logo\":{\"@type\":\"ImageObject\",\"inLanguage\":\"eu-ES\",\"@id\":\"https:\/\/unedpamplona.es\/eu\/#\/schema\/logo\/image\/\",\"url\":\"https:\/\/unedpamplona.es\/wp-content\/uploads\/2024\/02\/uned_pamplona_logo.png\",\"contentUrl\":\"https:\/\/unedpamplona.es\/wp-content\/uploads\/2024\/02\/uned_pamplona_logo.png\",\"width\":218,\"height\":104,\"caption\":\"UNED Pamplona\"},\"image\":{\"@id\":\"https:\/\/unedpamplona.es\/eu\/#\/schema\/logo\/image\/\"},\"sameAs\":[\"https:\/\/x.com\/unedpamplona\",\"https:\/\/www.youtube.com\/channel\/UCR2jc6TbCMAPnbcA17Z0wwg\",\"https:\/\/www.instagram.com\/unedpamplona\/\"]}]}<\/script>\n<!-- \/ Yoast SEO plugin. -->","yoast_head_json":{"title":"Conferencia \u201cAnsiedad y depresi\u00f3n: bases emocionales y salud mental\u201d - UNED Pamplona","robots":{"index":"index","follow":"follow","max-snippet":"max-snippet:-1","max-image-preview":"max-image-preview:large","max-video-preview":"max-video-preview:-1"},"canonical":"https:\/\/unedpamplona.es\/eu\/catedra\/conferencia-ansiedad-y-depresion-bases-emocionales-y-salud-mental\/","og_locale":"eu_ES","og_type":"article","og_title":"Conferencia \u201cAnsiedad y depresi\u00f3n: bases emocionales y salud mental\u201d - UNED Pamplona","og_description":"Fecha: 18 de noviembre de 2025, de 19:00 a 20:30 h. Online o presencial Programa Martes, 18 de noviembre, de\u00a019:00-20:30 h.\u00a0Ansiedad y depresi\u00f3n: bases emocionales y salud mental Ponente: Mar\u00eda Paz Garc\u00eda Vera\u00a0Catedr\u00e1tica de Psicolog\u00eda de la Universidad Complutense de Madrid Matr\u00edcula gratuita, previa inscripci\u00f3n:\u00a0Conferencia: \u201cAnsiedad y depresi\u00f3n: bases emocionales y salud mental\u201d | Extensi\u00f3n [&hellip;]","og_url":"https:\/\/unedpamplona.es\/eu\/catedra\/conferencia-ansiedad-y-depresion-bases-emocionales-y-salud-mental\/","og_site_name":"UNED Pamplona","article_modified_time":"2025-10-31T09:22:42+00:00","twitter_card":"summary_large_image","twitter_site":"@unedpamplona","twitter_misc":{"Est. reading time":"1 minute"},"schema":{"@context":"https:\/\/schema.org","@graph":[{"@type":"WebPage","@id":"https:\/\/unedpamplona.es\/eu\/catedra\/conferencia-ansiedad-y-depresion-bases-emocionales-y-salud-mental\/","url":"https:\/\/unedpamplona.es\/eu\/catedra\/conferencia-ansiedad-y-depresion-bases-emocionales-y-salud-mental\/","name":"Conferencia \u201cAnsiedad y depresi\u00f3n: bases emocionales y salud mental\u201d - UNED Pamplona","isPartOf":{"@id":"https:\/\/unedpamplona.es\/eu\/#website"},"datePublished":"2025-10-31T09:16:38+00:00","dateModified":"2025-10-31T09:22:42+00:00","inLanguage":"eu-ES","potentialAction":[{"@type":"ReadAction","target":["https:\/\/unedpamplona.es\/eu\/catedra\/conferencia-ansiedad-y-depresion-bases-emocionales-y-salud-mental\/"]}]},{"@type":"WebSite","@id":"https:\/\/unedpamplona.es\/eu\/#website","url":"https:\/\/unedpamplona.es\/eu\/","name":"UNED Pamplona","description":"","publisher":{"@id":"https:\/\/unedpamplona.es\/eu\/#organization"},"potentialAction":[{"@type":"SearchAction","target":{"@type":"EntryPoint","urlTemplate":"https:\/\/unedpamplona.es\/eu\/?s={search_term_string}"},"query-input":"required name=search_term_string"}],"inLanguage":"eu-ES"},{"@type":"Organization","@id":"https:\/\/unedpamplona.es\/eu\/#organization","name":"UNED Pamplona","url":"https:\/\/unedpamplona.es\/eu\/","logo":{"@type":"ImageObject","inLanguage":"eu-ES","@id":"https:\/\/unedpamplona.es\/eu\/#\/schema\/logo\/image\/","url":"https:\/\/unedpamplona.es\/wp-content\/uploads\/2024\/02\/uned_pamplona_logo.png","contentUrl":"https:\/\/unedpamplona.es\/wp-content\/uploads\/2024\/02\/uned_pamplona_logo.png","width":218,"height":104,"caption":"UNED Pamplona"},"image":{"@id":"https:\/\/unedpamplona.es\/eu\/#\/schema\/logo\/image\/"},"sameAs":["https:\/\/x.com\/unedpamplona","https:\/\/www.youtube.com\/channel\/UCR2jc6TbCMAPnbcA17Z0wwg","https:\/\/www.instagram.com\/unedpamplona\/"]}]}},"_links":{"self":[{"href":"https:\/\/unedpamplona.es\/eu\/wp-json\/wp\/v2\/catedra\/14446"}],"collection":[{"href":"https:\/\/unedpamplona.es\/eu\/wp-json\/wp\/v2\/catedra"}],"about":[{"href":"https:\/\/unedpamplona.es\/eu\/wp-json\/wp\/v2\/types\/catedra"}],"wp:attachment":[{"href":"https:\/\/unedpamplona.es\/eu\/wp-json\/wp\/v2\/media?parent=14446"}],"wp:term":[{"taxonomy":"tipo_de_recurso","embeddable":true,"href":"https:\/\/unedpamplona.es\/eu\/wp-json\/wp\/v2\/tipo_de_recurso?post=14446"}],"curies":[{"name":"wp","href":"https:\/\/api.w.org\/{rel}","templated":true}]}}