{"id":16205,"date":"2026-01-08T12:37:35","date_gmt":"2026-01-08T11:37:35","guid":{"rendered":"https:\/\/unedpamplona.es\/?post_type=catedra&#038;p=16205"},"modified":"2026-01-08T12:37:35","modified_gmt":"2026-01-08T11:37:35","slug":"conferencia-emociones-del-espectro-autista","status":"publish","type":"catedra","link":"https:\/\/unedpamplona.es\/eu\/catedra\/conferencia-emociones-del-espectro-autista\/","title":{"rendered":"Conferencia: \u201cEmociones del espectro autista\u201d"},"content":{"rendered":"<p>En esta conferencia se har\u00e1 un recorrido por los criterios diagn\u00f3sticos, las teor\u00edas explicativas y la comorbilidad que est\u00e1 vinculada a la competencia socioemocional de las personas con autismo.<\/p>\n<div>Lugar y fechas<\/div>\n<div class=\"cajasActividad\">\n<div class=\"cuadro bcolor_c1\">\n<dl id=\"\">\n<dd>24 de febrero de 2026<br \/>\nDe 19:00 a 20:30 h.<br \/>\nEspacios en los que se desarrolla:\u00a0<b>AULA MAGNA<\/b><br \/>\nLugar: UNED Pamplona<\/dd>\n<\/dl>\n<\/div>\n<\/div>\n<div>Programa<\/div>\n<dl id=\"\">\n<dd>\n<ul id=\"programa\">\n<li><span class=\"fechas_programa\">Martes, 24 de febrero, de <\/span><span class=\"h\">19:00-20:30 h.<\/span>\u00a0<span class=\"t color_b3\">Emociones del espectro autista<\/span>\n<ul class=\"listaPonente\">\n<li class=\"datosPonentes\"><span class=\"ponente\">Marina Jodr\u00e1 Chuan<\/span>\u00a0<span class=\"cargo\"><span class=\"cargo_ponente\">Coordinadora T\u00e9cnica de la Asociaci\u00f3n Nuevo Horizonte \/ Profesora Asociada de la UCM<\/span><\/span><\/li>\n<\/ul>\n<\/li>\n<\/ul>\n<\/dd>\n<dt><\/dt>\n<dt>Asistencia: esta actividad permite participar con asistencia presencial o asistencia online en directo o en diferido, sin necesidad de ir al centro.<\/dt>\n<\/dl>\n","protected":false},"featured_media":16206,"template":"","tipo_de_recurso":[],"yoast_head":"<!-- This site is optimized with the Yoast SEO plugin v22.5 - https:\/\/yoast.com\/wordpress\/plugins\/seo\/ -->\n<title>Conferencia: \u201cEmociones del espectro autista\u201d - UNED Pamplona<\/title>\n<meta name=\"robots\" content=\"index, follow, max-snippet:-1, max-image-preview:large, max-video-preview:-1\" \/>\n<link rel=\"canonical\" href=\"https:\/\/unedpamplona.es\/eu\/catedra\/conferencia-emociones-del-espectro-autista\/\" \/>\n<meta property=\"og:locale\" content=\"eu_ES\" \/>\n<meta property=\"og:type\" content=\"article\" \/>\n<meta property=\"og:title\" content=\"Conferencia: \u201cEmociones del espectro autista\u201d - UNED Pamplona\" \/>\n<meta property=\"og:description\" content=\"En esta conferencia se har\u00e1 un recorrido por los criterios diagn\u00f3sticos, las teor\u00edas explicativas y la comorbilidad que est\u00e1 vinculada a la competencia socioemocional de las personas con autismo. Lugar y fechas 24 de febrero de 2026 De 19:00 a 20:30 h. Espacios en los que se desarrolla:\u00a0AULA MAGNA Lugar: UNED Pamplona Programa Martes, 24 [&hellip;]\" \/>\n<meta property=\"og:url\" content=\"https:\/\/unedpamplona.es\/eu\/catedra\/conferencia-emociones-del-espectro-autista\/\" \/>\n<meta property=\"og:site_name\" content=\"UNED Pamplona\" \/>\n<meta property=\"og:image\" content=\"https:\/\/unedpamplona.es\/wp-content\/uploads\/2026\/01\/Autismo.jpeg\" \/>\n\t<meta property=\"og:image:width\" content=\"1178\" \/>\n\t<meta property=\"og:image:height\" content=\"486\" \/>\n\t<meta property=\"og:image:type\" content=\"image\/jpeg\" \/>\n<meta name=\"twitter:card\" content=\"summary_large_image\" \/>\n<meta name=\"twitter:site\" content=\"@unedpamplona\" \/>\n<meta name=\"twitter:label1\" content=\"Est. reading time\" \/>\n\t<meta name=\"twitter:data1\" content=\"1 minute\" \/>\n<script type=\"application\/ld+json\" class=\"yoast-schema-graph\">{\"@context\":\"https:\/\/schema.org\",\"@graph\":[{\"@type\":\"WebPage\",\"@id\":\"https:\/\/unedpamplona.es\/eu\/catedra\/conferencia-emociones-del-espectro-autista\/\",\"url\":\"https:\/\/unedpamplona.es\/eu\/catedra\/conferencia-emociones-del-espectro-autista\/\",\"name\":\"Conferencia: \u201cEmociones del espectro autista\u201d - UNED Pamplona\",\"isPartOf\":{\"@id\":\"https:\/\/unedpamplona.es\/eu\/#website\"},\"primaryImageOfPage\":{\"@id\":\"https:\/\/unedpamplona.es\/eu\/catedra\/conferencia-emociones-del-espectro-autista\/#primaryimage\"},\"image\":{\"@id\":\"https:\/\/unedpamplona.es\/eu\/catedra\/conferencia-emociones-del-espectro-autista\/#primaryimage\"},\"thumbnailUrl\":\"https:\/\/unedpamplona.es\/wp-content\/uploads\/2026\/01\/Autismo.jpeg\",\"datePublished\":\"2026-01-08T11:37:35+00:00\",\"dateModified\":\"2026-01-08T11:37:35+00:00\",\"inLanguage\":\"eu-ES\",\"potentialAction\":[{\"@type\":\"ReadAction\",\"target\":[\"https:\/\/unedpamplona.es\/eu\/catedra\/conferencia-emociones-del-espectro-autista\/\"]}]},{\"@type\":\"ImageObject\",\"inLanguage\":\"eu-ES\",\"@id\":\"https:\/\/unedpamplona.es\/eu\/catedra\/conferencia-emociones-del-espectro-autista\/#primaryimage\",\"url\":\"https:\/\/unedpamplona.es\/wp-content\/uploads\/2026\/01\/Autismo.jpeg\",\"contentUrl\":\"https:\/\/unedpamplona.es\/wp-content\/uploads\/2026\/01\/Autismo.jpeg\",\"width\":1178,\"height\":486},{\"@type\":\"WebSite\",\"@id\":\"https:\/\/unedpamplona.es\/eu\/#website\",\"url\":\"https:\/\/unedpamplona.es\/eu\/\",\"name\":\"UNED Pamplona\",\"description\":\"\",\"publisher\":{\"@id\":\"https:\/\/unedpamplona.es\/eu\/#organization\"},\"potentialAction\":[{\"@type\":\"SearchAction\",\"target\":{\"@type\":\"EntryPoint\",\"urlTemplate\":\"https:\/\/unedpamplona.es\/eu\/?s={search_term_string}\"},\"query-input\":\"required name=search_term_string\"}],\"inLanguage\":\"eu-ES\"},{\"@type\":\"Organization\",\"@id\":\"https:\/\/unedpamplona.es\/eu\/#organization\",\"name\":\"UNED Pamplona\",\"url\":\"https:\/\/unedpamplona.es\/eu\/\",\"logo\":{\"@type\":\"ImageObject\",\"inLanguage\":\"eu-ES\",\"@id\":\"https:\/\/unedpamplona.es\/eu\/#\/schema\/logo\/image\/\",\"url\":\"https:\/\/unedpamplona.es\/wp-content\/uploads\/2024\/02\/uned_pamplona_logo.png\",\"contentUrl\":\"https:\/\/unedpamplona.es\/wp-content\/uploads\/2024\/02\/uned_pamplona_logo.png\",\"width\":218,\"height\":104,\"caption\":\"UNED Pamplona\"},\"image\":{\"@id\":\"https:\/\/unedpamplona.es\/eu\/#\/schema\/logo\/image\/\"},\"sameAs\":[\"https:\/\/x.com\/unedpamplona\",\"https:\/\/www.youtube.com\/channel\/UCR2jc6TbCMAPnbcA17Z0wwg\",\"https:\/\/www.instagram.com\/unedpamplona\/\"]}]}<\/script>\n<!-- \/ Yoast SEO plugin. -->","yoast_head_json":{"title":"Conferencia: \u201cEmociones del espectro autista\u201d - UNED Pamplona","robots":{"index":"index","follow":"follow","max-snippet":"max-snippet:-1","max-image-preview":"max-image-preview:large","max-video-preview":"max-video-preview:-1"},"canonical":"https:\/\/unedpamplona.es\/eu\/catedra\/conferencia-emociones-del-espectro-autista\/","og_locale":"eu_ES","og_type":"article","og_title":"Conferencia: \u201cEmociones del espectro autista\u201d - UNED Pamplona","og_description":"En esta conferencia se har\u00e1 un recorrido por los criterios diagn\u00f3sticos, las teor\u00edas explicativas y la comorbilidad que est\u00e1 vinculada a la competencia socioemocional de las personas con autismo. Lugar y fechas 24 de febrero de 2026 De 19:00 a 20:30 h. Espacios en los que se desarrolla:\u00a0AULA MAGNA Lugar: UNED Pamplona Programa Martes, 24 [&hellip;]","og_url":"https:\/\/unedpamplona.es\/eu\/catedra\/conferencia-emociones-del-espectro-autista\/","og_site_name":"UNED Pamplona","og_image":[{"width":1178,"height":486,"url":"https:\/\/unedpamplona.es\/wp-content\/uploads\/2026\/01\/Autismo.jpeg","type":"image\/jpeg"}],"twitter_card":"summary_large_image","twitter_site":"@unedpamplona","twitter_misc":{"Est. reading time":"1 minute"},"schema":{"@context":"https:\/\/schema.org","@graph":[{"@type":"WebPage","@id":"https:\/\/unedpamplona.es\/eu\/catedra\/conferencia-emociones-del-espectro-autista\/","url":"https:\/\/unedpamplona.es\/eu\/catedra\/conferencia-emociones-del-espectro-autista\/","name":"Conferencia: \u201cEmociones del espectro autista\u201d - UNED Pamplona","isPartOf":{"@id":"https:\/\/unedpamplona.es\/eu\/#website"},"primaryImageOfPage":{"@id":"https:\/\/unedpamplona.es\/eu\/catedra\/conferencia-emociones-del-espectro-autista\/#primaryimage"},"image":{"@id":"https:\/\/unedpamplona.es\/eu\/catedra\/conferencia-emociones-del-espectro-autista\/#primaryimage"},"thumbnailUrl":"https:\/\/unedpamplona.es\/wp-content\/uploads\/2026\/01\/Autismo.jpeg","datePublished":"2026-01-08T11:37:35+00:00","dateModified":"2026-01-08T11:37:35+00:00","inLanguage":"eu-ES","potentialAction":[{"@type":"ReadAction","target":["https:\/\/unedpamplona.es\/eu\/catedra\/conferencia-emociones-del-espectro-autista\/"]}]},{"@type":"ImageObject","inLanguage":"eu-ES","@id":"https:\/\/unedpamplona.es\/eu\/catedra\/conferencia-emociones-del-espectro-autista\/#primaryimage","url":"https:\/\/unedpamplona.es\/wp-content\/uploads\/2026\/01\/Autismo.jpeg","contentUrl":"https:\/\/unedpamplona.es\/wp-content\/uploads\/2026\/01\/Autismo.jpeg","width":1178,"height":486},{"@type":"WebSite","@id":"https:\/\/unedpamplona.es\/eu\/#website","url":"https:\/\/unedpamplona.es\/eu\/","name":"UNED Pamplona","description":"","publisher":{"@id":"https:\/\/unedpamplona.es\/eu\/#organization"},"potentialAction":[{"@type":"SearchAction","target":{"@type":"EntryPoint","urlTemplate":"https:\/\/unedpamplona.es\/eu\/?s={search_term_string}"},"query-input":"required name=search_term_string"}],"inLanguage":"eu-ES"},{"@type":"Organization","@id":"https:\/\/unedpamplona.es\/eu\/#organization","name":"UNED Pamplona","url":"https:\/\/unedpamplona.es\/eu\/","logo":{"@type":"ImageObject","inLanguage":"eu-ES","@id":"https:\/\/unedpamplona.es\/eu\/#\/schema\/logo\/image\/","url":"https:\/\/unedpamplona.es\/wp-content\/uploads\/2024\/02\/uned_pamplona_logo.png","contentUrl":"https:\/\/unedpamplona.es\/wp-content\/uploads\/2024\/02\/uned_pamplona_logo.png","width":218,"height":104,"caption":"UNED Pamplona"},"image":{"@id":"https:\/\/unedpamplona.es\/eu\/#\/schema\/logo\/image\/"},"sameAs":["https:\/\/x.com\/unedpamplona","https:\/\/www.youtube.com\/channel\/UCR2jc6TbCMAPnbcA17Z0wwg","https:\/\/www.instagram.com\/unedpamplona\/"]}]}},"_links":{"self":[{"href":"https:\/\/unedpamplona.es\/eu\/wp-json\/wp\/v2\/catedra\/16205"}],"collection":[{"href":"https:\/\/unedpamplona.es\/eu\/wp-json\/wp\/v2\/catedra"}],"about":[{"href":"https:\/\/unedpamplona.es\/eu\/wp-json\/wp\/v2\/types\/catedra"}],"wp:featuredmedia":[{"embeddable":true,"href":"https:\/\/unedpamplona.es\/eu\/wp-json\/wp\/v2\/media\/16206"}],"wp:attachment":[{"href":"https:\/\/unedpamplona.es\/eu\/wp-json\/wp\/v2\/media?parent=16205"}],"wp:term":[{"taxonomy":"tipo_de_recurso","embeddable":true,"href":"https:\/\/unedpamplona.es\/eu\/wp-json\/wp\/v2\/tipo_de_recurso?post=16205"}],"curies":[{"name":"wp","href":"https:\/\/api.w.org\/{rel}","templated":true}]}}