{"id":1654,"date":"2025-11-01T13:56:52","date_gmt":"2025-11-01T12:56:52","guid":{"rendered":"https:\/\/unedpamplona.es\/?post_type=catedra&#038;p=1654"},"modified":"2026-01-19T12:14:07","modified_gmt":"2026-01-19T11:14:07","slug":"lashttps-youtu-be-slvrtc37xhmsiqr3kv3qvbr6ojis7-emociones-no-pasan-sino-que-las-construimos","status":"publish","type":"catedra","link":"https:\/\/unedpamplona.es\/eu\/catedra\/lashttps-youtu-be-slvrtc37xhmsiqr3kv3qvbr6ojis7-emociones-no-pasan-sino-que-las-construimos\/","title":{"rendered":"Juan Carlos P\u00e9rez Gonz\u00e1lez &#8220;La inteligencia emocional es un asunto de inter\u00e9s social, educativo y de salud p\u00fablica&#8221;"},"content":{"rendered":"<p>Juan Carlos P\u00e9rez Gonz\u00e1lez, Profesor Titular en Educaci\u00f3n UNED y Director Cient\u00edfico de la C\u00e1tedra de Inteligencia Emocional UNED Pamplona &#8211; Fundaci\u00f3n Caja Navarra, argumenta la importancia de la inteligencia emocional como una cuesti\u00f3n de inter\u00e9s p\u00fablico.<\/p>\n<p>&nbsp;<\/p>\n<p><strong><a href=\"https:\/\/youtu.be\/sLvrTc37xhM?si=qR3kV3Qvbr6OJIs7\">Escucha la ENTREVISTA completa<\/a><\/strong><\/p>\n","protected":false},"featured_media":4426,"template":"","tipo_de_recurso":[],"yoast_head":"<!-- This site is optimized with the Yoast SEO plugin v22.5 - https:\/\/yoast.com\/wordpress\/plugins\/seo\/ -->\n<title>Juan Carlos P\u00e9rez Gonz\u00e1lez &quot;La inteligencia emocional es un asunto de inter\u00e9s social, educativo y de salud p\u00fablica&quot; - UNED Pamplona<\/title>\n<meta name=\"robots\" content=\"index, follow, max-snippet:-1, max-image-preview:large, max-video-preview:-1\" \/>\n<link rel=\"canonical\" href=\"https:\/\/unedpamplona.es\/eu\/catedra\/lashttps-youtu-be-slvrtc37xhmsiqr3kv3qvbr6ojis7-emociones-no-pasan-sino-que-las-construimos\/\" \/>\n<meta property=\"og:locale\" content=\"eu_ES\" \/>\n<meta property=\"og:type\" content=\"article\" \/>\n<meta property=\"og:title\" content=\"Juan Carlos P\u00e9rez Gonz\u00e1lez &quot;La inteligencia emocional es un asunto de inter\u00e9s social, educativo y de salud p\u00fablica&quot; - UNED Pamplona\" \/>\n<meta property=\"og:description\" content=\"Juan Carlos P\u00e9rez Gonz\u00e1lez, Profesor Titular en Educaci\u00f3n UNED y Director Cient\u00edfico de la C\u00e1tedra de Inteligencia Emocional UNED Pamplona &#8211; Fundaci\u00f3n Caja Navarra, argumenta la importancia de la inteligencia emocional como una cuesti\u00f3n de inter\u00e9s p\u00fablico. &nbsp; Escucha la ENTREVISTA completa\" \/>\n<meta property=\"og:url\" content=\"https:\/\/unedpamplona.es\/eu\/catedra\/lashttps-youtu-be-slvrtc37xhmsiqr3kv3qvbr6ojis7-emociones-no-pasan-sino-que-las-construimos\/\" \/>\n<meta property=\"og:site_name\" content=\"UNED Pamplona\" \/>\n<meta property=\"article:modified_time\" content=\"2026-01-19T11:14:07+00:00\" \/>\n<meta property=\"og:image\" content=\"https:\/\/unedpamplona.es\/wp-content\/uploads\/2024\/04\/mq2.webp\" \/>\n\t<meta property=\"og:image:width\" content=\"320\" \/>\n\t<meta property=\"og:image:height\" content=\"180\" \/>\n\t<meta property=\"og:image:type\" content=\"image\/webp\" \/>\n<meta name=\"twitter:card\" content=\"summary_large_image\" \/>\n<meta name=\"twitter:site\" content=\"@unedpamplona\" \/>\n<meta name=\"twitter:label1\" content=\"Est. reading time\" \/>\n\t<meta name=\"twitter:data1\" content=\"1 minute\" \/>\n<script type=\"application\/ld+json\" class=\"yoast-schema-graph\">{\"@context\":\"https:\/\/schema.org\",\"@graph\":[{\"@type\":\"WebPage\",\"@id\":\"https:\/\/unedpamplona.es\/eu\/catedra\/lashttps-youtu-be-slvrtc37xhmsiqr3kv3qvbr6ojis7-emociones-no-pasan-sino-que-las-construimos\/\",\"url\":\"https:\/\/unedpamplona.es\/eu\/catedra\/lashttps-youtu-be-slvrtc37xhmsiqr3kv3qvbr6ojis7-emociones-no-pasan-sino-que-las-construimos\/\",\"name\":\"Juan Carlos P\u00e9rez Gonz\u00e1lez \\\"La inteligencia emocional es un asunto de inter\u00e9s social, educativo y de salud p\u00fablica\\\" - UNED Pamplona\",\"isPartOf\":{\"@id\":\"https:\/\/unedpamplona.es\/eu\/#website\"},\"primaryImageOfPage\":{\"@id\":\"https:\/\/unedpamplona.es\/eu\/catedra\/lashttps-youtu-be-slvrtc37xhmsiqr3kv3qvbr6ojis7-emociones-no-pasan-sino-que-las-construimos\/#primaryimage\"},\"image\":{\"@id\":\"https:\/\/unedpamplona.es\/eu\/catedra\/lashttps-youtu-be-slvrtc37xhmsiqr3kv3qvbr6ojis7-emociones-no-pasan-sino-que-las-construimos\/#primaryimage\"},\"thumbnailUrl\":\"https:\/\/unedpamplona.es\/wp-content\/uploads\/2024\/04\/mq2.webp\",\"datePublished\":\"2025-11-01T12:56:52+00:00\",\"dateModified\":\"2026-01-19T11:14:07+00:00\",\"inLanguage\":\"eu-ES\",\"potentialAction\":[{\"@type\":\"ReadAction\",\"target\":[\"https:\/\/unedpamplona.es\/eu\/catedra\/lashttps-youtu-be-slvrtc37xhmsiqr3kv3qvbr6ojis7-emociones-no-pasan-sino-que-las-construimos\/\"]}]},{\"@type\":\"ImageObject\",\"inLanguage\":\"eu-ES\",\"@id\":\"https:\/\/unedpamplona.es\/eu\/catedra\/lashttps-youtu-be-slvrtc37xhmsiqr3kv3qvbr6ojis7-emociones-no-pasan-sino-que-las-construimos\/#primaryimage\",\"url\":\"https:\/\/unedpamplona.es\/wp-content\/uploads\/2024\/04\/mq2.webp\",\"contentUrl\":\"https:\/\/unedpamplona.es\/wp-content\/uploads\/2024\/04\/mq2.webp\",\"width\":320,\"height\":180},{\"@type\":\"WebSite\",\"@id\":\"https:\/\/unedpamplona.es\/eu\/#website\",\"url\":\"https:\/\/unedpamplona.es\/eu\/\",\"name\":\"UNED Pamplona\",\"description\":\"\",\"publisher\":{\"@id\":\"https:\/\/unedpamplona.es\/eu\/#organization\"},\"potentialAction\":[{\"@type\":\"SearchAction\",\"target\":{\"@type\":\"EntryPoint\",\"urlTemplate\":\"https:\/\/unedpamplona.es\/eu\/?s={search_term_string}\"},\"query-input\":\"required name=search_term_string\"}],\"inLanguage\":\"eu-ES\"},{\"@type\":\"Organization\",\"@id\":\"https:\/\/unedpamplona.es\/eu\/#organization\",\"name\":\"UNED Pamplona\",\"url\":\"https:\/\/unedpamplona.es\/eu\/\",\"logo\":{\"@type\":\"ImageObject\",\"inLanguage\":\"eu-ES\",\"@id\":\"https:\/\/unedpamplona.es\/eu\/#\/schema\/logo\/image\/\",\"url\":\"https:\/\/unedpamplona.es\/wp-content\/uploads\/2024\/02\/uned_pamplona_logo.png\",\"contentUrl\":\"https:\/\/unedpamplona.es\/wp-content\/uploads\/2024\/02\/uned_pamplona_logo.png\",\"width\":218,\"height\":104,\"caption\":\"UNED Pamplona\"},\"image\":{\"@id\":\"https:\/\/unedpamplona.es\/eu\/#\/schema\/logo\/image\/\"},\"sameAs\":[\"https:\/\/x.com\/unedpamplona\",\"https:\/\/www.youtube.com\/channel\/UCR2jc6TbCMAPnbcA17Z0wwg\",\"https:\/\/www.instagram.com\/unedpamplona\/\"]}]}<\/script>\n<!-- \/ Yoast SEO plugin. -->","yoast_head_json":{"title":"Juan Carlos P\u00e9rez Gonz\u00e1lez \"La inteligencia emocional es un asunto de inter\u00e9s social, educativo y de salud p\u00fablica\" - UNED Pamplona","robots":{"index":"index","follow":"follow","max-snippet":"max-snippet:-1","max-image-preview":"max-image-preview:large","max-video-preview":"max-video-preview:-1"},"canonical":"https:\/\/unedpamplona.es\/eu\/catedra\/lashttps-youtu-be-slvrtc37xhmsiqr3kv3qvbr6ojis7-emociones-no-pasan-sino-que-las-construimos\/","og_locale":"eu_ES","og_type":"article","og_title":"Juan Carlos P\u00e9rez Gonz\u00e1lez \"La inteligencia emocional es un asunto de inter\u00e9s social, educativo y de salud p\u00fablica\" - UNED Pamplona","og_description":"Juan Carlos P\u00e9rez Gonz\u00e1lez, Profesor Titular en Educaci\u00f3n UNED y Director Cient\u00edfico de la C\u00e1tedra de Inteligencia Emocional UNED Pamplona &#8211; Fundaci\u00f3n Caja Navarra, argumenta la importancia de la inteligencia emocional como una cuesti\u00f3n de inter\u00e9s p\u00fablico. &nbsp; Escucha la ENTREVISTA completa","og_url":"https:\/\/unedpamplona.es\/eu\/catedra\/lashttps-youtu-be-slvrtc37xhmsiqr3kv3qvbr6ojis7-emociones-no-pasan-sino-que-las-construimos\/","og_site_name":"UNED Pamplona","article_modified_time":"2026-01-19T11:14:07+00:00","og_image":[{"width":320,"height":180,"url":"https:\/\/unedpamplona.es\/wp-content\/uploads\/2024\/04\/mq2.webp","type":"image\/webp"}],"twitter_card":"summary_large_image","twitter_site":"@unedpamplona","twitter_misc":{"Est. reading time":"1 minute"},"schema":{"@context":"https:\/\/schema.org","@graph":[{"@type":"WebPage","@id":"https:\/\/unedpamplona.es\/eu\/catedra\/lashttps-youtu-be-slvrtc37xhmsiqr3kv3qvbr6ojis7-emociones-no-pasan-sino-que-las-construimos\/","url":"https:\/\/unedpamplona.es\/eu\/catedra\/lashttps-youtu-be-slvrtc37xhmsiqr3kv3qvbr6ojis7-emociones-no-pasan-sino-que-las-construimos\/","name":"Juan Carlos P\u00e9rez Gonz\u00e1lez \"La inteligencia emocional es un asunto de inter\u00e9s social, educativo y de salud p\u00fablica\" - UNED Pamplona","isPartOf":{"@id":"https:\/\/unedpamplona.es\/eu\/#website"},"primaryImageOfPage":{"@id":"https:\/\/unedpamplona.es\/eu\/catedra\/lashttps-youtu-be-slvrtc37xhmsiqr3kv3qvbr6ojis7-emociones-no-pasan-sino-que-las-construimos\/#primaryimage"},"image":{"@id":"https:\/\/unedpamplona.es\/eu\/catedra\/lashttps-youtu-be-slvrtc37xhmsiqr3kv3qvbr6ojis7-emociones-no-pasan-sino-que-las-construimos\/#primaryimage"},"thumbnailUrl":"https:\/\/unedpamplona.es\/wp-content\/uploads\/2024\/04\/mq2.webp","datePublished":"2025-11-01T12:56:52+00:00","dateModified":"2026-01-19T11:14:07+00:00","inLanguage":"eu-ES","potentialAction":[{"@type":"ReadAction","target":["https:\/\/unedpamplona.es\/eu\/catedra\/lashttps-youtu-be-slvrtc37xhmsiqr3kv3qvbr6ojis7-emociones-no-pasan-sino-que-las-construimos\/"]}]},{"@type":"ImageObject","inLanguage":"eu-ES","@id":"https:\/\/unedpamplona.es\/eu\/catedra\/lashttps-youtu-be-slvrtc37xhmsiqr3kv3qvbr6ojis7-emociones-no-pasan-sino-que-las-construimos\/#primaryimage","url":"https:\/\/unedpamplona.es\/wp-content\/uploads\/2024\/04\/mq2.webp","contentUrl":"https:\/\/unedpamplona.es\/wp-content\/uploads\/2024\/04\/mq2.webp","width":320,"height":180},{"@type":"WebSite","@id":"https:\/\/unedpamplona.es\/eu\/#website","url":"https:\/\/unedpamplona.es\/eu\/","name":"UNED Pamplona","description":"","publisher":{"@id":"https:\/\/unedpamplona.es\/eu\/#organization"},"potentialAction":[{"@type":"SearchAction","target":{"@type":"EntryPoint","urlTemplate":"https:\/\/unedpamplona.es\/eu\/?s={search_term_string}"},"query-input":"required name=search_term_string"}],"inLanguage":"eu-ES"},{"@type":"Organization","@id":"https:\/\/unedpamplona.es\/eu\/#organization","name":"UNED Pamplona","url":"https:\/\/unedpamplona.es\/eu\/","logo":{"@type":"ImageObject","inLanguage":"eu-ES","@id":"https:\/\/unedpamplona.es\/eu\/#\/schema\/logo\/image\/","url":"https:\/\/unedpamplona.es\/wp-content\/uploads\/2024\/02\/uned_pamplona_logo.png","contentUrl":"https:\/\/unedpamplona.es\/wp-content\/uploads\/2024\/02\/uned_pamplona_logo.png","width":218,"height":104,"caption":"UNED Pamplona"},"image":{"@id":"https:\/\/unedpamplona.es\/eu\/#\/schema\/logo\/image\/"},"sameAs":["https:\/\/x.com\/unedpamplona","https:\/\/www.youtube.com\/channel\/UCR2jc6TbCMAPnbcA17Z0wwg","https:\/\/www.instagram.com\/unedpamplona\/"]}]}},"_links":{"self":[{"href":"https:\/\/unedpamplona.es\/eu\/wp-json\/wp\/v2\/catedra\/1654"}],"collection":[{"href":"https:\/\/unedpamplona.es\/eu\/wp-json\/wp\/v2\/catedra"}],"about":[{"href":"https:\/\/unedpamplona.es\/eu\/wp-json\/wp\/v2\/types\/catedra"}],"wp:featuredmedia":[{"embeddable":true,"href":"https:\/\/unedpamplona.es\/eu\/wp-json\/wp\/v2\/media\/4426"}],"wp:attachment":[{"href":"https:\/\/unedpamplona.es\/eu\/wp-json\/wp\/v2\/media?parent=1654"}],"wp:term":[{"taxonomy":"tipo_de_recurso","embeddable":true,"href":"https:\/\/unedpamplona.es\/eu\/wp-json\/wp\/v2\/tipo_de_recurso?post=1654"}],"curies":[{"name":"wp","href":"https:\/\/api.w.org\/{rel}","templated":true}]}}