{"id":1655,"date":"2024-04-26T13:57:40","date_gmt":"2024-04-26T11:57:40","guid":{"rendered":"https:\/\/unedpamplona.es\/?post_type=catedra&#038;p=1655"},"modified":"2025-02-06T17:51:01","modified_gmt":"2025-02-06T16:51:01","slug":"ojala-consiguieramos-tener-ninos-alegres","status":"publish","type":"catedra","link":"https:\/\/unedpamplona.es\/eu\/catedra\/ojala-consiguieramos-tener-ninos-alegres\/","title":{"rendered":"El fil\u00f3sofo Jos\u00e9 Antonio Marina inaugur\u00f3 la C\u00e1tedra de Inteligencia Emocional"},"content":{"rendered":"<p>El fil\u00f3sofo, escritor e investigador,\u00a0<strong>Jos\u00e9 Antonio Marina<\/strong>, inaugur\u00f3 el pasado 12 de abril la C\u00e1tedra de Inteligencia Emocional de UNED Pamplona y Fundaci\u00f3n Caja Navarra. Marina ofreci\u00f3 una conferencia sobre Inteligencia Emocional en la que abord\u00f3 el mundo de los sentimientos. Aunque\u00a0ha sido desde\u00f1ado durante mucho tiempo por la psicolog\u00eda acad\u00e9mica, debido al hecho de ser demasiado subjetivo, sin embargo, el inter\u00e9s por este tema ha despertado curiosos pensamientos. Ya los pensadores cl\u00e1sicos inclu\u00edan la educaci\u00f3n de las emociones dentro del marco de la \u00e9tica, mientras que en la actualidad su marco supremo es el de la psicolog\u00eda.<\/p>\n<p>El fil\u00f3sofo se\u00f1al\u00f3 que cabr\u00eda defender una teor\u00eda de la inteligencia emocional que comience en la neurolog\u00eda y concluya en la \u00e9tica, planteando que es una gran equivocaci\u00f3n pretender resolver todos los problemas sentimentales reformul\u00e1ndolos en t\u00e9rminos psicol\u00f3gicos. De ah\u00ed que el paso desde el sentimiento\u00a0a la \u00e9tica sea la \u00fanica v\u00eda para la construcci\u00f3n de una sana autoestima que nos lleve a la solidaridad con los dem\u00e1s; y que, lejos de favorecer la indolencia, nos oriente hacia un comportamiento digno y noble. Todo un esbozo de lo que podr\u00eda ser esa culminaci\u00f3n \u00e9tica de la educaci\u00f3n sentimental.<\/p>\n<p>Las personas interesadas\u00a0pueden ver la conferencia en el Canal de YouTube de UNED Pamplona:<\/p>\n<p><strong><a href=\"https:\/\/www.youtube.com\/watch?v=7HX2ftYXL9c\">CONFERENCIA DE JOS\u00c9 ANTONIO MARINA: \u00abMapa de la situaci\u00f3n de la inteligencia\u00bb \u2013 YouTube<\/a><\/strong><\/p>\n<p>&nbsp;<\/p>\n","protected":false},"featured_media":6649,"template":"","tipo_de_recurso":[],"yoast_head":"<!-- This site is optimized with the Yoast SEO plugin v22.5 - https:\/\/yoast.com\/wordpress\/plugins\/seo\/ -->\n<title>El fil\u00f3sofo Jos\u00e9 Antonio Marina inaugur\u00f3 la C\u00e1tedra de Inteligencia Emocional - UNED Pamplona<\/title>\n<meta name=\"robots\" content=\"index, follow, max-snippet:-1, max-image-preview:large, max-video-preview:-1\" \/>\n<link rel=\"canonical\" href=\"https:\/\/unedpamplona.es\/eu\/catedra\/ojala-consiguieramos-tener-ninos-alegres\/\" \/>\n<meta property=\"og:locale\" content=\"eu_ES\" \/>\n<meta property=\"og:type\" content=\"article\" \/>\n<meta property=\"og:title\" content=\"El fil\u00f3sofo Jos\u00e9 Antonio Marina inaugur\u00f3 la C\u00e1tedra de Inteligencia Emocional - UNED Pamplona\" \/>\n<meta property=\"og:description\" content=\"El fil\u00f3sofo, escritor e investigador,\u00a0Jos\u00e9 Antonio Marina, inaugur\u00f3 el pasado 12 de abril la C\u00e1tedra de Inteligencia Emocional de UNED Pamplona y Fundaci\u00f3n Caja Navarra. Marina ofreci\u00f3 una conferencia sobre Inteligencia Emocional en la que abord\u00f3 el mundo de los sentimientos. Aunque\u00a0ha sido desde\u00f1ado durante mucho tiempo por la psicolog\u00eda acad\u00e9mica, debido al hecho de [&hellip;]\" \/>\n<meta property=\"og:url\" content=\"https:\/\/unedpamplona.es\/eu\/catedra\/ojala-consiguieramos-tener-ninos-alegres\/\" \/>\n<meta property=\"og:site_name\" content=\"UNED Pamplona\" \/>\n<meta property=\"article:modified_time\" content=\"2025-02-06T16:51:01+00:00\" \/>\n<meta property=\"og:image\" content=\"https:\/\/unedpamplona.es\/wp-content\/uploads\/2024\/04\/IPV_5445-scaled.jpg\" \/>\n\t<meta property=\"og:image:width\" content=\"2560\" \/>\n\t<meta property=\"og:image:height\" content=\"1707\" \/>\n\t<meta property=\"og:image:type\" content=\"image\/jpeg\" \/>\n<meta name=\"twitter:card\" content=\"summary_large_image\" \/>\n<meta name=\"twitter:site\" content=\"@unedpamplona\" \/>\n<meta name=\"twitter:label1\" content=\"Est. reading time\" \/>\n\t<meta name=\"twitter:data1\" content=\"2 minutes\" \/>\n<script type=\"application\/ld+json\" class=\"yoast-schema-graph\">{\"@context\":\"https:\/\/schema.org\",\"@graph\":[{\"@type\":\"WebPage\",\"@id\":\"https:\/\/unedpamplona.es\/eu\/catedra\/ojala-consiguieramos-tener-ninos-alegres\/\",\"url\":\"https:\/\/unedpamplona.es\/eu\/catedra\/ojala-consiguieramos-tener-ninos-alegres\/\",\"name\":\"El fil\u00f3sofo Jos\u00e9 Antonio Marina inaugur\u00f3 la C\u00e1tedra de Inteligencia Emocional - UNED Pamplona\",\"isPartOf\":{\"@id\":\"https:\/\/unedpamplona.es\/eu\/#website\"},\"primaryImageOfPage\":{\"@id\":\"https:\/\/unedpamplona.es\/eu\/catedra\/ojala-consiguieramos-tener-ninos-alegres\/#primaryimage\"},\"image\":{\"@id\":\"https:\/\/unedpamplona.es\/eu\/catedra\/ojala-consiguieramos-tener-ninos-alegres\/#primaryimage\"},\"thumbnailUrl\":\"https:\/\/unedpamplona.es\/wp-content\/uploads\/2024\/04\/IPV_5445-scaled.jpg\",\"datePublished\":\"2024-04-26T11:57:40+00:00\",\"dateModified\":\"2025-02-06T16:51:01+00:00\",\"inLanguage\":\"eu-ES\",\"potentialAction\":[{\"@type\":\"ReadAction\",\"target\":[\"https:\/\/unedpamplona.es\/eu\/catedra\/ojala-consiguieramos-tener-ninos-alegres\/\"]}]},{\"@type\":\"ImageObject\",\"inLanguage\":\"eu-ES\",\"@id\":\"https:\/\/unedpamplona.es\/eu\/catedra\/ojala-consiguieramos-tener-ninos-alegres\/#primaryimage\",\"url\":\"https:\/\/unedpamplona.es\/wp-content\/uploads\/2024\/04\/IPV_5445-scaled.jpg\",\"contentUrl\":\"https:\/\/unedpamplona.es\/wp-content\/uploads\/2024\/04\/IPV_5445-scaled.jpg\",\"width\":2560,\"height\":1707,\"caption\":\"Jos\u00e9 Antonio Marina inaugura las actividades de la c\u00e1tedra de Inteligencia Emocional.\"},{\"@type\":\"WebSite\",\"@id\":\"https:\/\/unedpamplona.es\/eu\/#website\",\"url\":\"https:\/\/unedpamplona.es\/eu\/\",\"name\":\"UNED Pamplona\",\"description\":\"\",\"publisher\":{\"@id\":\"https:\/\/unedpamplona.es\/eu\/#organization\"},\"potentialAction\":[{\"@type\":\"SearchAction\",\"target\":{\"@type\":\"EntryPoint\",\"urlTemplate\":\"https:\/\/unedpamplona.es\/eu\/?s={search_term_string}\"},\"query-input\":\"required name=search_term_string\"}],\"inLanguage\":\"eu-ES\"},{\"@type\":\"Organization\",\"@id\":\"https:\/\/unedpamplona.es\/eu\/#organization\",\"name\":\"UNED Pamplona\",\"url\":\"https:\/\/unedpamplona.es\/eu\/\",\"logo\":{\"@type\":\"ImageObject\",\"inLanguage\":\"eu-ES\",\"@id\":\"https:\/\/unedpamplona.es\/eu\/#\/schema\/logo\/image\/\",\"url\":\"https:\/\/unedpamplona.es\/wp-content\/uploads\/2024\/02\/uned_pamplona_logo.png\",\"contentUrl\":\"https:\/\/unedpamplona.es\/wp-content\/uploads\/2024\/02\/uned_pamplona_logo.png\",\"width\":218,\"height\":104,\"caption\":\"UNED Pamplona\"},\"image\":{\"@id\":\"https:\/\/unedpamplona.es\/eu\/#\/schema\/logo\/image\/\"},\"sameAs\":[\"https:\/\/x.com\/unedpamplona\",\"https:\/\/www.youtube.com\/channel\/UCR2jc6TbCMAPnbcA17Z0wwg\",\"https:\/\/www.instagram.com\/unedpamplona\/\"]}]}<\/script>\n<!-- \/ Yoast SEO plugin. -->","yoast_head_json":{"title":"El fil\u00f3sofo Jos\u00e9 Antonio Marina inaugur\u00f3 la C\u00e1tedra de Inteligencia Emocional - UNED Pamplona","robots":{"index":"index","follow":"follow","max-snippet":"max-snippet:-1","max-image-preview":"max-image-preview:large","max-video-preview":"max-video-preview:-1"},"canonical":"https:\/\/unedpamplona.es\/eu\/catedra\/ojala-consiguieramos-tener-ninos-alegres\/","og_locale":"eu_ES","og_type":"article","og_title":"El fil\u00f3sofo Jos\u00e9 Antonio Marina inaugur\u00f3 la C\u00e1tedra de Inteligencia Emocional - UNED Pamplona","og_description":"El fil\u00f3sofo, escritor e investigador,\u00a0Jos\u00e9 Antonio Marina, inaugur\u00f3 el pasado 12 de abril la C\u00e1tedra de Inteligencia Emocional de UNED Pamplona y Fundaci\u00f3n Caja Navarra. Marina ofreci\u00f3 una conferencia sobre Inteligencia Emocional en la que abord\u00f3 el mundo de los sentimientos. Aunque\u00a0ha sido desde\u00f1ado durante mucho tiempo por la psicolog\u00eda acad\u00e9mica, debido al hecho de [&hellip;]","og_url":"https:\/\/unedpamplona.es\/eu\/catedra\/ojala-consiguieramos-tener-ninos-alegres\/","og_site_name":"UNED Pamplona","article_modified_time":"2025-02-06T16:51:01+00:00","og_image":[{"width":2560,"height":1707,"url":"https:\/\/unedpamplona.es\/wp-content\/uploads\/2024\/04\/IPV_5445-scaled.jpg","type":"image\/jpeg"}],"twitter_card":"summary_large_image","twitter_site":"@unedpamplona","twitter_misc":{"Est. reading time":"2 minutes"},"schema":{"@context":"https:\/\/schema.org","@graph":[{"@type":"WebPage","@id":"https:\/\/unedpamplona.es\/eu\/catedra\/ojala-consiguieramos-tener-ninos-alegres\/","url":"https:\/\/unedpamplona.es\/eu\/catedra\/ojala-consiguieramos-tener-ninos-alegres\/","name":"El fil\u00f3sofo Jos\u00e9 Antonio Marina inaugur\u00f3 la C\u00e1tedra de Inteligencia Emocional - UNED Pamplona","isPartOf":{"@id":"https:\/\/unedpamplona.es\/eu\/#website"},"primaryImageOfPage":{"@id":"https:\/\/unedpamplona.es\/eu\/catedra\/ojala-consiguieramos-tener-ninos-alegres\/#primaryimage"},"image":{"@id":"https:\/\/unedpamplona.es\/eu\/catedra\/ojala-consiguieramos-tener-ninos-alegres\/#primaryimage"},"thumbnailUrl":"https:\/\/unedpamplona.es\/wp-content\/uploads\/2024\/04\/IPV_5445-scaled.jpg","datePublished":"2024-04-26T11:57:40+00:00","dateModified":"2025-02-06T16:51:01+00:00","inLanguage":"eu-ES","potentialAction":[{"@type":"ReadAction","target":["https:\/\/unedpamplona.es\/eu\/catedra\/ojala-consiguieramos-tener-ninos-alegres\/"]}]},{"@type":"ImageObject","inLanguage":"eu-ES","@id":"https:\/\/unedpamplona.es\/eu\/catedra\/ojala-consiguieramos-tener-ninos-alegres\/#primaryimage","url":"https:\/\/unedpamplona.es\/wp-content\/uploads\/2024\/04\/IPV_5445-scaled.jpg","contentUrl":"https:\/\/unedpamplona.es\/wp-content\/uploads\/2024\/04\/IPV_5445-scaled.jpg","width":2560,"height":1707,"caption":"Jos\u00e9 Antonio Marina inaugura las actividades de la c\u00e1tedra de Inteligencia Emocional."},{"@type":"WebSite","@id":"https:\/\/unedpamplona.es\/eu\/#website","url":"https:\/\/unedpamplona.es\/eu\/","name":"UNED Pamplona","description":"","publisher":{"@id":"https:\/\/unedpamplona.es\/eu\/#organization"},"potentialAction":[{"@type":"SearchAction","target":{"@type":"EntryPoint","urlTemplate":"https:\/\/unedpamplona.es\/eu\/?s={search_term_string}"},"query-input":"required name=search_term_string"}],"inLanguage":"eu-ES"},{"@type":"Organization","@id":"https:\/\/unedpamplona.es\/eu\/#organization","name":"UNED Pamplona","url":"https:\/\/unedpamplona.es\/eu\/","logo":{"@type":"ImageObject","inLanguage":"eu-ES","@id":"https:\/\/unedpamplona.es\/eu\/#\/schema\/logo\/image\/","url":"https:\/\/unedpamplona.es\/wp-content\/uploads\/2024\/02\/uned_pamplona_logo.png","contentUrl":"https:\/\/unedpamplona.es\/wp-content\/uploads\/2024\/02\/uned_pamplona_logo.png","width":218,"height":104,"caption":"UNED Pamplona"},"image":{"@id":"https:\/\/unedpamplona.es\/eu\/#\/schema\/logo\/image\/"},"sameAs":["https:\/\/x.com\/unedpamplona","https:\/\/www.youtube.com\/channel\/UCR2jc6TbCMAPnbcA17Z0wwg","https:\/\/www.instagram.com\/unedpamplona\/"]}]}},"_links":{"self":[{"href":"https:\/\/unedpamplona.es\/eu\/wp-json\/wp\/v2\/catedra\/1655"}],"collection":[{"href":"https:\/\/unedpamplona.es\/eu\/wp-json\/wp\/v2\/catedra"}],"about":[{"href":"https:\/\/unedpamplona.es\/eu\/wp-json\/wp\/v2\/types\/catedra"}],"wp:featuredmedia":[{"embeddable":true,"href":"https:\/\/unedpamplona.es\/eu\/wp-json\/wp\/v2\/media\/6649"}],"wp:attachment":[{"href":"https:\/\/unedpamplona.es\/eu\/wp-json\/wp\/v2\/media?parent=1655"}],"wp:term":[{"taxonomy":"tipo_de_recurso","embeddable":true,"href":"https:\/\/unedpamplona.es\/eu\/wp-json\/wp\/v2\/tipo_de_recurso?post=1655"}],"curies":[{"name":"wp","href":"https:\/\/api.w.org\/{rel}","templated":true}]}}