{"id":18401,"date":"2026-04-01T13:41:28","date_gmt":"2026-04-01T11:41:28","guid":{"rendered":"https:\/\/unedpamplona.es\/?post_type=catedra&#038;p=18401"},"modified":"2026-04-01T13:41:28","modified_gmt":"2026-04-01T11:41:28","slug":"conferencia-gestion-emocional-en-casos-de-violencia-de-genero","status":"publish","type":"catedra","link":"https:\/\/unedpamplona.es\/eu\/catedra\/conferencia-gestion-emocional-en-casos-de-violencia-de-genero\/","title":{"rendered":"Conferencia: \u201cGesti\u00f3n emocional en casos de violencia de g\u00e9nero\u201d"},"content":{"rendered":"<p>La violencia de g\u00e9nero en el \u00e1mbito de la pareja constituye un problema social de m\u00e1xima relevancia, con un profundo impacto en la salud f\u00edsica, mental y emocional de las mujeres que la padecen.<\/p>\n<p>Por este motivo, la gesti\u00f3n emocional en situaciones de violencia contra las mujeres debe abordarse mediante intervenciones integrales, sensibles al trauma y plenamente contextualizadas en la realidad social y personal de las mujeres afectadas.<\/p>\n<p><span class=\"ponente\">Imparte: Mar\u00eda Crespo L\u00f3pez<\/span>\u00a0<span class=\"cargo\"><span class=\"cargo_ponente\">Catedr\u00e1tica de psicolog\u00eda cl\u00ednica por la Universidad Complutense de Madrid<\/span><\/span><\/p>\n<div>Lugar y fechas:<\/div>\n<ul>\n<li><strong>23 de abril<\/strong> de 2026, de 19:00 a 20:30 h.<\/li>\n<li>AULA MAGNA UNED Pamplona<\/li>\n<li>Online o presencial<\/li>\n<\/ul>\n<p><strong>MATR\u00cdCULA GRATUITA: <a href=\"https:\/\/unedpamplona.es\/gestion-emocional-en-casos-de-violencia-de-genero\/\">El 23 de abril, conferencia &#8220;Gesti\u00f3n emocional en casos de violencia de g\u00e9nero&#8221; &#8211; UNED Pamplona<\/a><\/strong><\/p>\n<p>&nbsp;<\/p>\n","protected":false},"featured_media":18358,"template":"","tipo_de_recurso":[],"yoast_head":"<!-- This site is optimized with the Yoast SEO plugin v22.5 - https:\/\/yoast.com\/wordpress\/plugins\/seo\/ -->\n<title>Conferencia: \u201cGesti\u00f3n emocional en casos de violencia de g\u00e9nero\u201d - UNED Pamplona<\/title>\n<meta name=\"robots\" content=\"index, follow, max-snippet:-1, max-image-preview:large, max-video-preview:-1\" \/>\n<link rel=\"canonical\" href=\"https:\/\/unedpamplona.es\/eu\/catedra\/conferencia-gestion-emocional-en-casos-de-violencia-de-genero\/\" \/>\n<meta property=\"og:locale\" content=\"eu_ES\" \/>\n<meta property=\"og:type\" content=\"article\" \/>\n<meta property=\"og:title\" content=\"Conferencia: \u201cGesti\u00f3n emocional en casos de violencia de g\u00e9nero\u201d - UNED Pamplona\" \/>\n<meta property=\"og:description\" content=\"La violencia de g\u00e9nero en el \u00e1mbito de la pareja constituye un problema social de m\u00e1xima relevancia, con un profundo impacto en la salud f\u00edsica, mental y emocional de las mujeres que la padecen. Por este motivo, la gesti\u00f3n emocional en situaciones de violencia contra las mujeres debe abordarse mediante intervenciones integrales, sensibles al trauma [&hellip;]\" \/>\n<meta property=\"og:url\" content=\"https:\/\/unedpamplona.es\/eu\/catedra\/conferencia-gestion-emocional-en-casos-de-violencia-de-genero\/\" \/>\n<meta property=\"og:site_name\" content=\"UNED Pamplona\" \/>\n<meta property=\"og:image\" content=\"https:\/\/unedpamplona.es\/wp-content\/uploads\/2026\/04\/violenciagenero.jpeg\" \/>\n\t<meta property=\"og:image:width\" content=\"1163\" \/>\n\t<meta property=\"og:image:height\" content=\"490\" \/>\n\t<meta property=\"og:image:type\" content=\"image\/jpeg\" \/>\n<meta name=\"twitter:card\" content=\"summary_large_image\" \/>\n<meta name=\"twitter:site\" content=\"@unedpamplona\" \/>\n<meta name=\"twitter:label1\" content=\"Est. reading time\" \/>\n\t<meta name=\"twitter:data1\" content=\"1 minute\" \/>\n<script type=\"application\/ld+json\" class=\"yoast-schema-graph\">{\"@context\":\"https:\/\/schema.org\",\"@graph\":[{\"@type\":\"WebPage\",\"@id\":\"https:\/\/unedpamplona.es\/eu\/catedra\/conferencia-gestion-emocional-en-casos-de-violencia-de-genero\/\",\"url\":\"https:\/\/unedpamplona.es\/eu\/catedra\/conferencia-gestion-emocional-en-casos-de-violencia-de-genero\/\",\"name\":\"Conferencia: \u201cGesti\u00f3n emocional en casos de violencia de g\u00e9nero\u201d - UNED Pamplona\",\"isPartOf\":{\"@id\":\"https:\/\/unedpamplona.es\/eu\/#website\"},\"primaryImageOfPage\":{\"@id\":\"https:\/\/unedpamplona.es\/eu\/catedra\/conferencia-gestion-emocional-en-casos-de-violencia-de-genero\/#primaryimage\"},\"image\":{\"@id\":\"https:\/\/unedpamplona.es\/eu\/catedra\/conferencia-gestion-emocional-en-casos-de-violencia-de-genero\/#primaryimage\"},\"thumbnailUrl\":\"https:\/\/unedpamplona.es\/wp-content\/uploads\/2026\/04\/violenciagenero.jpeg\",\"datePublished\":\"2026-04-01T11:41:28+00:00\",\"dateModified\":\"2026-04-01T11:41:28+00:00\",\"inLanguage\":\"eu-ES\",\"potentialAction\":[{\"@type\":\"ReadAction\",\"target\":[\"https:\/\/unedpamplona.es\/eu\/catedra\/conferencia-gestion-emocional-en-casos-de-violencia-de-genero\/\"]}]},{\"@type\":\"ImageObject\",\"inLanguage\":\"eu-ES\",\"@id\":\"https:\/\/unedpamplona.es\/eu\/catedra\/conferencia-gestion-emocional-en-casos-de-violencia-de-genero\/#primaryimage\",\"url\":\"https:\/\/unedpamplona.es\/wp-content\/uploads\/2026\/04\/violenciagenero.jpeg\",\"contentUrl\":\"https:\/\/unedpamplona.es\/wp-content\/uploads\/2026\/04\/violenciagenero.jpeg\",\"width\":1163,\"height\":490},{\"@type\":\"WebSite\",\"@id\":\"https:\/\/unedpamplona.es\/eu\/#website\",\"url\":\"https:\/\/unedpamplona.es\/eu\/\",\"name\":\"UNED Pamplona\",\"description\":\"\",\"publisher\":{\"@id\":\"https:\/\/unedpamplona.es\/eu\/#organization\"},\"potentialAction\":[{\"@type\":\"SearchAction\",\"target\":{\"@type\":\"EntryPoint\",\"urlTemplate\":\"https:\/\/unedpamplona.es\/eu\/?s={search_term_string}\"},\"query-input\":\"required name=search_term_string\"}],\"inLanguage\":\"eu-ES\"},{\"@type\":\"Organization\",\"@id\":\"https:\/\/unedpamplona.es\/eu\/#organization\",\"name\":\"UNED Pamplona\",\"url\":\"https:\/\/unedpamplona.es\/eu\/\",\"logo\":{\"@type\":\"ImageObject\",\"inLanguage\":\"eu-ES\",\"@id\":\"https:\/\/unedpamplona.es\/eu\/#\/schema\/logo\/image\/\",\"url\":\"https:\/\/unedpamplona.es\/wp-content\/uploads\/2024\/02\/uned_pamplona_logo.png\",\"contentUrl\":\"https:\/\/unedpamplona.es\/wp-content\/uploads\/2024\/02\/uned_pamplona_logo.png\",\"width\":218,\"height\":104,\"caption\":\"UNED Pamplona\"},\"image\":{\"@id\":\"https:\/\/unedpamplona.es\/eu\/#\/schema\/logo\/image\/\"},\"sameAs\":[\"https:\/\/x.com\/unedpamplona\",\"https:\/\/www.youtube.com\/channel\/UCR2jc6TbCMAPnbcA17Z0wwg\",\"https:\/\/www.instagram.com\/unedpamplona\/\"]}]}<\/script>\n<!-- \/ Yoast SEO plugin. -->","yoast_head_json":{"title":"Conferencia: \u201cGesti\u00f3n emocional en casos de violencia de g\u00e9nero\u201d - UNED Pamplona","robots":{"index":"index","follow":"follow","max-snippet":"max-snippet:-1","max-image-preview":"max-image-preview:large","max-video-preview":"max-video-preview:-1"},"canonical":"https:\/\/unedpamplona.es\/eu\/catedra\/conferencia-gestion-emocional-en-casos-de-violencia-de-genero\/","og_locale":"eu_ES","og_type":"article","og_title":"Conferencia: \u201cGesti\u00f3n emocional en casos de violencia de g\u00e9nero\u201d - UNED Pamplona","og_description":"La violencia de g\u00e9nero en el \u00e1mbito de la pareja constituye un problema social de m\u00e1xima relevancia, con un profundo impacto en la salud f\u00edsica, mental y emocional de las mujeres que la padecen. Por este motivo, la gesti\u00f3n emocional en situaciones de violencia contra las mujeres debe abordarse mediante intervenciones integrales, sensibles al trauma [&hellip;]","og_url":"https:\/\/unedpamplona.es\/eu\/catedra\/conferencia-gestion-emocional-en-casos-de-violencia-de-genero\/","og_site_name":"UNED Pamplona","og_image":[{"width":1163,"height":490,"url":"https:\/\/unedpamplona.es\/wp-content\/uploads\/2026\/04\/violenciagenero.jpeg","type":"image\/jpeg"}],"twitter_card":"summary_large_image","twitter_site":"@unedpamplona","twitter_misc":{"Est. reading time":"1 minute"},"schema":{"@context":"https:\/\/schema.org","@graph":[{"@type":"WebPage","@id":"https:\/\/unedpamplona.es\/eu\/catedra\/conferencia-gestion-emocional-en-casos-de-violencia-de-genero\/","url":"https:\/\/unedpamplona.es\/eu\/catedra\/conferencia-gestion-emocional-en-casos-de-violencia-de-genero\/","name":"Conferencia: \u201cGesti\u00f3n emocional en casos de violencia de g\u00e9nero\u201d - UNED Pamplona","isPartOf":{"@id":"https:\/\/unedpamplona.es\/eu\/#website"},"primaryImageOfPage":{"@id":"https:\/\/unedpamplona.es\/eu\/catedra\/conferencia-gestion-emocional-en-casos-de-violencia-de-genero\/#primaryimage"},"image":{"@id":"https:\/\/unedpamplona.es\/eu\/catedra\/conferencia-gestion-emocional-en-casos-de-violencia-de-genero\/#primaryimage"},"thumbnailUrl":"https:\/\/unedpamplona.es\/wp-content\/uploads\/2026\/04\/violenciagenero.jpeg","datePublished":"2026-04-01T11:41:28+00:00","dateModified":"2026-04-01T11:41:28+00:00","inLanguage":"eu-ES","potentialAction":[{"@type":"ReadAction","target":["https:\/\/unedpamplona.es\/eu\/catedra\/conferencia-gestion-emocional-en-casos-de-violencia-de-genero\/"]}]},{"@type":"ImageObject","inLanguage":"eu-ES","@id":"https:\/\/unedpamplona.es\/eu\/catedra\/conferencia-gestion-emocional-en-casos-de-violencia-de-genero\/#primaryimage","url":"https:\/\/unedpamplona.es\/wp-content\/uploads\/2026\/04\/violenciagenero.jpeg","contentUrl":"https:\/\/unedpamplona.es\/wp-content\/uploads\/2026\/04\/violenciagenero.jpeg","width":1163,"height":490},{"@type":"WebSite","@id":"https:\/\/unedpamplona.es\/eu\/#website","url":"https:\/\/unedpamplona.es\/eu\/","name":"UNED Pamplona","description":"","publisher":{"@id":"https:\/\/unedpamplona.es\/eu\/#organization"},"potentialAction":[{"@type":"SearchAction","target":{"@type":"EntryPoint","urlTemplate":"https:\/\/unedpamplona.es\/eu\/?s={search_term_string}"},"query-input":"required name=search_term_string"}],"inLanguage":"eu-ES"},{"@type":"Organization","@id":"https:\/\/unedpamplona.es\/eu\/#organization","name":"UNED Pamplona","url":"https:\/\/unedpamplona.es\/eu\/","logo":{"@type":"ImageObject","inLanguage":"eu-ES","@id":"https:\/\/unedpamplona.es\/eu\/#\/schema\/logo\/image\/","url":"https:\/\/unedpamplona.es\/wp-content\/uploads\/2024\/02\/uned_pamplona_logo.png","contentUrl":"https:\/\/unedpamplona.es\/wp-content\/uploads\/2024\/02\/uned_pamplona_logo.png","width":218,"height":104,"caption":"UNED Pamplona"},"image":{"@id":"https:\/\/unedpamplona.es\/eu\/#\/schema\/logo\/image\/"},"sameAs":["https:\/\/x.com\/unedpamplona","https:\/\/www.youtube.com\/channel\/UCR2jc6TbCMAPnbcA17Z0wwg","https:\/\/www.instagram.com\/unedpamplona\/"]}]}},"_links":{"self":[{"href":"https:\/\/unedpamplona.es\/eu\/wp-json\/wp\/v2\/catedra\/18401"}],"collection":[{"href":"https:\/\/unedpamplona.es\/eu\/wp-json\/wp\/v2\/catedra"}],"about":[{"href":"https:\/\/unedpamplona.es\/eu\/wp-json\/wp\/v2\/types\/catedra"}],"wp:featuredmedia":[{"embeddable":true,"href":"https:\/\/unedpamplona.es\/eu\/wp-json\/wp\/v2\/media\/18358"}],"wp:attachment":[{"href":"https:\/\/unedpamplona.es\/eu\/wp-json\/wp\/v2\/media?parent=18401"}],"wp:term":[{"taxonomy":"tipo_de_recurso","embeddable":true,"href":"https:\/\/unedpamplona.es\/eu\/wp-json\/wp\/v2\/tipo_de_recurso?post=18401"}],"curies":[{"name":"wp","href":"https:\/\/api.w.org\/{rel}","templated":true}]}}