{"id":6637,"date":"2024-11-05T16:24:25","date_gmt":"2024-11-05T15:24:25","guid":{"rendered":"https:\/\/unedpamplona.es\/?post_type=catedra&#038;p=6637"},"modified":"2025-03-07T13:05:33","modified_gmt":"2025-03-07T12:05:33","slug":"ciclo-de-conferencias","status":"publish","type":"catedra","link":"https:\/\/unedpamplona.es\/eu\/catedra\/ciclo-de-conferencias\/","title":{"rendered":"Ciclo de conferencias sobre la inteligencia emocional y el tratamiento del c\u00e1ncer"},"content":{"rendered":"<p>La C\u00e1tedra de Inteligencia Emocional UNED Pamplona &#8211; Fundaci\u00f3n Caja Navarra impartir\u00e1 a lo largo del mes de febrero tres conferencias relacionadas con el c\u00e1ncer<\/p>\n<p>&nbsp;<\/p>\n<p><strong>1. Conferencia: \u201cInteligencia emocional y afrontamiento del c\u00e1ncer\u201d<\/strong><\/p>\n<div class=\"elementor-element elementor-element-93e3ed0 elementor-widget elementor-widget-theme-post-content\" data-id=\"93e3ed0\" data-element_type=\"widget\" data-widget_type=\"theme-post-content.default\">\n<div class=\"elementor-widget-container\">\n<p><strong>Martes, 11 de febrero<\/strong>\u00a0de 2025, de <strong>19:00 a 20:30<\/strong> horas<\/p>\n<p><strong>Programa:<\/strong><\/p>\n<p><span class=\"h\">19:00-20:30 h.<\/span>\u00a0<span class=\"t color_b3\">Inteligencia emocional y tratamiento del c\u00e1ncer.\u00a0<\/span>El diagn\u00f3stico del c\u00e1ncer es un hecho que modifica toda nuestra vida. Las pruebas diagn\u00f3sticas previas, el desconocimiento del alcance final de la enfermedad con met\u00e1stasis o no, las intervenciones quir\u00fargicas, los tratamientos de radio y\/o quimio son eventos para los que normalmente no estamos preparados. Las consecuencias son de sobras conocidas: sentimientos personales que nos inhabilitan para llevar una vida como antes; afecciones en las relaciones sociales con la familia, consecuencias laborales o el aislamiento de los amigos y amigas.<\/p>\n<\/div>\n<p><span class=\"ponente\">Imparte:<strong>\u00a0Carlos Hue Garc\u00eda,\u00a0<\/strong>D<\/span><span class=\"cargo\"><span class=\"cargo_ponente\">octor en Ciencias de la Educaci\u00f3n, Psic\u00f3logo y pedagogo.<\/span><\/span><\/p>\n<div class=\"elementor-widget-container\">\n<p>Esta actividad permite al estudiante participar con asistencia presencial o asistencia online en directo o en diferido, sin necesidad de ir al centro.<\/p>\n<p><a href=\"https:\/\/extension.uned.es\/actividad\/42129&amp;codigo=GDEYC\"><strong>Matr\u00edcula online gratuita<\/strong><\/a><\/p>\n<\/div>\n<\/div>\n<p>&nbsp;<\/p>\n<p><strong>2. Conferencia: &#8220;Gesti\u00f3n de emociones con c\u00e1ncer de mama\u201d<\/strong><\/p>\n<div class=\"cajasActividad\">\n<p><strong>Martes, 18 de febrero<\/strong>\u00a0de 2025, de <strong>19:00 a 20:30<\/strong> horas<\/p>\n<p><strong>Programa:<\/strong><\/p>\n<p><strong><span class=\"h\">19:00-19:30 h.<\/span><\/strong>\u00a0<span class=\"t color_b3\">Impacto de la Inteligencia Emocional y la Resiliencia en la reincorporaci\u00f3n laboral de supervivientes de c\u00e1ncer de mama.<\/span><\/p>\n<p>Muchas mujeres no logran reincorporarse a sus empleos debido a comorbilidades f\u00edsicas y psicol\u00f3gicas derivadas de la enfermedad y la quimioterapia. Este impacto en la empleabilidad resulta una carga econ\u00f3mica significativa, dado que la mayor\u00eda de los diagn\u00f3sticos ocurren en mujeres en edad laboral. En Espa\u00f1a, el 76% de las bajas iniciales por c\u00e1ncer de mama duran m\u00e1s de un a\u00f1o, y el 18% se convierten en incapacidad permanente. A pesar de estas dificultades, muchas supervivientes consideran que el regreso al trabajo es crucial para su recuperaci\u00f3n, pues mejora su bienestar general, les proporciona seguridad financiera y les da una sensaci\u00f3n de control.<\/p>\n<p><span class=\"ponente\">Imparte: <strong>Roc\u00edo Guil Bozal, <\/strong><\/span><span class=\"cargo\"><span class=\"cargo_ponente\">Doctora Catedr\u00e1tica de E.U de Psicolog\u00eda Social. Universidad de C\u00e1diz. Personal docente e investigadora.<\/span><\/span><\/p>\n<p><strong><span class=\"h\">19:30-20:00 h.<\/span><\/strong>\u00a0<span class=\"t color_b3\">Gesti\u00f3n de emociones en mujeres con c\u00e1ncer de mama.\u00a0<\/span><\/p>\n<p>El c\u00e1ncer de mama no solo es una experiencia f\u00edsica, sino tambi\u00e9n un desaf\u00edo emocional profundo. Las mujeres enfrentan una monta\u00f1a rusa de sentimientos como el miedo, la tristeza, la ansiedad, e incluso la ira, derivados tanto de la propia palabra y lo que ello conlleva como del diagn\u00f3stico como del tratamiento. En esta ponencia vamos a abordar c\u00f3mo gestionar estas emociones para mejorar la calidad de vida durante y despu\u00e9s del proceso oncol\u00f3gico.<\/p>\n<p><span class=\"ponente\">Imparte: <strong>Yaki Hern\u00e1ndez Bonafonte, p<\/strong><\/span><span class=\"cargo\"><span class=\"cargo_ponente\">sicoonc\u00f3loga \/ Directora t\u00e9cnica<\/span><\/span><\/p>\n<p><strong><span class=\"h\">20:00-20:30 h.<\/span><\/strong>\u00a0<span class=\"t color_b3\">Mesa redonda y turno de preguntas<\/span><\/p>\n<p><span class=\"ponente\">Roc\u00edo Guil Bozal, <\/span><span class=\"cargo\"><span class=\"cargo_ponente\">Doctora Catedr\u00e1tica de E.U de Psicolog\u00eda Social. Universidad de C\u00e1diz. Personal docente e investigadora.<\/span><\/span><\/p>\n<p><span class=\"ponente\">Yaki Hern\u00e1ndez Bonafonte,<\/span>\u00a0<span class=\"cargo\"><span class=\"cargo_ponente\">Psicoonc\u00f3loga \/ Directora t\u00e9cnica<\/span><\/span><\/p>\n<\/div>\n<dl id=\"\">\n<dt><\/dt>\n<dt>\u2013 Asistencia presencial o asistencia online en directo o en diferido, sin necesidad de ir al centro.<\/dt>\n<dt><\/dt>\n<dt><\/dt>\n<dt><\/dt>\n<dt><\/dt>\n<dt><a href=\"https:\/\/extension.uned.es\/actividad\/42133&amp;codigo=CEEM\"><strong>Matr\u00edcula online gratuita\u00a0<\/strong><\/a><\/dt>\n<\/dl>\n<p>&nbsp;<\/p>\n<div><strong>\u00a03. Conferencia: \u201cEmociones ante el c\u00e1ncer de un familiar\u201d<\/strong><\/div>\n<div><\/div>\n<div><strong>Martes, 25 de febrero<\/strong>\u00a0de 2025, de <strong>19:00 a 20:30<\/strong> horas<\/div>\n<div class=\"cajasActividad\">\n<div class=\"cuadro bcolor_c1\">\n<p>Programa:<\/p>\n<\/div>\n<\/div>\n<div><span class=\"h\"><strong>19:00-20:30 h<\/strong>.<\/span>\u00a0<span class=\"t color_b3\">Emociones ante el c\u00e1ncer de un familiar.\u00a0<\/span>El c\u00e1ncer genera un importante sufrimiento psicol\u00f3gico que alcanza niveles de malestar emocional cl\u00ednico en casi la mitad de las personas que lo padecen y se acompa\u00f1a de trastornos psicopatol\u00f3gicos en m\u00e1s del 30% de los casos, lo que significa que estas personas precisan atenci\u00f3n psicol\u00f3gica especializada con una prevalencia superior a la de la poblaci\u00f3n general<\/div>\n<div><\/div>\n<div><span class=\"ponente\">Imparte: <strong>Marisa Villafranca Iturre, p<\/strong><\/span>sicoonc\u00f3loga.<\/div>\n<dl id=\"\">\n<dt>\u2013 Asistencia presencial o asistencia online en directo o en diferido, sin necesidad de ir al centro.<\/dt>\n<dt><\/dt>\n<dt><\/dt>\n<dt><\/dt>\n<dt><a href=\"https:\/\/extension.uned.es\/actividad\/42137&amp;codigo=CDCP\"><strong>Matr\u00edcula online gratuita<\/strong><\/a><\/dt>\n<\/dl>\n","protected":false},"featured_media":6322,"template":"","tipo_de_recurso":[9],"yoast_head":"<!-- This site is optimized with the Yoast SEO plugin v22.5 - https:\/\/yoast.com\/wordpress\/plugins\/seo\/ -->\n<title>Ciclo de conferencias sobre la inteligencia emocional y el tratamiento del c\u00e1ncer - UNED Pamplona<\/title>\n<meta name=\"robots\" content=\"index, follow, max-snippet:-1, max-image-preview:large, max-video-preview:-1\" \/>\n<link rel=\"canonical\" href=\"https:\/\/unedpamplona.es\/eu\/catedra\/ciclo-de-conferencias\/\" \/>\n<meta property=\"og:locale\" content=\"eu_ES\" \/>\n<meta property=\"og:type\" content=\"article\" \/>\n<meta property=\"og:title\" content=\"Ciclo de conferencias sobre la inteligencia emocional y el tratamiento del c\u00e1ncer - UNED Pamplona\" \/>\n<meta property=\"og:description\" content=\"La C\u00e1tedra de Inteligencia Emocional UNED Pamplona &#8211; Fundaci\u00f3n Caja Navarra impartir\u00e1 a lo largo del mes de febrero tres conferencias relacionadas con el c\u00e1ncer &nbsp; 1. Conferencia: \u201cInteligencia emocional y afrontamiento del c\u00e1ncer\u201d Martes, 11 de febrero\u00a0de 2025, de 19:00 a 20:30 horas Programa: 19:00-20:30 h.\u00a0Inteligencia emocional y tratamiento del c\u00e1ncer.\u00a0El diagn\u00f3stico del c\u00e1ncer [&hellip;]\" \/>\n<meta property=\"og:url\" content=\"https:\/\/unedpamplona.es\/eu\/catedra\/ciclo-de-conferencias\/\" \/>\n<meta property=\"og:site_name\" content=\"UNED Pamplona\" \/>\n<meta property=\"article:modified_time\" content=\"2025-03-07T12:05:33+00:00\" \/>\n<meta property=\"og:image\" content=\"https:\/\/unedpamplona.es\/wp-content\/uploads\/2025\/01\/Conferecniafamiliar-cancer-1.jpeg\" \/>\n\t<meta property=\"og:image:width\" content=\"1210\" \/>\n\t<meta property=\"og:image:height\" content=\"492\" \/>\n\t<meta property=\"og:image:type\" content=\"image\/jpeg\" \/>\n<meta name=\"twitter:card\" content=\"summary_large_image\" \/>\n<meta name=\"twitter:site\" content=\"@unedpamplona\" \/>\n<meta name=\"twitter:label1\" content=\"Est. reading time\" \/>\n\t<meta name=\"twitter:data1\" content=\"3 minutes\" \/>\n<script type=\"application\/ld+json\" class=\"yoast-schema-graph\">{\"@context\":\"https:\/\/schema.org\",\"@graph\":[{\"@type\":\"WebPage\",\"@id\":\"https:\/\/unedpamplona.es\/eu\/catedra\/ciclo-de-conferencias\/\",\"url\":\"https:\/\/unedpamplona.es\/eu\/catedra\/ciclo-de-conferencias\/\",\"name\":\"Ciclo de conferencias sobre la inteligencia emocional y el tratamiento del c\u00e1ncer - UNED Pamplona\",\"isPartOf\":{\"@id\":\"https:\/\/unedpamplona.es\/eu\/#website\"},\"primaryImageOfPage\":{\"@id\":\"https:\/\/unedpamplona.es\/eu\/catedra\/ciclo-de-conferencias\/#primaryimage\"},\"image\":{\"@id\":\"https:\/\/unedpamplona.es\/eu\/catedra\/ciclo-de-conferencias\/#primaryimage\"},\"thumbnailUrl\":\"https:\/\/unedpamplona.es\/wp-content\/uploads\/2025\/01\/Conferecniafamiliar-cancer-1.jpeg\",\"datePublished\":\"2024-11-05T15:24:25+00:00\",\"dateModified\":\"2025-03-07T12:05:33+00:00\",\"inLanguage\":\"eu-ES\",\"potentialAction\":[{\"@type\":\"ReadAction\",\"target\":[\"https:\/\/unedpamplona.es\/eu\/catedra\/ciclo-de-conferencias\/\"]}]},{\"@type\":\"ImageObject\",\"inLanguage\":\"eu-ES\",\"@id\":\"https:\/\/unedpamplona.es\/eu\/catedra\/ciclo-de-conferencias\/#primaryimage\",\"url\":\"https:\/\/unedpamplona.es\/wp-content\/uploads\/2025\/01\/Conferecniafamiliar-cancer-1.jpeg\",\"contentUrl\":\"https:\/\/unedpamplona.es\/wp-content\/uploads\/2025\/01\/Conferecniafamiliar-cancer-1.jpeg\",\"width\":1210,\"height\":492},{\"@type\":\"WebSite\",\"@id\":\"https:\/\/unedpamplona.es\/eu\/#website\",\"url\":\"https:\/\/unedpamplona.es\/eu\/\",\"name\":\"UNED Pamplona\",\"description\":\"\",\"publisher\":{\"@id\":\"https:\/\/unedpamplona.es\/eu\/#organization\"},\"potentialAction\":[{\"@type\":\"SearchAction\",\"target\":{\"@type\":\"EntryPoint\",\"urlTemplate\":\"https:\/\/unedpamplona.es\/eu\/?s={search_term_string}\"},\"query-input\":\"required name=search_term_string\"}],\"inLanguage\":\"eu-ES\"},{\"@type\":\"Organization\",\"@id\":\"https:\/\/unedpamplona.es\/eu\/#organization\",\"name\":\"UNED Pamplona\",\"url\":\"https:\/\/unedpamplona.es\/eu\/\",\"logo\":{\"@type\":\"ImageObject\",\"inLanguage\":\"eu-ES\",\"@id\":\"https:\/\/unedpamplona.es\/eu\/#\/schema\/logo\/image\/\",\"url\":\"https:\/\/unedpamplona.es\/wp-content\/uploads\/2024\/02\/uned_pamplona_logo.png\",\"contentUrl\":\"https:\/\/unedpamplona.es\/wp-content\/uploads\/2024\/02\/uned_pamplona_logo.png\",\"width\":218,\"height\":104,\"caption\":\"UNED Pamplona\"},\"image\":{\"@id\":\"https:\/\/unedpamplona.es\/eu\/#\/schema\/logo\/image\/\"},\"sameAs\":[\"https:\/\/x.com\/unedpamplona\",\"https:\/\/www.youtube.com\/channel\/UCR2jc6TbCMAPnbcA17Z0wwg\",\"https:\/\/www.instagram.com\/unedpamplona\/\"]}]}<\/script>\n<!-- \/ Yoast SEO plugin. -->","yoast_head_json":{"title":"Ciclo de conferencias sobre la inteligencia emocional y el tratamiento del c\u00e1ncer - UNED Pamplona","robots":{"index":"index","follow":"follow","max-snippet":"max-snippet:-1","max-image-preview":"max-image-preview:large","max-video-preview":"max-video-preview:-1"},"canonical":"https:\/\/unedpamplona.es\/eu\/catedra\/ciclo-de-conferencias\/","og_locale":"eu_ES","og_type":"article","og_title":"Ciclo de conferencias sobre la inteligencia emocional y el tratamiento del c\u00e1ncer - UNED Pamplona","og_description":"La C\u00e1tedra de Inteligencia Emocional UNED Pamplona &#8211; Fundaci\u00f3n Caja Navarra impartir\u00e1 a lo largo del mes de febrero tres conferencias relacionadas con el c\u00e1ncer &nbsp; 1. Conferencia: \u201cInteligencia emocional y afrontamiento del c\u00e1ncer\u201d Martes, 11 de febrero\u00a0de 2025, de 19:00 a 20:30 horas Programa: 19:00-20:30 h.\u00a0Inteligencia emocional y tratamiento del c\u00e1ncer.\u00a0El diagn\u00f3stico del c\u00e1ncer [&hellip;]","og_url":"https:\/\/unedpamplona.es\/eu\/catedra\/ciclo-de-conferencias\/","og_site_name":"UNED Pamplona","article_modified_time":"2025-03-07T12:05:33+00:00","og_image":[{"width":1210,"height":492,"url":"https:\/\/unedpamplona.es\/wp-content\/uploads\/2025\/01\/Conferecniafamiliar-cancer-1.jpeg","type":"image\/jpeg"}],"twitter_card":"summary_large_image","twitter_site":"@unedpamplona","twitter_misc":{"Est. reading time":"3 minutes"},"schema":{"@context":"https:\/\/schema.org","@graph":[{"@type":"WebPage","@id":"https:\/\/unedpamplona.es\/eu\/catedra\/ciclo-de-conferencias\/","url":"https:\/\/unedpamplona.es\/eu\/catedra\/ciclo-de-conferencias\/","name":"Ciclo de conferencias sobre la inteligencia emocional y el tratamiento del c\u00e1ncer - UNED Pamplona","isPartOf":{"@id":"https:\/\/unedpamplona.es\/eu\/#website"},"primaryImageOfPage":{"@id":"https:\/\/unedpamplona.es\/eu\/catedra\/ciclo-de-conferencias\/#primaryimage"},"image":{"@id":"https:\/\/unedpamplona.es\/eu\/catedra\/ciclo-de-conferencias\/#primaryimage"},"thumbnailUrl":"https:\/\/unedpamplona.es\/wp-content\/uploads\/2025\/01\/Conferecniafamiliar-cancer-1.jpeg","datePublished":"2024-11-05T15:24:25+00:00","dateModified":"2025-03-07T12:05:33+00:00","inLanguage":"eu-ES","potentialAction":[{"@type":"ReadAction","target":["https:\/\/unedpamplona.es\/eu\/catedra\/ciclo-de-conferencias\/"]}]},{"@type":"ImageObject","inLanguage":"eu-ES","@id":"https:\/\/unedpamplona.es\/eu\/catedra\/ciclo-de-conferencias\/#primaryimage","url":"https:\/\/unedpamplona.es\/wp-content\/uploads\/2025\/01\/Conferecniafamiliar-cancer-1.jpeg","contentUrl":"https:\/\/unedpamplona.es\/wp-content\/uploads\/2025\/01\/Conferecniafamiliar-cancer-1.jpeg","width":1210,"height":492},{"@type":"WebSite","@id":"https:\/\/unedpamplona.es\/eu\/#website","url":"https:\/\/unedpamplona.es\/eu\/","name":"UNED Pamplona","description":"","publisher":{"@id":"https:\/\/unedpamplona.es\/eu\/#organization"},"potentialAction":[{"@type":"SearchAction","target":{"@type":"EntryPoint","urlTemplate":"https:\/\/unedpamplona.es\/eu\/?s={search_term_string}"},"query-input":"required name=search_term_string"}],"inLanguage":"eu-ES"},{"@type":"Organization","@id":"https:\/\/unedpamplona.es\/eu\/#organization","name":"UNED Pamplona","url":"https:\/\/unedpamplona.es\/eu\/","logo":{"@type":"ImageObject","inLanguage":"eu-ES","@id":"https:\/\/unedpamplona.es\/eu\/#\/schema\/logo\/image\/","url":"https:\/\/unedpamplona.es\/wp-content\/uploads\/2024\/02\/uned_pamplona_logo.png","contentUrl":"https:\/\/unedpamplona.es\/wp-content\/uploads\/2024\/02\/uned_pamplona_logo.png","width":218,"height":104,"caption":"UNED Pamplona"},"image":{"@id":"https:\/\/unedpamplona.es\/eu\/#\/schema\/logo\/image\/"},"sameAs":["https:\/\/x.com\/unedpamplona","https:\/\/www.youtube.com\/channel\/UCR2jc6TbCMAPnbcA17Z0wwg","https:\/\/www.instagram.com\/unedpamplona\/"]}]}},"_links":{"self":[{"href":"https:\/\/unedpamplona.es\/eu\/wp-json\/wp\/v2\/catedra\/6637"}],"collection":[{"href":"https:\/\/unedpamplona.es\/eu\/wp-json\/wp\/v2\/catedra"}],"about":[{"href":"https:\/\/unedpamplona.es\/eu\/wp-json\/wp\/v2\/types\/catedra"}],"wp:featuredmedia":[{"embeddable":true,"href":"https:\/\/unedpamplona.es\/eu\/wp-json\/wp\/v2\/media\/6322"}],"wp:attachment":[{"href":"https:\/\/unedpamplona.es\/eu\/wp-json\/wp\/v2\/media?parent=6637"}],"wp:term":[{"taxonomy":"tipo_de_recurso","embeddable":true,"href":"https:\/\/unedpamplona.es\/eu\/wp-json\/wp\/v2\/tipo_de_recurso?post=6637"}],"curies":[{"name":"wp","href":"https:\/\/api.w.org\/{rel}","templated":true}]}}