{"id":6640,"date":"2025-02-05T16:39:28","date_gmt":"2025-02-05T15:39:28","guid":{"rendered":"https:\/\/unedpamplona.es\/?post_type=catedra&#038;p=6640"},"modified":"2025-02-06T18:14:52","modified_gmt":"2025-02-06T17:14:52","slug":"un-camino-hacia-el-envejecimiento-desafios-y-respuestas-en-las-sociedades-del-siglo-xxi","status":"publish","type":"catedra","link":"https:\/\/unedpamplona.es\/eu\/catedra\/un-camino-hacia-el-envejecimiento-desafios-y-respuestas-en-las-sociedades-del-siglo-xxi\/","title":{"rendered":"\u201cUn camino hacia el envejecimiento: desaf\u00edos y respuestas en las sociedades del Siglo XXI\u201d"},"content":{"rendered":"<p>Este curso tratar\u00e1\u00a0el tema del envejecimiento desde aspectos biol\u00f3gicos, psicol\u00f3gicos y sociales.<\/p>\n<p>10 y 11 de abril<\/p>\n<p>Programa:<\/p>\n<p><b>Envejecer en el S. XXI: Aspectos biol\u00f3gicos, psicol\u00f3gicos y sociales<\/b><\/p>\n<ul>\n<li>Definici\u00f3n de envejecimiento desde un enfoque bio-psico-social.<\/li>\n<li>Distinci\u00f3n entre envejecimiento normal y patol\u00f3gico.<\/li>\n<li>Aspectos biol\u00f3gicos: Cambios f\u00edsicos, sensoriales, estructurales y funcionales.<\/li>\n<li>Cognici\u00f3n y emoci\u00f3n de la mano.<\/li>\n<li>Aspectos sociales.<\/li>\n<\/ul>\n<p><b>Afrontando Retos: Evaluaci\u00f3n e intervenci\u00f3n en el envejecimiento<\/b><\/p>\n<ul>\n<li>El cerebro humano, una m\u00e1quina muy adaptativa: plasticidad (cerebral y cognitiva)<\/li>\n<li>Reserva cognitiva. Factores protectores del envejecimiento.<\/li>\n<li>Evaluaci\u00f3n neuropsicol\u00f3gica en el envejecimiento normal y patol\u00f3gico.<\/li>\n<li>Intervenci\u00f3n\/Rehabilitaci\u00f3n desde un enfoque bio-psico-social.<\/li>\n<\/ul>\n<p>Cr\u00e9ditos: 0.5\u00a0cr\u00e9ditos ECTS (en tr\u00e1mite).<\/p>\n<p>Asistencia presencial o asistencia online\u00a0en directo o en diferido, sin necesidad de ir al centro.<\/p>\n<p><a href=\"https:\/\/extension.uned.es\/actividad\/idactividad\/42265\">MATR\u00cdCULA\u00a0<\/a><\/p>\n<p>&nbsp;<\/p>\n","protected":false},"featured_media":6641,"template":"","tipo_de_recurso":[8],"yoast_head":"<!-- This site is optimized with the Yoast SEO plugin v22.5 - https:\/\/yoast.com\/wordpress\/plugins\/seo\/ -->\n<title>\u201cUn camino hacia el envejecimiento: desaf\u00edos y respuestas en las sociedades del Siglo XXI\u201d - UNED Pamplona<\/title>\n<meta name=\"robots\" content=\"index, follow, max-snippet:-1, max-image-preview:large, max-video-preview:-1\" \/>\n<link rel=\"canonical\" href=\"https:\/\/unedpamplona.es\/eu\/catedra\/un-camino-hacia-el-envejecimiento-desafios-y-respuestas-en-las-sociedades-del-siglo-xxi\/\" \/>\n<meta property=\"og:locale\" content=\"eu_ES\" \/>\n<meta property=\"og:type\" content=\"article\" \/>\n<meta property=\"og:title\" content=\"\u201cUn camino hacia el envejecimiento: desaf\u00edos y respuestas en las sociedades del Siglo XXI\u201d - UNED Pamplona\" \/>\n<meta property=\"og:description\" content=\"Este curso tratar\u00e1\u00a0el tema del envejecimiento desde aspectos biol\u00f3gicos, psicol\u00f3gicos y sociales. 10 y 11 de abril Programa: Envejecer en el S. XXI: Aspectos biol\u00f3gicos, psicol\u00f3gicos y sociales Definici\u00f3n de envejecimiento desde un enfoque bio-psico-social. Distinci\u00f3n entre envejecimiento normal y patol\u00f3gico. Aspectos biol\u00f3gicos: Cambios f\u00edsicos, sensoriales, estructurales y funcionales. Cognici\u00f3n y emoci\u00f3n de la mano. [&hellip;]\" \/>\n<meta property=\"og:url\" content=\"https:\/\/unedpamplona.es\/eu\/catedra\/un-camino-hacia-el-envejecimiento-desafios-y-respuestas-en-las-sociedades-del-siglo-xxi\/\" \/>\n<meta property=\"og:site_name\" content=\"UNED Pamplona\" \/>\n<meta property=\"article:modified_time\" content=\"2025-02-06T17:14:52+00:00\" \/>\n<meta property=\"og:image\" content=\"https:\/\/unedpamplona.es\/wp-content\/uploads\/2025\/02\/ejercicio-y-tercera-edad.png\" \/>\n\t<meta property=\"og:image:width\" content=\"725\" \/>\n\t<meta property=\"og:image:height\" content=\"375\" \/>\n\t<meta property=\"og:image:type\" content=\"image\/png\" \/>\n<meta name=\"twitter:card\" content=\"summary_large_image\" \/>\n<meta name=\"twitter:site\" content=\"@unedpamplona\" \/>\n<meta name=\"twitter:label1\" content=\"Est. reading time\" \/>\n\t<meta name=\"twitter:data1\" content=\"1 minute\" \/>\n<script type=\"application\/ld+json\" class=\"yoast-schema-graph\">{\"@context\":\"https:\/\/schema.org\",\"@graph\":[{\"@type\":\"WebPage\",\"@id\":\"https:\/\/unedpamplona.es\/eu\/catedra\/un-camino-hacia-el-envejecimiento-desafios-y-respuestas-en-las-sociedades-del-siglo-xxi\/\",\"url\":\"https:\/\/unedpamplona.es\/eu\/catedra\/un-camino-hacia-el-envejecimiento-desafios-y-respuestas-en-las-sociedades-del-siglo-xxi\/\",\"name\":\"\u201cUn camino hacia el envejecimiento: desaf\u00edos y respuestas en las sociedades del Siglo XXI\u201d - UNED Pamplona\",\"isPartOf\":{\"@id\":\"https:\/\/unedpamplona.es\/eu\/#website\"},\"primaryImageOfPage\":{\"@id\":\"https:\/\/unedpamplona.es\/eu\/catedra\/un-camino-hacia-el-envejecimiento-desafios-y-respuestas-en-las-sociedades-del-siglo-xxi\/#primaryimage\"},\"image\":{\"@id\":\"https:\/\/unedpamplona.es\/eu\/catedra\/un-camino-hacia-el-envejecimiento-desafios-y-respuestas-en-las-sociedades-del-siglo-xxi\/#primaryimage\"},\"thumbnailUrl\":\"https:\/\/unedpamplona.es\/wp-content\/uploads\/2025\/02\/ejercicio-y-tercera-edad.png\",\"datePublished\":\"2025-02-05T15:39:28+00:00\",\"dateModified\":\"2025-02-06T17:14:52+00:00\",\"inLanguage\":\"eu-ES\",\"potentialAction\":[{\"@type\":\"ReadAction\",\"target\":[\"https:\/\/unedpamplona.es\/eu\/catedra\/un-camino-hacia-el-envejecimiento-desafios-y-respuestas-en-las-sociedades-del-siglo-xxi\/\"]}]},{\"@type\":\"ImageObject\",\"inLanguage\":\"eu-ES\",\"@id\":\"https:\/\/unedpamplona.es\/eu\/catedra\/un-camino-hacia-el-envejecimiento-desafios-y-respuestas-en-las-sociedades-del-siglo-xxi\/#primaryimage\",\"url\":\"https:\/\/unedpamplona.es\/wp-content\/uploads\/2025\/02\/ejercicio-y-tercera-edad.png\",\"contentUrl\":\"https:\/\/unedpamplona.es\/wp-content\/uploads\/2025\/02\/ejercicio-y-tercera-edad.png\",\"width\":725,\"height\":375},{\"@type\":\"WebSite\",\"@id\":\"https:\/\/unedpamplona.es\/eu\/#website\",\"url\":\"https:\/\/unedpamplona.es\/eu\/\",\"name\":\"UNED Pamplona\",\"description\":\"\",\"publisher\":{\"@id\":\"https:\/\/unedpamplona.es\/eu\/#organization\"},\"potentialAction\":[{\"@type\":\"SearchAction\",\"target\":{\"@type\":\"EntryPoint\",\"urlTemplate\":\"https:\/\/unedpamplona.es\/eu\/?s={search_term_string}\"},\"query-input\":\"required name=search_term_string\"}],\"inLanguage\":\"eu-ES\"},{\"@type\":\"Organization\",\"@id\":\"https:\/\/unedpamplona.es\/eu\/#organization\",\"name\":\"UNED Pamplona\",\"url\":\"https:\/\/unedpamplona.es\/eu\/\",\"logo\":{\"@type\":\"ImageObject\",\"inLanguage\":\"eu-ES\",\"@id\":\"https:\/\/unedpamplona.es\/eu\/#\/schema\/logo\/image\/\",\"url\":\"https:\/\/unedpamplona.es\/wp-content\/uploads\/2024\/02\/uned_pamplona_logo.png\",\"contentUrl\":\"https:\/\/unedpamplona.es\/wp-content\/uploads\/2024\/02\/uned_pamplona_logo.png\",\"width\":218,\"height\":104,\"caption\":\"UNED Pamplona\"},\"image\":{\"@id\":\"https:\/\/unedpamplona.es\/eu\/#\/schema\/logo\/image\/\"},\"sameAs\":[\"https:\/\/x.com\/unedpamplona\",\"https:\/\/www.youtube.com\/channel\/UCR2jc6TbCMAPnbcA17Z0wwg\",\"https:\/\/www.instagram.com\/unedpamplona\/\"]}]}<\/script>\n<!-- \/ Yoast SEO plugin. -->","yoast_head_json":{"title":"\u201cUn camino hacia el envejecimiento: desaf\u00edos y respuestas en las sociedades del Siglo XXI\u201d - UNED Pamplona","robots":{"index":"index","follow":"follow","max-snippet":"max-snippet:-1","max-image-preview":"max-image-preview:large","max-video-preview":"max-video-preview:-1"},"canonical":"https:\/\/unedpamplona.es\/eu\/catedra\/un-camino-hacia-el-envejecimiento-desafios-y-respuestas-en-las-sociedades-del-siglo-xxi\/","og_locale":"eu_ES","og_type":"article","og_title":"\u201cUn camino hacia el envejecimiento: desaf\u00edos y respuestas en las sociedades del Siglo XXI\u201d - UNED Pamplona","og_description":"Este curso tratar\u00e1\u00a0el tema del envejecimiento desde aspectos biol\u00f3gicos, psicol\u00f3gicos y sociales. 10 y 11 de abril Programa: Envejecer en el S. XXI: Aspectos biol\u00f3gicos, psicol\u00f3gicos y sociales Definici\u00f3n de envejecimiento desde un enfoque bio-psico-social. Distinci\u00f3n entre envejecimiento normal y patol\u00f3gico. Aspectos biol\u00f3gicos: Cambios f\u00edsicos, sensoriales, estructurales y funcionales. Cognici\u00f3n y emoci\u00f3n de la mano. [&hellip;]","og_url":"https:\/\/unedpamplona.es\/eu\/catedra\/un-camino-hacia-el-envejecimiento-desafios-y-respuestas-en-las-sociedades-del-siglo-xxi\/","og_site_name":"UNED Pamplona","article_modified_time":"2025-02-06T17:14:52+00:00","og_image":[{"width":725,"height":375,"url":"https:\/\/unedpamplona.es\/wp-content\/uploads\/2025\/02\/ejercicio-y-tercera-edad.png","type":"image\/png"}],"twitter_card":"summary_large_image","twitter_site":"@unedpamplona","twitter_misc":{"Est. reading time":"1 minute"},"schema":{"@context":"https:\/\/schema.org","@graph":[{"@type":"WebPage","@id":"https:\/\/unedpamplona.es\/eu\/catedra\/un-camino-hacia-el-envejecimiento-desafios-y-respuestas-en-las-sociedades-del-siglo-xxi\/","url":"https:\/\/unedpamplona.es\/eu\/catedra\/un-camino-hacia-el-envejecimiento-desafios-y-respuestas-en-las-sociedades-del-siglo-xxi\/","name":"\u201cUn camino hacia el envejecimiento: desaf\u00edos y respuestas en las sociedades del Siglo XXI\u201d - UNED Pamplona","isPartOf":{"@id":"https:\/\/unedpamplona.es\/eu\/#website"},"primaryImageOfPage":{"@id":"https:\/\/unedpamplona.es\/eu\/catedra\/un-camino-hacia-el-envejecimiento-desafios-y-respuestas-en-las-sociedades-del-siglo-xxi\/#primaryimage"},"image":{"@id":"https:\/\/unedpamplona.es\/eu\/catedra\/un-camino-hacia-el-envejecimiento-desafios-y-respuestas-en-las-sociedades-del-siglo-xxi\/#primaryimage"},"thumbnailUrl":"https:\/\/unedpamplona.es\/wp-content\/uploads\/2025\/02\/ejercicio-y-tercera-edad.png","datePublished":"2025-02-05T15:39:28+00:00","dateModified":"2025-02-06T17:14:52+00:00","inLanguage":"eu-ES","potentialAction":[{"@type":"ReadAction","target":["https:\/\/unedpamplona.es\/eu\/catedra\/un-camino-hacia-el-envejecimiento-desafios-y-respuestas-en-las-sociedades-del-siglo-xxi\/"]}]},{"@type":"ImageObject","inLanguage":"eu-ES","@id":"https:\/\/unedpamplona.es\/eu\/catedra\/un-camino-hacia-el-envejecimiento-desafios-y-respuestas-en-las-sociedades-del-siglo-xxi\/#primaryimage","url":"https:\/\/unedpamplona.es\/wp-content\/uploads\/2025\/02\/ejercicio-y-tercera-edad.png","contentUrl":"https:\/\/unedpamplona.es\/wp-content\/uploads\/2025\/02\/ejercicio-y-tercera-edad.png","width":725,"height":375},{"@type":"WebSite","@id":"https:\/\/unedpamplona.es\/eu\/#website","url":"https:\/\/unedpamplona.es\/eu\/","name":"UNED Pamplona","description":"","publisher":{"@id":"https:\/\/unedpamplona.es\/eu\/#organization"},"potentialAction":[{"@type":"SearchAction","target":{"@type":"EntryPoint","urlTemplate":"https:\/\/unedpamplona.es\/eu\/?s={search_term_string}"},"query-input":"required name=search_term_string"}],"inLanguage":"eu-ES"},{"@type":"Organization","@id":"https:\/\/unedpamplona.es\/eu\/#organization","name":"UNED Pamplona","url":"https:\/\/unedpamplona.es\/eu\/","logo":{"@type":"ImageObject","inLanguage":"eu-ES","@id":"https:\/\/unedpamplona.es\/eu\/#\/schema\/logo\/image\/","url":"https:\/\/unedpamplona.es\/wp-content\/uploads\/2024\/02\/uned_pamplona_logo.png","contentUrl":"https:\/\/unedpamplona.es\/wp-content\/uploads\/2024\/02\/uned_pamplona_logo.png","width":218,"height":104,"caption":"UNED Pamplona"},"image":{"@id":"https:\/\/unedpamplona.es\/eu\/#\/schema\/logo\/image\/"},"sameAs":["https:\/\/x.com\/unedpamplona","https:\/\/www.youtube.com\/channel\/UCR2jc6TbCMAPnbcA17Z0wwg","https:\/\/www.instagram.com\/unedpamplona\/"]}]}},"_links":{"self":[{"href":"https:\/\/unedpamplona.es\/eu\/wp-json\/wp\/v2\/catedra\/6640"}],"collection":[{"href":"https:\/\/unedpamplona.es\/eu\/wp-json\/wp\/v2\/catedra"}],"about":[{"href":"https:\/\/unedpamplona.es\/eu\/wp-json\/wp\/v2\/types\/catedra"}],"wp:featuredmedia":[{"embeddable":true,"href":"https:\/\/unedpamplona.es\/eu\/wp-json\/wp\/v2\/media\/6641"}],"wp:attachment":[{"href":"https:\/\/unedpamplona.es\/eu\/wp-json\/wp\/v2\/media?parent=6640"}],"wp:term":[{"taxonomy":"tipo_de_recurso","embeddable":true,"href":"https:\/\/unedpamplona.es\/eu\/wp-json\/wp\/v2\/tipo_de_recurso?post=6640"}],"curies":[{"name":"wp","href":"https:\/\/api.w.org\/{rel}","templated":true}]}}