{"id":13124,"date":"2025-10-06T12:02:17","date_gmt":"2025-10-06T10:02:17","guid":{"rendered":"https:\/\/unedpamplona.es\/?post_type=cursos_conferencias&#038;p=13124"},"modified":"2025-10-06T12:17:04","modified_gmt":"2025-10-06T10:17:04","slug":"aspectos-fundamentales-de-la-justicia-restaurativa-y-las-practicas-restaurativas-comunitarias","status":"publish","type":"cursos_conferencias","link":"https:\/\/unedpamplona.es\/eu\/cursos-conferencias\/aspectos-fundamentales-de-la-justicia-restaurativa-y-las-practicas-restaurativas-comunitarias\/","title":{"rendered":"Aspectos fundamentales de la justicia restaurativa y las pr\u00e1cticas restaurativas comunitarias"},"content":{"rendered":"<p>En este curso se van a abordar las siguientes tem\u00e1ticas:<\/p>\n<p>&#8211;\u00a0\u00a0\u00a0\u00a0\u00a0\u00a0\u00a0\u00a0\u00a0 La persona facilitadora. Formaci\u00f3n y preparaci\u00f3n. El marco jur\u00eddico en Espa\u00f1a.<\/p>\n<p>&#8211;\u00a0\u00a0\u00a0\u00a0\u00a0\u00a0\u00a0\u00a0\u00a0 La intervenci\u00f3n restaurativa. Los diferentes enfoques del encuentro, reparaci\u00f3n del da\u00f1o, responsabilizaci\u00f3n del agresor y empoderamiento de la v\u00edctima.<\/p>\n<p>&#8211;\u00a0\u00a0\u00a0\u00a0\u00a0\u00a0\u00a0\u00a0\u00a0 El papel de la comunidad para el aprendizaje y la transformaci\u00f3n social.<\/p>\n<p>&#8211;\u00a0\u00a0\u00a0\u00a0\u00a0\u00a0\u00a0\u00a0\u00a0 Conceptos b\u00e1sicos de perspectiva de g\u00e9nero y justicia restaurativa.<\/p>\n<p>&#8211;\u00a0\u00a0\u00a0\u00a0\u00a0\u00a0\u00a0\u00a0\u00a0 La cuesti\u00f3n de la interseccionalidad: raza, sexo, religi\u00f3n, estatus social y econ\u00f3mico, orientaci\u00f3n sexual, nacionalidad, etnia, discapacidades, adicciones y salud mental.<\/p>\n<p>&#8211;\u00a0\u00a0\u00a0\u00a0\u00a0\u00a0\u00a0\u00a0\u00a0 La mediaci\u00f3n penal.<\/p>\n<p>&#8211;\u00a0\u00a0\u00a0\u00a0\u00a0\u00a0\u00a0\u00a0\u00a0 Las conferencias o reuniones restaurativas.<\/p>\n<p>&#8211;\u00a0\u00a0\u00a0\u00a0\u00a0\u00a0\u00a0\u00a0\u00a0 Los c\u00edrculos y sus tipolog\u00edas<\/p>\n<p>&#8211;\u00a0\u00a0\u00a0\u00a0\u00a0\u00a0\u00a0\u00a0\u00a0 Talleres restaurativos en ejecuci\u00f3n penal<\/p>\n<p>&#8211;\u00a0\u00a0\u00a0\u00a0\u00a0\u00a0\u00a0\u00a0\u00a0 Proyectos de pr\u00e1cticas restaurativas comunitarias<\/p>\n<div><\/div>\n<div class=\"cajasActividad\">\n<div class=\"cuadro bcolor_c1\">\n<dl id=\"\">\n<dt><strong>Lugar y fechas<\/strong><\/dt>\n<dd>Del 9 al 20 de octubre de 2025<br \/>\nDe 18:00 a 20:00 h.<br \/>\nEspacios en los que se desarrolla:\u00a0<b>AULA MAGNA<\/b><br \/>\nLugar: UNED Pamplona<\/dd>\n<\/dl>\n<\/div>\n<\/div>\n","protected":false},"featured_media":13128,"template":"","tipo_de_recurso":[],"yoast_head":"<!-- This site is optimized with the Yoast SEO plugin v22.5 - https:\/\/yoast.com\/wordpress\/plugins\/seo\/ -->\n<title>Aspectos fundamentales de la justicia restaurativa y las pr\u00e1cticas restaurativas comunitarias - UNED Pamplona<\/title>\n<meta name=\"robots\" content=\"index, follow, max-snippet:-1, max-image-preview:large, max-video-preview:-1\" \/>\n<link rel=\"canonical\" href=\"https:\/\/unedpamplona.es\/eu\/cursos-conferencias\/aspectos-fundamentales-de-la-justicia-restaurativa-y-las-practicas-restaurativas-comunitarias\/\" \/>\n<meta property=\"og:locale\" content=\"eu_ES\" \/>\n<meta property=\"og:type\" content=\"article\" \/>\n<meta property=\"og:title\" content=\"Aspectos fundamentales de la justicia restaurativa y las pr\u00e1cticas restaurativas comunitarias - UNED Pamplona\" \/>\n<meta property=\"og:description\" content=\"En este curso se van a abordar las siguientes tem\u00e1ticas: &#8211;\u00a0\u00a0\u00a0\u00a0\u00a0\u00a0\u00a0\u00a0\u00a0 La persona facilitadora. Formaci\u00f3n y preparaci\u00f3n. El marco jur\u00eddico en Espa\u00f1a. &#8211;\u00a0\u00a0\u00a0\u00a0\u00a0\u00a0\u00a0\u00a0\u00a0 La intervenci\u00f3n restaurativa. Los diferentes enfoques del encuentro, reparaci\u00f3n del da\u00f1o, responsabilizaci\u00f3n del agresor y empoderamiento de la v\u00edctima. &#8211;\u00a0\u00a0\u00a0\u00a0\u00a0\u00a0\u00a0\u00a0\u00a0 El papel de la comunidad para el aprendizaje y la transformaci\u00f3n social. [&hellip;]\" \/>\n<meta property=\"og:url\" content=\"https:\/\/unedpamplona.es\/eu\/cursos-conferencias\/aspectos-fundamentales-de-la-justicia-restaurativa-y-las-practicas-restaurativas-comunitarias\/\" \/>\n<meta property=\"og:site_name\" content=\"UNED Pamplona\" \/>\n<meta property=\"article:modified_time\" content=\"2025-10-06T10:17:04+00:00\" \/>\n<meta property=\"og:image\" content=\"https:\/\/unedpamplona.es\/wp-content\/uploads\/2025\/09\/Derecho.jpeg\" \/>\n\t<meta property=\"og:image:width\" content=\"1006\" \/>\n\t<meta property=\"og:image:height\" content=\"494\" \/>\n\t<meta property=\"og:image:type\" content=\"image\/jpeg\" \/>\n<meta name=\"twitter:card\" content=\"summary_large_image\" \/>\n<meta name=\"twitter:site\" content=\"@unedpamplona\" \/>\n<meta name=\"twitter:label1\" content=\"Est. reading time\" \/>\n\t<meta name=\"twitter:data1\" content=\"1 minute\" \/>\n<script type=\"application\/ld+json\" class=\"yoast-schema-graph\">{\"@context\":\"https:\/\/schema.org\",\"@graph\":[{\"@type\":\"WebPage\",\"@id\":\"https:\/\/unedpamplona.es\/eu\/cursos-conferencias\/aspectos-fundamentales-de-la-justicia-restaurativa-y-las-practicas-restaurativas-comunitarias\/\",\"url\":\"https:\/\/unedpamplona.es\/eu\/cursos-conferencias\/aspectos-fundamentales-de-la-justicia-restaurativa-y-las-practicas-restaurativas-comunitarias\/\",\"name\":\"Aspectos fundamentales de la justicia restaurativa y las pr\u00e1cticas restaurativas comunitarias - UNED Pamplona\",\"isPartOf\":{\"@id\":\"https:\/\/unedpamplona.es\/eu\/#website\"},\"primaryImageOfPage\":{\"@id\":\"https:\/\/unedpamplona.es\/eu\/cursos-conferencias\/aspectos-fundamentales-de-la-justicia-restaurativa-y-las-practicas-restaurativas-comunitarias\/#primaryimage\"},\"image\":{\"@id\":\"https:\/\/unedpamplona.es\/eu\/cursos-conferencias\/aspectos-fundamentales-de-la-justicia-restaurativa-y-las-practicas-restaurativas-comunitarias\/#primaryimage\"},\"thumbnailUrl\":\"https:\/\/unedpamplona.es\/wp-content\/uploads\/2025\/09\/Derecho.jpeg\",\"datePublished\":\"2025-10-06T10:02:17+00:00\",\"dateModified\":\"2025-10-06T10:17:04+00:00\",\"inLanguage\":\"eu-ES\",\"potentialAction\":[{\"@type\":\"ReadAction\",\"target\":[\"https:\/\/unedpamplona.es\/eu\/cursos-conferencias\/aspectos-fundamentales-de-la-justicia-restaurativa-y-las-practicas-restaurativas-comunitarias\/\"]}]},{\"@type\":\"ImageObject\",\"inLanguage\":\"eu-ES\",\"@id\":\"https:\/\/unedpamplona.es\/eu\/cursos-conferencias\/aspectos-fundamentales-de-la-justicia-restaurativa-y-las-practicas-restaurativas-comunitarias\/#primaryimage\",\"url\":\"https:\/\/unedpamplona.es\/wp-content\/uploads\/2025\/09\/Derecho.jpeg\",\"contentUrl\":\"https:\/\/unedpamplona.es\/wp-content\/uploads\/2025\/09\/Derecho.jpeg\",\"width\":1006,\"height\":494},{\"@type\":\"WebSite\",\"@id\":\"https:\/\/unedpamplona.es\/eu\/#website\",\"url\":\"https:\/\/unedpamplona.es\/eu\/\",\"name\":\"UNED Pamplona\",\"description\":\"\",\"publisher\":{\"@id\":\"https:\/\/unedpamplona.es\/eu\/#organization\"},\"potentialAction\":[{\"@type\":\"SearchAction\",\"target\":{\"@type\":\"EntryPoint\",\"urlTemplate\":\"https:\/\/unedpamplona.es\/eu\/?s={search_term_string}\"},\"query-input\":\"required name=search_term_string\"}],\"inLanguage\":\"eu-ES\"},{\"@type\":\"Organization\",\"@id\":\"https:\/\/unedpamplona.es\/eu\/#organization\",\"name\":\"UNED Pamplona\",\"url\":\"https:\/\/unedpamplona.es\/eu\/\",\"logo\":{\"@type\":\"ImageObject\",\"inLanguage\":\"eu-ES\",\"@id\":\"https:\/\/unedpamplona.es\/eu\/#\/schema\/logo\/image\/\",\"url\":\"https:\/\/unedpamplona.es\/wp-content\/uploads\/2024\/02\/uned_pamplona_logo.png\",\"contentUrl\":\"https:\/\/unedpamplona.es\/wp-content\/uploads\/2024\/02\/uned_pamplona_logo.png\",\"width\":218,\"height\":104,\"caption\":\"UNED Pamplona\"},\"image\":{\"@id\":\"https:\/\/unedpamplona.es\/eu\/#\/schema\/logo\/image\/\"},\"sameAs\":[\"https:\/\/x.com\/unedpamplona\",\"https:\/\/www.youtube.com\/channel\/UCR2jc6TbCMAPnbcA17Z0wwg\",\"https:\/\/www.instagram.com\/unedpamplona\/\"]}]}<\/script>\n<!-- \/ Yoast SEO plugin. -->","yoast_head_json":{"title":"Aspectos fundamentales de la justicia restaurativa y las pr\u00e1cticas restaurativas comunitarias - UNED Pamplona","robots":{"index":"index","follow":"follow","max-snippet":"max-snippet:-1","max-image-preview":"max-image-preview:large","max-video-preview":"max-video-preview:-1"},"canonical":"https:\/\/unedpamplona.es\/eu\/cursos-conferencias\/aspectos-fundamentales-de-la-justicia-restaurativa-y-las-practicas-restaurativas-comunitarias\/","og_locale":"eu_ES","og_type":"article","og_title":"Aspectos fundamentales de la justicia restaurativa y las pr\u00e1cticas restaurativas comunitarias - UNED Pamplona","og_description":"En este curso se van a abordar las siguientes tem\u00e1ticas: &#8211;\u00a0\u00a0\u00a0\u00a0\u00a0\u00a0\u00a0\u00a0\u00a0 La persona facilitadora. Formaci\u00f3n y preparaci\u00f3n. El marco jur\u00eddico en Espa\u00f1a. &#8211;\u00a0\u00a0\u00a0\u00a0\u00a0\u00a0\u00a0\u00a0\u00a0 La intervenci\u00f3n restaurativa. Los diferentes enfoques del encuentro, reparaci\u00f3n del da\u00f1o, responsabilizaci\u00f3n del agresor y empoderamiento de la v\u00edctima. &#8211;\u00a0\u00a0\u00a0\u00a0\u00a0\u00a0\u00a0\u00a0\u00a0 El papel de la comunidad para el aprendizaje y la transformaci\u00f3n social. [&hellip;]","og_url":"https:\/\/unedpamplona.es\/eu\/cursos-conferencias\/aspectos-fundamentales-de-la-justicia-restaurativa-y-las-practicas-restaurativas-comunitarias\/","og_site_name":"UNED Pamplona","article_modified_time":"2025-10-06T10:17:04+00:00","og_image":[{"width":1006,"height":494,"url":"https:\/\/unedpamplona.es\/wp-content\/uploads\/2025\/09\/Derecho.jpeg","type":"image\/jpeg"}],"twitter_card":"summary_large_image","twitter_site":"@unedpamplona","twitter_misc":{"Est. reading time":"1 minute"},"schema":{"@context":"https:\/\/schema.org","@graph":[{"@type":"WebPage","@id":"https:\/\/unedpamplona.es\/eu\/cursos-conferencias\/aspectos-fundamentales-de-la-justicia-restaurativa-y-las-practicas-restaurativas-comunitarias\/","url":"https:\/\/unedpamplona.es\/eu\/cursos-conferencias\/aspectos-fundamentales-de-la-justicia-restaurativa-y-las-practicas-restaurativas-comunitarias\/","name":"Aspectos fundamentales de la justicia restaurativa y las pr\u00e1cticas restaurativas comunitarias - UNED Pamplona","isPartOf":{"@id":"https:\/\/unedpamplona.es\/eu\/#website"},"primaryImageOfPage":{"@id":"https:\/\/unedpamplona.es\/eu\/cursos-conferencias\/aspectos-fundamentales-de-la-justicia-restaurativa-y-las-practicas-restaurativas-comunitarias\/#primaryimage"},"image":{"@id":"https:\/\/unedpamplona.es\/eu\/cursos-conferencias\/aspectos-fundamentales-de-la-justicia-restaurativa-y-las-practicas-restaurativas-comunitarias\/#primaryimage"},"thumbnailUrl":"https:\/\/unedpamplona.es\/wp-content\/uploads\/2025\/09\/Derecho.jpeg","datePublished":"2025-10-06T10:02:17+00:00","dateModified":"2025-10-06T10:17:04+00:00","inLanguage":"eu-ES","potentialAction":[{"@type":"ReadAction","target":["https:\/\/unedpamplona.es\/eu\/cursos-conferencias\/aspectos-fundamentales-de-la-justicia-restaurativa-y-las-practicas-restaurativas-comunitarias\/"]}]},{"@type":"ImageObject","inLanguage":"eu-ES","@id":"https:\/\/unedpamplona.es\/eu\/cursos-conferencias\/aspectos-fundamentales-de-la-justicia-restaurativa-y-las-practicas-restaurativas-comunitarias\/#primaryimage","url":"https:\/\/unedpamplona.es\/wp-content\/uploads\/2025\/09\/Derecho.jpeg","contentUrl":"https:\/\/unedpamplona.es\/wp-content\/uploads\/2025\/09\/Derecho.jpeg","width":1006,"height":494},{"@type":"WebSite","@id":"https:\/\/unedpamplona.es\/eu\/#website","url":"https:\/\/unedpamplona.es\/eu\/","name":"UNED Pamplona","description":"","publisher":{"@id":"https:\/\/unedpamplona.es\/eu\/#organization"},"potentialAction":[{"@type":"SearchAction","target":{"@type":"EntryPoint","urlTemplate":"https:\/\/unedpamplona.es\/eu\/?s={search_term_string}"},"query-input":"required name=search_term_string"}],"inLanguage":"eu-ES"},{"@type":"Organization","@id":"https:\/\/unedpamplona.es\/eu\/#organization","name":"UNED Pamplona","url":"https:\/\/unedpamplona.es\/eu\/","logo":{"@type":"ImageObject","inLanguage":"eu-ES","@id":"https:\/\/unedpamplona.es\/eu\/#\/schema\/logo\/image\/","url":"https:\/\/unedpamplona.es\/wp-content\/uploads\/2024\/02\/uned_pamplona_logo.png","contentUrl":"https:\/\/unedpamplona.es\/wp-content\/uploads\/2024\/02\/uned_pamplona_logo.png","width":218,"height":104,"caption":"UNED Pamplona"},"image":{"@id":"https:\/\/unedpamplona.es\/eu\/#\/schema\/logo\/image\/"},"sameAs":["https:\/\/x.com\/unedpamplona","https:\/\/www.youtube.com\/channel\/UCR2jc6TbCMAPnbcA17Z0wwg","https:\/\/www.instagram.com\/unedpamplona\/"]}]}},"_links":{"self":[{"href":"https:\/\/unedpamplona.es\/eu\/wp-json\/wp\/v2\/cursos_conferencias\/13124"}],"collection":[{"href":"https:\/\/unedpamplona.es\/eu\/wp-json\/wp\/v2\/cursos_conferencias"}],"about":[{"href":"https:\/\/unedpamplona.es\/eu\/wp-json\/wp\/v2\/types\/cursos_conferencias"}],"version-history":[{"count":1,"href":"https:\/\/unedpamplona.es\/eu\/wp-json\/wp\/v2\/cursos_conferencias\/13124\/revisions"}],"predecessor-version":[{"id":13125,"href":"https:\/\/unedpamplona.es\/eu\/wp-json\/wp\/v2\/cursos_conferencias\/13124\/revisions\/13125"}],"wp:featuredmedia":[{"embeddable":true,"href":"https:\/\/unedpamplona.es\/eu\/wp-json\/wp\/v2\/media\/13128"}],"wp:attachment":[{"href":"https:\/\/unedpamplona.es\/eu\/wp-json\/wp\/v2\/media?parent=13124"}],"wp:term":[{"taxonomy":"tipo_de_recurso","embeddable":true,"href":"https:\/\/unedpamplona.es\/eu\/wp-json\/wp\/v2\/tipo_de_recurso?post=13124"}],"curies":[{"name":"wp","href":"https:\/\/api.w.org\/{rel}","templated":true}]}}