{"id":13664,"date":"2025-10-06T11:59:10","date_gmt":"2025-10-06T09:59:10","guid":{"rendered":"https:\/\/unedpamplona.es\/?post_type=cursos_conferencias&#038;p=13664"},"modified":"2025-10-06T12:58:23","modified_gmt":"2025-10-06T10:58:23","slug":"curso-sobre-los-microrrelatos-la-esencia-de-una-historia-en-pocas-palabras","status":"publish","type":"cursos_conferencias","link":"https:\/\/unedpamplona.es\/eu\/cursos-conferencias\/curso-sobre-los-microrrelatos-la-esencia-de-una-historia-en-pocas-palabras\/","title":{"rendered":"Curso sobre los microrrelatos: la esencia de una historia en pocas palabras"},"content":{"rendered":"<div class=\"elementor-element elementor-element-3a915c9 elementor-widget elementor-widget-theme-post-title elementor-page-title elementor-widget-heading\" data-id=\"3a915c9\" data-element_type=\"widget\" data-widget_type=\"theme-post-title.default\"><\/div>\n<div class=\"elementor-element elementor-element-93e3ed0 elementor-widget elementor-widget-theme-post-content\" data-id=\"93e3ed0\" data-element_type=\"widget\" data-widget_type=\"theme-post-content.default\">\n<div class=\"elementor-widget-container\">\n<div>\n<div class=\"elementor-element elementor-element-3a915c9 elementor-widget elementor-widget-theme-post-title elementor-page-title elementor-widget-heading\" data-id=\"3a915c9\" data-element_type=\"widget\" data-widget_type=\"theme-post-title.default\">\n<div class=\"elementor-widget-container\">UNED Pamplona ha organizado el curso sobre los microrrelatos: la esencia de una historia en pocas palabras (nivel avanzado). El curso se celebrar\u00e1 del 9 de octubre al 18 de diciembre, de 18:00 a 20:00 h.<\/div>\n<\/div>\n<div class=\"elementor-element elementor-element-93e3ed0 elementor-widget elementor-widget-theme-post-content\" data-id=\"93e3ed0\" data-element_type=\"widget\" data-widget_type=\"theme-post-content.default\">\n<div class=\"elementor-widget-container\">\n<div class=\"elementor-element elementor-element-93e3ed0 elementor-widget elementor-widget-theme-post-content\" data-id=\"93e3ed0\" data-element_type=\"widget\" data-widget_type=\"theme-post-content.default\">\n<div class=\"elementor-widget-container\">\n<p>El microrrelato es la manifestaci\u00f3n literaria m\u00e1s novedosa y cercana en el tiempo. Se considera el cuarto g\u00e9nero narrativo y el m\u00e1s emblem\u00e1tico del siglo XXI.<\/p>\n<\/div>\n<\/div>\n<p><a href=\"https:\/\/extension.uned.es\/actividad\/idactividad\/47201\"><strong>Matr\u00edcula online<\/strong><\/a><\/p>\n<div><\/div>\n<\/div>\n<\/div>\n<\/div>\n<div><strong>Programa<\/strong><\/div>\n<dl id=\"\">\n<dd>\n<ul id=\"programa\">\n<li><span class=\"fechas_programa\">jueves, 9 de octubre<\/span>\n<ul>\n<li><span class=\"h\">18:00-20:00 h.<\/span>\u00a0<span class=\"t color_b3\">Historia del microrrelato. Definici\u00f3n y caracter\u00edsticas principales. Dec\u00e1logo y los cinco sentidos del microrrelato.<br \/>\nEjercicio pr\u00e1ctico: Escritura de un texto de tem\u00e1tica libre que se analizar\u00e1 a lo largo del curso.<\/span><\/p>\n<ul class=\"listaPonente\">\n<li class=\"datosPonentes\"><span class=\"ponente\">D. Francisco Javier Cano Santa B\u00e1rbara<\/span>\u00a0<span class=\"cargo\"><span class=\"cargo_ponente\">Escritor<\/span><\/span><\/li>\n<\/ul>\n<\/li>\n<\/ul>\n<\/li>\n<li><span class=\"fechas_programa\">jueves, 16 de octubre<\/span>\n<ul>\n<li><span class=\"h\">18:00-20:00 h.<\/span>\u00a0<span class=\"t color_b3\">Correcci\u00f3n del texto enviado y reescritura. Ejercicio pr\u00e1ctico: Frase de inicio.<\/span>\n<ul class=\"listaPonente\">\n<li class=\"datosPonentes\"><span class=\"ponente\">D. Francisco Javier Cano Santa B\u00e1rbara<\/span>\u00a0<span class=\"cargo\"><span class=\"cargo_ponente\">Escritor<\/span><\/span><\/li>\n<\/ul>\n<\/li>\n<\/ul>\n<\/li>\n<li><span class=\"fechas_programa\">jueves, 23 de octubre<\/span>\n<ul>\n<li><span class=\"h\">18:00-20:00 h.<\/span>\u00a0<span class=\"t color_b3\">Correcci\u00f3n del texto enviado y reescritura. Ejercicio pr\u00e1ctico: La f\u00e1bula y el bestiario<\/span>\n<ul class=\"listaPonente\">\n<li class=\"datosPonentes\"><span class=\"ponente\">D. Francisco Javier Cano Santa B\u00e1rbara<\/span>\u00a0<span class=\"cargo\"><span class=\"cargo_ponente\">Escritor<\/span><\/span><\/li>\n<\/ul>\n<\/li>\n<\/ul>\n<\/li>\n<li><span class=\"fechas_programa\">jueves, 6 de noviembre<\/span>\n<ul>\n<li><span class=\"h\">18:00-20:00 h.<\/span>\u00a0<span class=\"t color_b3\">Correcci\u00f3n del texto enviado y reescritura. Ejercicio pr\u00e1ctico: Reescritura y parodia. Vuelta de tuerca a textos cl\u00e1sicos.<\/span>\n<ul class=\"listaPonente\">\n<li class=\"datosPonentes\"><span class=\"ponente\">D. Francisco Javier Cano Santa B\u00e1rbara<\/span>\u00a0<span class=\"cargo\"><span class=\"cargo_ponente\">Escritor<\/span><\/span><\/li>\n<\/ul>\n<\/li>\n<\/ul>\n<\/li>\n<li><span class=\"fechas_programa\">jueves, 27 de noviembre<\/span>\n<ul>\n<li><span class=\"h\">18:00-20:00 h.<\/span>\u00a0<span class=\"t color_b3\">Correcci\u00f3n del texto enviado y reescritura. Ejercicio pr\u00e1ctico: Discurso mim\u00e9tico.<\/span>\n<ul class=\"listaPonente\">\n<li class=\"datosPonentes\"><span class=\"ponente\">D. Francisco Javier Cano Santa B\u00e1rbara<\/span>\u00a0<span class=\"cargo\"><span class=\"cargo_ponente\">Escritor<\/span><\/span><\/li>\n<\/ul>\n<\/li>\n<\/ul>\n<\/li>\n<li><span class=\"fechas_programa\">jueves, 11 de diciembre<\/span>\n<ul>\n<li><span class=\"h\">18:00-20:00 h.<\/span>\u00a0<span class=\"t color_b3\">Correcci\u00f3n del texto enviado y reescritura. Ejercicio pr\u00e1ctico: Juegos metaliterarios. Microrrelato visual.<\/span>\n<ul class=\"listaPonente\">\n<li class=\"datosPonentes\"><span class=\"ponente\">D. Francisco Javier Cano Santa B\u00e1rbara<\/span>\u00a0<span class=\"cargo\"><span class=\"cargo_ponente\">Escritor<\/span><\/span><\/li>\n<\/ul>\n<\/li>\n<\/ul>\n<\/li>\n<li><span class=\"fechas_programa\">jueves, 18 de diciembre<\/span>\n<ul>\n<li><span class=\"h\">18:00-20:00 h.<\/span>\u00a0<span class=\"t color_b3\">Correcci\u00f3n del texto enviado y reescritura.<\/span>\n<ul class=\"listaPonente\">\n<li class=\"datosPonentes\"><span class=\"ponente\">D. Francisco Javier Cano Santa B\u00e1rbara<\/span>\u00a0<span class=\"cargo\"><span class=\"cargo_ponente\">Escritor<\/span><\/span><\/li>\n<\/ul>\n<\/li>\n<\/ul>\n<\/li>\n<\/ul>\n<\/dd>\n<\/dl>\n<\/div>\n<\/div>\n<div class=\"elementor-element elementor-element-351ebe0 e-con-full e-flex e-con e-child\" data-id=\"351ebe0\" data-element_type=\"container\" data-settings=\"{&quot;content_width&quot;:&quot;full&quot;}\">\n<div class=\"elementor-element elementor-element-08f42b0 elementor-widget-divider--view-line elementor-widget elementor-widget-divider\" data-id=\"08f42b0\" data-element_type=\"widget\" data-widget_type=\"divider.default\">\n<div class=\"elementor-widget-container\">\n<div class=\"elementor-divider\"><\/div>\n<\/div>\n<\/div>\n<\/div>\n","protected":false},"featured_media":13665,"template":"","tipo_de_recurso":[],"yoast_head":"<!-- This site is optimized with the Yoast SEO plugin v22.5 - https:\/\/yoast.com\/wordpress\/plugins\/seo\/ -->\n<title>Curso sobre los microrrelatos: la esencia de una historia en pocas palabras - UNED Pamplona<\/title>\n<meta name=\"robots\" content=\"index, follow, max-snippet:-1, max-image-preview:large, max-video-preview:-1\" \/>\n<link rel=\"canonical\" href=\"https:\/\/unedpamplona.es\/eu\/cursos-conferencias\/curso-sobre-los-microrrelatos-la-esencia-de-una-historia-en-pocas-palabras\/\" \/>\n<meta property=\"og:locale\" content=\"eu_ES\" \/>\n<meta property=\"og:type\" content=\"article\" \/>\n<meta property=\"og:title\" content=\"Curso sobre los microrrelatos: la esencia de una historia en pocas palabras - UNED Pamplona\" \/>\n<meta property=\"og:description\" content=\"UNED Pamplona ha organizado el curso sobre los microrrelatos: la esencia de una historia en pocas palabras (nivel avanzado). El curso se celebrar\u00e1 del 9 de octubre al 18 de diciembre, de 18:00 a 20:00 h. El microrrelato es la manifestaci\u00f3n literaria m\u00e1s novedosa y cercana en el tiempo. Se considera el cuarto g\u00e9nero narrativo [&hellip;]\" \/>\n<meta property=\"og:url\" content=\"https:\/\/unedpamplona.es\/eu\/cursos-conferencias\/curso-sobre-los-microrrelatos-la-esencia-de-una-historia-en-pocas-palabras\/\" \/>\n<meta property=\"og:site_name\" content=\"UNED Pamplona\" \/>\n<meta property=\"article:modified_time\" content=\"2025-10-06T10:58:23+00:00\" \/>\n<meta property=\"og:image\" content=\"https:\/\/unedpamplona.es\/wp-content\/uploads\/2025\/10\/Microrrelatos2.jpeg\" \/>\n\t<meta property=\"og:image:width\" content=\"1261\" \/>\n\t<meta property=\"og:image:height\" content=\"488\" \/>\n\t<meta property=\"og:image:type\" content=\"image\/jpeg\" \/>\n<meta name=\"twitter:card\" content=\"summary_large_image\" \/>\n<meta name=\"twitter:site\" content=\"@unedpamplona\" \/>\n<meta name=\"twitter:label1\" content=\"Est. reading time\" \/>\n\t<meta name=\"twitter:data1\" content=\"2 minutes\" \/>\n<script type=\"application\/ld+json\" class=\"yoast-schema-graph\">{\"@context\":\"https:\/\/schema.org\",\"@graph\":[{\"@type\":\"WebPage\",\"@id\":\"https:\/\/unedpamplona.es\/eu\/cursos-conferencias\/curso-sobre-los-microrrelatos-la-esencia-de-una-historia-en-pocas-palabras\/\",\"url\":\"https:\/\/unedpamplona.es\/eu\/cursos-conferencias\/curso-sobre-los-microrrelatos-la-esencia-de-una-historia-en-pocas-palabras\/\",\"name\":\"Curso sobre los microrrelatos: la esencia de una historia en pocas palabras - UNED Pamplona\",\"isPartOf\":{\"@id\":\"https:\/\/unedpamplona.es\/eu\/#website\"},\"primaryImageOfPage\":{\"@id\":\"https:\/\/unedpamplona.es\/eu\/cursos-conferencias\/curso-sobre-los-microrrelatos-la-esencia-de-una-historia-en-pocas-palabras\/#primaryimage\"},\"image\":{\"@id\":\"https:\/\/unedpamplona.es\/eu\/cursos-conferencias\/curso-sobre-los-microrrelatos-la-esencia-de-una-historia-en-pocas-palabras\/#primaryimage\"},\"thumbnailUrl\":\"https:\/\/unedpamplona.es\/wp-content\/uploads\/2025\/10\/Microrrelatos2.jpeg\",\"datePublished\":\"2025-10-06T09:59:10+00:00\",\"dateModified\":\"2025-10-06T10:58:23+00:00\",\"inLanguage\":\"eu-ES\",\"potentialAction\":[{\"@type\":\"ReadAction\",\"target\":[\"https:\/\/unedpamplona.es\/eu\/cursos-conferencias\/curso-sobre-los-microrrelatos-la-esencia-de-una-historia-en-pocas-palabras\/\"]}]},{\"@type\":\"ImageObject\",\"inLanguage\":\"eu-ES\",\"@id\":\"https:\/\/unedpamplona.es\/eu\/cursos-conferencias\/curso-sobre-los-microrrelatos-la-esencia-de-una-historia-en-pocas-palabras\/#primaryimage\",\"url\":\"https:\/\/unedpamplona.es\/wp-content\/uploads\/2025\/10\/Microrrelatos2.jpeg\",\"contentUrl\":\"https:\/\/unedpamplona.es\/wp-content\/uploads\/2025\/10\/Microrrelatos2.jpeg\",\"width\":1261,\"height\":488},{\"@type\":\"WebSite\",\"@id\":\"https:\/\/unedpamplona.es\/eu\/#website\",\"url\":\"https:\/\/unedpamplona.es\/eu\/\",\"name\":\"UNED Pamplona\",\"description\":\"\",\"publisher\":{\"@id\":\"https:\/\/unedpamplona.es\/eu\/#organization\"},\"potentialAction\":[{\"@type\":\"SearchAction\",\"target\":{\"@type\":\"EntryPoint\",\"urlTemplate\":\"https:\/\/unedpamplona.es\/eu\/?s={search_term_string}\"},\"query-input\":\"required name=search_term_string\"}],\"inLanguage\":\"eu-ES\"},{\"@type\":\"Organization\",\"@id\":\"https:\/\/unedpamplona.es\/eu\/#organization\",\"name\":\"UNED Pamplona\",\"url\":\"https:\/\/unedpamplona.es\/eu\/\",\"logo\":{\"@type\":\"ImageObject\",\"inLanguage\":\"eu-ES\",\"@id\":\"https:\/\/unedpamplona.es\/eu\/#\/schema\/logo\/image\/\",\"url\":\"https:\/\/unedpamplona.es\/wp-content\/uploads\/2024\/02\/uned_pamplona_logo.png\",\"contentUrl\":\"https:\/\/unedpamplona.es\/wp-content\/uploads\/2024\/02\/uned_pamplona_logo.png\",\"width\":218,\"height\":104,\"caption\":\"UNED Pamplona\"},\"image\":{\"@id\":\"https:\/\/unedpamplona.es\/eu\/#\/schema\/logo\/image\/\"},\"sameAs\":[\"https:\/\/x.com\/unedpamplona\",\"https:\/\/www.youtube.com\/channel\/UCR2jc6TbCMAPnbcA17Z0wwg\",\"https:\/\/www.instagram.com\/unedpamplona\/\"]}]}<\/script>\n<!-- \/ Yoast SEO plugin. -->","yoast_head_json":{"title":"Curso sobre los microrrelatos: la esencia de una historia en pocas palabras - UNED Pamplona","robots":{"index":"index","follow":"follow","max-snippet":"max-snippet:-1","max-image-preview":"max-image-preview:large","max-video-preview":"max-video-preview:-1"},"canonical":"https:\/\/unedpamplona.es\/eu\/cursos-conferencias\/curso-sobre-los-microrrelatos-la-esencia-de-una-historia-en-pocas-palabras\/","og_locale":"eu_ES","og_type":"article","og_title":"Curso sobre los microrrelatos: la esencia de una historia en pocas palabras - UNED Pamplona","og_description":"UNED Pamplona ha organizado el curso sobre los microrrelatos: la esencia de una historia en pocas palabras (nivel avanzado). El curso se celebrar\u00e1 del 9 de octubre al 18 de diciembre, de 18:00 a 20:00 h. El microrrelato es la manifestaci\u00f3n literaria m\u00e1s novedosa y cercana en el tiempo. Se considera el cuarto g\u00e9nero narrativo [&hellip;]","og_url":"https:\/\/unedpamplona.es\/eu\/cursos-conferencias\/curso-sobre-los-microrrelatos-la-esencia-de-una-historia-en-pocas-palabras\/","og_site_name":"UNED Pamplona","article_modified_time":"2025-10-06T10:58:23+00:00","og_image":[{"width":1261,"height":488,"url":"https:\/\/unedpamplona.es\/wp-content\/uploads\/2025\/10\/Microrrelatos2.jpeg","type":"image\/jpeg"}],"twitter_card":"summary_large_image","twitter_site":"@unedpamplona","twitter_misc":{"Est. reading time":"2 minutes"},"schema":{"@context":"https:\/\/schema.org","@graph":[{"@type":"WebPage","@id":"https:\/\/unedpamplona.es\/eu\/cursos-conferencias\/curso-sobre-los-microrrelatos-la-esencia-de-una-historia-en-pocas-palabras\/","url":"https:\/\/unedpamplona.es\/eu\/cursos-conferencias\/curso-sobre-los-microrrelatos-la-esencia-de-una-historia-en-pocas-palabras\/","name":"Curso sobre los microrrelatos: la esencia de una historia en pocas palabras - UNED Pamplona","isPartOf":{"@id":"https:\/\/unedpamplona.es\/eu\/#website"},"primaryImageOfPage":{"@id":"https:\/\/unedpamplona.es\/eu\/cursos-conferencias\/curso-sobre-los-microrrelatos-la-esencia-de-una-historia-en-pocas-palabras\/#primaryimage"},"image":{"@id":"https:\/\/unedpamplona.es\/eu\/cursos-conferencias\/curso-sobre-los-microrrelatos-la-esencia-de-una-historia-en-pocas-palabras\/#primaryimage"},"thumbnailUrl":"https:\/\/unedpamplona.es\/wp-content\/uploads\/2025\/10\/Microrrelatos2.jpeg","datePublished":"2025-10-06T09:59:10+00:00","dateModified":"2025-10-06T10:58:23+00:00","inLanguage":"eu-ES","potentialAction":[{"@type":"ReadAction","target":["https:\/\/unedpamplona.es\/eu\/cursos-conferencias\/curso-sobre-los-microrrelatos-la-esencia-de-una-historia-en-pocas-palabras\/"]}]},{"@type":"ImageObject","inLanguage":"eu-ES","@id":"https:\/\/unedpamplona.es\/eu\/cursos-conferencias\/curso-sobre-los-microrrelatos-la-esencia-de-una-historia-en-pocas-palabras\/#primaryimage","url":"https:\/\/unedpamplona.es\/wp-content\/uploads\/2025\/10\/Microrrelatos2.jpeg","contentUrl":"https:\/\/unedpamplona.es\/wp-content\/uploads\/2025\/10\/Microrrelatos2.jpeg","width":1261,"height":488},{"@type":"WebSite","@id":"https:\/\/unedpamplona.es\/eu\/#website","url":"https:\/\/unedpamplona.es\/eu\/","name":"UNED Pamplona","description":"","publisher":{"@id":"https:\/\/unedpamplona.es\/eu\/#organization"},"potentialAction":[{"@type":"SearchAction","target":{"@type":"EntryPoint","urlTemplate":"https:\/\/unedpamplona.es\/eu\/?s={search_term_string}"},"query-input":"required name=search_term_string"}],"inLanguage":"eu-ES"},{"@type":"Organization","@id":"https:\/\/unedpamplona.es\/eu\/#organization","name":"UNED Pamplona","url":"https:\/\/unedpamplona.es\/eu\/","logo":{"@type":"ImageObject","inLanguage":"eu-ES","@id":"https:\/\/unedpamplona.es\/eu\/#\/schema\/logo\/image\/","url":"https:\/\/unedpamplona.es\/wp-content\/uploads\/2024\/02\/uned_pamplona_logo.png","contentUrl":"https:\/\/unedpamplona.es\/wp-content\/uploads\/2024\/02\/uned_pamplona_logo.png","width":218,"height":104,"caption":"UNED Pamplona"},"image":{"@id":"https:\/\/unedpamplona.es\/eu\/#\/schema\/logo\/image\/"},"sameAs":["https:\/\/x.com\/unedpamplona","https:\/\/www.youtube.com\/channel\/UCR2jc6TbCMAPnbcA17Z0wwg","https:\/\/www.instagram.com\/unedpamplona\/"]}]}},"_links":{"self":[{"href":"https:\/\/unedpamplona.es\/eu\/wp-json\/wp\/v2\/cursos_conferencias\/13664"}],"collection":[{"href":"https:\/\/unedpamplona.es\/eu\/wp-json\/wp\/v2\/cursos_conferencias"}],"about":[{"href":"https:\/\/unedpamplona.es\/eu\/wp-json\/wp\/v2\/types\/cursos_conferencias"}],"version-history":[{"count":4,"href":"https:\/\/unedpamplona.es\/eu\/wp-json\/wp\/v2\/cursos_conferencias\/13664\/revisions"}],"predecessor-version":[{"id":13670,"href":"https:\/\/unedpamplona.es\/eu\/wp-json\/wp\/v2\/cursos_conferencias\/13664\/revisions\/13670"}],"wp:featuredmedia":[{"embeddable":true,"href":"https:\/\/unedpamplona.es\/eu\/wp-json\/wp\/v2\/media\/13665"}],"wp:attachment":[{"href":"https:\/\/unedpamplona.es\/eu\/wp-json\/wp\/v2\/media?parent=13664"}],"wp:term":[{"taxonomy":"tipo_de_recurso","embeddable":true,"href":"https:\/\/unedpamplona.es\/eu\/wp-json\/wp\/v2\/tipo_de_recurso?post=13664"}],"curies":[{"name":"wp","href":"https:\/\/api.w.org\/{rel}","templated":true}]}}