{"id":13680,"date":"2025-10-03T12:29:06","date_gmt":"2025-10-03T10:29:06","guid":{"rendered":"https:\/\/unedpamplona.es\/?post_type=cursos_conferencias&#038;p=13680"},"modified":"2025-10-08T12:38:07","modified_gmt":"2025-10-08T10:38:07","slug":"urso-uso-de-las-plataformas-educativas-web-en-la-uned-agora-2025-2026","status":"publish","type":"cursos_conferencias","link":"https:\/\/unedpamplona.es\/eu\/cursos-conferencias\/urso-uso-de-las-plataformas-educativas-web-en-la-uned-agora-2025-2026\/","title":{"rendered":"Curso Uso de las Plataformas Educativas Web en la UNED: \u00c1GORA 2025-2026"},"content":{"rendered":"<div class=\"decoracionSuperior\">\n<div class=\"Quontrol QuontrolWebDiapositivas_diapositivas sl click\" data-q_plantilla=\"0\" data-q_clase=\"WebDiapositivas\" data-q_sl=\"1\" data-q_funcion=\"diapositivas\" data-q_where=\"qweb_paginas.id='111103460' and qweb_web.id='59' and (campo='header' and tema='centro')\" data-q_agrupacion=\"\" data-q_api=\"Web.WebPaginas.WebDiapositivas.diapositivas\" data-q_carga_id=\"1111118678\" data-sobreescribe-solo-primera=\"1\" data-padre_id=\"111103460\" data-padre_clase=\"WebPaginas\" data-class=\" sl \">\n<div class=\"Quontrol QuontrolWebDiapositivas_diapositiva qResponsive diapositiva_banner bloque t2 extensionUNED blue expandido textoL diapositiva76055 clave_detalleActividadCentro sl start resizeObserved xxs xs s m l xl xxl max q0 q1 q2 q3 q4 q5 q6 q7 q8 q9 i_max\" role=\"tab\" data-q_plantilla=\"0\" data-q_clase=\"WebDiapositivas\" data-q_sl=\"1\" data-q_funcion=\"diapositiva\" data-q_where=\"qweb_paginas.id='111103460' and qweb_web.id='59' and (campo='header' and tema='centro') AND ( ISNULL(idPadre) and visible=1)\" data-q_agrupacion=\"\" data-q_api=\"Web.WebPaginas.WebDiapositivas.diapositiva\" data-q_carga_id=\"1111118678\" data-datos=\"{&quot;titulo&quot;:&quot;Curso Uso de las Plataformas Educativas Web en la UNED: \\u00c1GORA 2025-2026&quot;,&quot;enlace&quot;:&quot;&quot;,&quot;categoria&quot;:&quot;del 27 al 28 de octubre de 2025&quot;,&quot;imagenFondo&quot;:&quot;archivos_publicos\\\/webex_actividades\\\/33077\\\/recorte20230926144038.jpg&quot;,&quot;estilo&quot;:&quot;&quot;,&quot;clases&quot;:&quot; textoL&quot;}\" data-tiempo=\"5000\" data-class=\"qResponsive diapositiva_banner bloque t2 extensionUNED blue expandido textoL diapositiva76055 clave_detalleActividadCentro sl \">\n<div class=\"textoBanner\" role=\"banner\">El Centro Asociado de la UNED en Pamplona organiza un curso sobre la ut<strong>ilizaci\u00f3n de la plataforma educativa web en la UNED: \u00c1GORA.<\/strong> Este recurso permite la comunicaci\u00f3n entre el profesorado y estudiantes de las asignaturas a trav\u00e9s de Internet y con \u00e9l se pretende que las personas estudiantes puedan obtener el m\u00e1ximo rendimiento. El curso est\u00e1 dividido en dos sesiones: una informativa con fecha \u00fanica, y un taller pr\u00e1ctico.<\/div>\n<\/div>\n<\/div>\n<\/div>\n<div id=\"contenido\" class=\"idioma_es qWeb_actividad\">\n<div id=\"contenedor_central\">\n<div id=\"principal\">\n<div class=\"contenedor_actividad\">\n<p>La sesi\u00f3n informativa \u00fanica se imparte <strong>en l\u00ednea y en diferido.<\/strong><\/p>\n<p>El taller pr\u00e1ctico ser\u00e1 exclusivamente de forma presencial en el Centro Asociado de UNED Pamplona y se requiere confirmaci\u00f3n de asistencia, a trav\u00e9s del siguiente correo electr\u00f3nico <strong>coie@pamplona.uned.es<\/strong><\/p>\n<div><strong>Programa<\/strong><\/div>\n<dl id=\"\">\n<dd>\n<ul id=\"programa\">\n<li><span class=\"fechas_programa\">lunes, 27 de octubre<\/span>\n<ul>\n<li><span class=\"h\">18:00-19:00 h.<\/span>\u00a0<span class=\"t color_b3\">SESI\u00d3N INFORMATIVA \u00daNICA (OBLIGATORIA)<\/span>\n<ul class=\"listaPonente\">\n<li class=\"datosPonentes\"><span class=\"ponente\">Gregorio Buldain Zozaya<\/span>\u00a0<span class=\"cargo\"><span class=\"cargo_ponente\">Profesor Departamento de Inform\u00e1tica UNED Pamplona<\/span><\/span><\/li>\n<\/ul>\n<\/li>\n<\/ul>\n<\/li>\n<li><span class=\"fechas_programa\">martes, 28 de octubre<\/span>\n<ul>\n<li><span class=\"h\">18:00-19:00 h.<\/span>\u00a0<span class=\"t color_b3\">Taller pr\u00e1ctico exclusivamente presencial reservando plaza en el siguiente correo electr\u00f3nico coie@pamplona.uned.es<\/span>\n<ul class=\"listaPonente\">\n<li class=\"datosPonentes\"><span class=\"ponente\">Gregorio Buldain Zozaya<\/span>\u00a0<span class=\"cargo\"><span class=\"cargo_ponente\">Profesor Departamento de Inform\u00e1tica UNED Pamplona<\/span><\/span><\/li>\n<\/ul>\n<\/li>\n<\/ul>\n<\/li>\n<\/ul>\n<\/dd>\n<\/dl>\n<\/div>\n<\/div>\n<\/div>\n<\/div>\n","protected":false},"featured_media":13681,"template":"","tipo_de_recurso":[],"yoast_head":"<!-- This site is optimized with the Yoast SEO plugin v22.5 - https:\/\/yoast.com\/wordpress\/plugins\/seo\/ -->\n<title>Curso Uso de las Plataformas Educativas Web en la UNED: \u00c1GORA 2025-2026 - UNED Pamplona<\/title>\n<meta name=\"robots\" content=\"index, follow, max-snippet:-1, max-image-preview:large, max-video-preview:-1\" \/>\n<link rel=\"canonical\" href=\"https:\/\/unedpamplona.es\/eu\/cursos-conferencias\/urso-uso-de-las-plataformas-educativas-web-en-la-uned-agora-2025-2026\/\" \/>\n<meta property=\"og:locale\" content=\"eu_ES\" \/>\n<meta property=\"og:type\" content=\"article\" \/>\n<meta property=\"og:title\" content=\"Curso Uso de las Plataformas Educativas Web en la UNED: \u00c1GORA 2025-2026 - UNED Pamplona\" \/>\n<meta property=\"og:description\" content=\"El Centro Asociado de la UNED en Pamplona organiza un curso sobre la utilizaci\u00f3n de la plataforma educativa web en la UNED: \u00c1GORA. Este recurso permite la comunicaci\u00f3n entre el profesorado y estudiantes de las asignaturas a trav\u00e9s de Internet y con \u00e9l se pretende que las personas estudiantes puedan obtener el m\u00e1ximo rendimiento. El [&hellip;]\" \/>\n<meta property=\"og:url\" content=\"https:\/\/unedpamplona.es\/eu\/cursos-conferencias\/urso-uso-de-las-plataformas-educativas-web-en-la-uned-agora-2025-2026\/\" \/>\n<meta property=\"og:site_name\" content=\"UNED Pamplona\" \/>\n<meta property=\"article:modified_time\" content=\"2025-10-08T10:38:07+00:00\" \/>\n<meta property=\"og:image\" content=\"https:\/\/unedpamplona.es\/wp-content\/uploads\/2025\/10\/Metodosaprendizaje.jpeg\" \/>\n\t<meta property=\"og:image:width\" content=\"1258\" \/>\n\t<meta property=\"og:image:height\" content=\"490\" \/>\n\t<meta property=\"og:image:type\" content=\"image\/jpeg\" \/>\n<meta name=\"twitter:card\" content=\"summary_large_image\" \/>\n<meta name=\"twitter:site\" content=\"@unedpamplona\" \/>\n<meta name=\"twitter:label1\" content=\"Est. reading time\" \/>\n\t<meta name=\"twitter:data1\" content=\"1 minute\" \/>\n<script type=\"application\/ld+json\" class=\"yoast-schema-graph\">{\"@context\":\"https:\/\/schema.org\",\"@graph\":[{\"@type\":\"WebPage\",\"@id\":\"https:\/\/unedpamplona.es\/eu\/cursos-conferencias\/urso-uso-de-las-plataformas-educativas-web-en-la-uned-agora-2025-2026\/\",\"url\":\"https:\/\/unedpamplona.es\/eu\/cursos-conferencias\/urso-uso-de-las-plataformas-educativas-web-en-la-uned-agora-2025-2026\/\",\"name\":\"Curso Uso de las Plataformas Educativas Web en la UNED: \u00c1GORA 2025-2026 - UNED Pamplona\",\"isPartOf\":{\"@id\":\"https:\/\/unedpamplona.es\/eu\/#website\"},\"primaryImageOfPage\":{\"@id\":\"https:\/\/unedpamplona.es\/eu\/cursos-conferencias\/urso-uso-de-las-plataformas-educativas-web-en-la-uned-agora-2025-2026\/#primaryimage\"},\"image\":{\"@id\":\"https:\/\/unedpamplona.es\/eu\/cursos-conferencias\/urso-uso-de-las-plataformas-educativas-web-en-la-uned-agora-2025-2026\/#primaryimage\"},\"thumbnailUrl\":\"https:\/\/unedpamplona.es\/wp-content\/uploads\/2025\/10\/Metodosaprendizaje.jpeg\",\"datePublished\":\"2025-10-03T10:29:06+00:00\",\"dateModified\":\"2025-10-08T10:38:07+00:00\",\"inLanguage\":\"eu-ES\",\"potentialAction\":[{\"@type\":\"ReadAction\",\"target\":[\"https:\/\/unedpamplona.es\/eu\/cursos-conferencias\/urso-uso-de-las-plataformas-educativas-web-en-la-uned-agora-2025-2026\/\"]}]},{\"@type\":\"ImageObject\",\"inLanguage\":\"eu-ES\",\"@id\":\"https:\/\/unedpamplona.es\/eu\/cursos-conferencias\/urso-uso-de-las-plataformas-educativas-web-en-la-uned-agora-2025-2026\/#primaryimage\",\"url\":\"https:\/\/unedpamplona.es\/wp-content\/uploads\/2025\/10\/Metodosaprendizaje.jpeg\",\"contentUrl\":\"https:\/\/unedpamplona.es\/wp-content\/uploads\/2025\/10\/Metodosaprendizaje.jpeg\",\"width\":1258,\"height\":490},{\"@type\":\"WebSite\",\"@id\":\"https:\/\/unedpamplona.es\/eu\/#website\",\"url\":\"https:\/\/unedpamplona.es\/eu\/\",\"name\":\"UNED Pamplona\",\"description\":\"\",\"publisher\":{\"@id\":\"https:\/\/unedpamplona.es\/eu\/#organization\"},\"potentialAction\":[{\"@type\":\"SearchAction\",\"target\":{\"@type\":\"EntryPoint\",\"urlTemplate\":\"https:\/\/unedpamplona.es\/eu\/?s={search_term_string}\"},\"query-input\":\"required name=search_term_string\"}],\"inLanguage\":\"eu-ES\"},{\"@type\":\"Organization\",\"@id\":\"https:\/\/unedpamplona.es\/eu\/#organization\",\"name\":\"UNED Pamplona\",\"url\":\"https:\/\/unedpamplona.es\/eu\/\",\"logo\":{\"@type\":\"ImageObject\",\"inLanguage\":\"eu-ES\",\"@id\":\"https:\/\/unedpamplona.es\/eu\/#\/schema\/logo\/image\/\",\"url\":\"https:\/\/unedpamplona.es\/wp-content\/uploads\/2024\/02\/uned_pamplona_logo.png\",\"contentUrl\":\"https:\/\/unedpamplona.es\/wp-content\/uploads\/2024\/02\/uned_pamplona_logo.png\",\"width\":218,\"height\":104,\"caption\":\"UNED Pamplona\"},\"image\":{\"@id\":\"https:\/\/unedpamplona.es\/eu\/#\/schema\/logo\/image\/\"},\"sameAs\":[\"https:\/\/x.com\/unedpamplona\",\"https:\/\/www.youtube.com\/channel\/UCR2jc6TbCMAPnbcA17Z0wwg\",\"https:\/\/www.instagram.com\/unedpamplona\/\"]}]}<\/script>\n<!-- \/ Yoast SEO plugin. -->","yoast_head_json":{"title":"Curso Uso de las Plataformas Educativas Web en la UNED: \u00c1GORA 2025-2026 - UNED Pamplona","robots":{"index":"index","follow":"follow","max-snippet":"max-snippet:-1","max-image-preview":"max-image-preview:large","max-video-preview":"max-video-preview:-1"},"canonical":"https:\/\/unedpamplona.es\/eu\/cursos-conferencias\/urso-uso-de-las-plataformas-educativas-web-en-la-uned-agora-2025-2026\/","og_locale":"eu_ES","og_type":"article","og_title":"Curso Uso de las Plataformas Educativas Web en la UNED: \u00c1GORA 2025-2026 - UNED Pamplona","og_description":"El Centro Asociado de la UNED en Pamplona organiza un curso sobre la utilizaci\u00f3n de la plataforma educativa web en la UNED: \u00c1GORA. Este recurso permite la comunicaci\u00f3n entre el profesorado y estudiantes de las asignaturas a trav\u00e9s de Internet y con \u00e9l se pretende que las personas estudiantes puedan obtener el m\u00e1ximo rendimiento. El [&hellip;]","og_url":"https:\/\/unedpamplona.es\/eu\/cursos-conferencias\/urso-uso-de-las-plataformas-educativas-web-en-la-uned-agora-2025-2026\/","og_site_name":"UNED Pamplona","article_modified_time":"2025-10-08T10:38:07+00:00","og_image":[{"width":1258,"height":490,"url":"https:\/\/unedpamplona.es\/wp-content\/uploads\/2025\/10\/Metodosaprendizaje.jpeg","type":"image\/jpeg"}],"twitter_card":"summary_large_image","twitter_site":"@unedpamplona","twitter_misc":{"Est. reading time":"1 minute"},"schema":{"@context":"https:\/\/schema.org","@graph":[{"@type":"WebPage","@id":"https:\/\/unedpamplona.es\/eu\/cursos-conferencias\/urso-uso-de-las-plataformas-educativas-web-en-la-uned-agora-2025-2026\/","url":"https:\/\/unedpamplona.es\/eu\/cursos-conferencias\/urso-uso-de-las-plataformas-educativas-web-en-la-uned-agora-2025-2026\/","name":"Curso Uso de las Plataformas Educativas Web en la UNED: \u00c1GORA 2025-2026 - UNED Pamplona","isPartOf":{"@id":"https:\/\/unedpamplona.es\/eu\/#website"},"primaryImageOfPage":{"@id":"https:\/\/unedpamplona.es\/eu\/cursos-conferencias\/urso-uso-de-las-plataformas-educativas-web-en-la-uned-agora-2025-2026\/#primaryimage"},"image":{"@id":"https:\/\/unedpamplona.es\/eu\/cursos-conferencias\/urso-uso-de-las-plataformas-educativas-web-en-la-uned-agora-2025-2026\/#primaryimage"},"thumbnailUrl":"https:\/\/unedpamplona.es\/wp-content\/uploads\/2025\/10\/Metodosaprendizaje.jpeg","datePublished":"2025-10-03T10:29:06+00:00","dateModified":"2025-10-08T10:38:07+00:00","inLanguage":"eu-ES","potentialAction":[{"@type":"ReadAction","target":["https:\/\/unedpamplona.es\/eu\/cursos-conferencias\/urso-uso-de-las-plataformas-educativas-web-en-la-uned-agora-2025-2026\/"]}]},{"@type":"ImageObject","inLanguage":"eu-ES","@id":"https:\/\/unedpamplona.es\/eu\/cursos-conferencias\/urso-uso-de-las-plataformas-educativas-web-en-la-uned-agora-2025-2026\/#primaryimage","url":"https:\/\/unedpamplona.es\/wp-content\/uploads\/2025\/10\/Metodosaprendizaje.jpeg","contentUrl":"https:\/\/unedpamplona.es\/wp-content\/uploads\/2025\/10\/Metodosaprendizaje.jpeg","width":1258,"height":490},{"@type":"WebSite","@id":"https:\/\/unedpamplona.es\/eu\/#website","url":"https:\/\/unedpamplona.es\/eu\/","name":"UNED Pamplona","description":"","publisher":{"@id":"https:\/\/unedpamplona.es\/eu\/#organization"},"potentialAction":[{"@type":"SearchAction","target":{"@type":"EntryPoint","urlTemplate":"https:\/\/unedpamplona.es\/eu\/?s={search_term_string}"},"query-input":"required name=search_term_string"}],"inLanguage":"eu-ES"},{"@type":"Organization","@id":"https:\/\/unedpamplona.es\/eu\/#organization","name":"UNED Pamplona","url":"https:\/\/unedpamplona.es\/eu\/","logo":{"@type":"ImageObject","inLanguage":"eu-ES","@id":"https:\/\/unedpamplona.es\/eu\/#\/schema\/logo\/image\/","url":"https:\/\/unedpamplona.es\/wp-content\/uploads\/2024\/02\/uned_pamplona_logo.png","contentUrl":"https:\/\/unedpamplona.es\/wp-content\/uploads\/2024\/02\/uned_pamplona_logo.png","width":218,"height":104,"caption":"UNED Pamplona"},"image":{"@id":"https:\/\/unedpamplona.es\/eu\/#\/schema\/logo\/image\/"},"sameAs":["https:\/\/x.com\/unedpamplona","https:\/\/www.youtube.com\/channel\/UCR2jc6TbCMAPnbcA17Z0wwg","https:\/\/www.instagram.com\/unedpamplona\/"]}]}},"_links":{"self":[{"href":"https:\/\/unedpamplona.es\/eu\/wp-json\/wp\/v2\/cursos_conferencias\/13680"}],"collection":[{"href":"https:\/\/unedpamplona.es\/eu\/wp-json\/wp\/v2\/cursos_conferencias"}],"about":[{"href":"https:\/\/unedpamplona.es\/eu\/wp-json\/wp\/v2\/types\/cursos_conferencias"}],"version-history":[{"count":3,"href":"https:\/\/unedpamplona.es\/eu\/wp-json\/wp\/v2\/cursos_conferencias\/13680\/revisions"}],"predecessor-version":[{"id":13701,"href":"https:\/\/unedpamplona.es\/eu\/wp-json\/wp\/v2\/cursos_conferencias\/13680\/revisions\/13701"}],"wp:featuredmedia":[{"embeddable":true,"href":"https:\/\/unedpamplona.es\/eu\/wp-json\/wp\/v2\/media\/13681"}],"wp:attachment":[{"href":"https:\/\/unedpamplona.es\/eu\/wp-json\/wp\/v2\/media?parent=13680"}],"wp:term":[{"taxonomy":"tipo_de_recurso","embeddable":true,"href":"https:\/\/unedpamplona.es\/eu\/wp-json\/wp\/v2\/tipo_de_recurso?post=13680"}],"curies":[{"name":"wp","href":"https:\/\/api.w.org\/{rel}","templated":true}]}}