{"id":13698,"date":"2025-10-06T12:53:34","date_gmt":"2025-10-06T10:53:34","guid":{"rendered":"https:\/\/unedpamplona.es\/?post_type=cursos_conferencias&#038;p=13698"},"modified":"2025-10-08T12:40:32","modified_gmt":"2025-10-08T10:40:32","slug":"conferencia-online-inteligencia-emocional-en-familia","status":"publish","type":"cursos_conferencias","link":"https:\/\/unedpamplona.es\/eu\/cursos-conferencias\/conferencia-online-inteligencia-emocional-en-familia\/","title":{"rendered":"Conferencia online &#8220;Inteligencia emocional en familia&#8221;"},"content":{"rendered":"<p>En un mundo cada vez m\u00e1s acelerado y exigente, la inteligencia emocional se convierte en una de las herramientas m\u00e1s valiosas para favorecer el bienestar de nuestros hijos y para construir relaciones familiares m\u00e1s sanas, positivas y enriquecedoras.<\/p>\n<p>Asistencia online en directo o en diferido, sin necesidad de ir al centro.<\/p>\n<div class=\"cajasActividad\">\n<div class=\"cuadro_verde bcolor_a1\"><\/div>\n<\/div>\n<div>Programa<\/div>\n<dl id=\"\">\n<dd>\n<ul id=\"programa\">\n<li><span class=\"fechas_programa\">jueves, 16 de octubre<\/span>\n<ul>\n<li><span class=\"h\">19:00-20:30 h.<\/span>\u00a0<span class=\"t color_b3\">Conferencia: Inteligencia emocional en familia<\/span>\n<div class=\"t color_b3\">En esta conferencia descubriremos c\u00f3mo podemos, como madres y padres, ayudar a nuestros hijos a reconocer, comprender y gestionar lo que sienten y tambi\u00e9n ser los mejores referentes. Lejos de ser un concepto abstracto, la educaci\u00f3n emocional se traduce en pr\u00e1cticas muy concretas que podemos incorporar en el d\u00eda a d\u00eda: desde validar sus emociones, hasta ofrecerles estrategias sencillas para afrontar la frustraci\u00f3n, la tristeza, la ira o el miedo. Partiremos de la evidencia cient\u00edfica para entender por qu\u00e9 las emociones juegan un papel central en el d\u00eda a d\u00eda, en la toma de decisiones y en las relaciones interpersonales. A trav\u00e9s de ejemplos pr\u00e1cticos, exploraremos c\u00f3mo la familia se convierte en el primer espacio de aprendizaje socioemocional, un lugar donde los ni\u00f1os y adolescentes aprenden, casi sin darse cuenta, a nombrar, regular y expresar lo que sienten.<\/div>\n<ul class=\"listaPonente\">\n<li class=\"datosPonentes\"><span class=\"ponente\">Ruth Castillo Gualda<\/span>\u00a0<span class=\"cargo\"><span class=\"cargo_ponente\">Doctora en Psicolog\u00eda. Profesora en las Facultades de Salud y de Educaci\u00f3n de la Universidad Camilo Jos\u00e9 Cela<\/span><\/span><\/li>\n<\/ul>\n<\/li>\n<\/ul>\n<\/li>\n<\/ul>\n<\/dd>\n<\/dl>\n","protected":false},"featured_media":13609,"template":"","tipo_de_recurso":[],"yoast_head":"<!-- This site is optimized with the Yoast SEO plugin v22.5 - https:\/\/yoast.com\/wordpress\/plugins\/seo\/ -->\n<title>Conferencia online &quot;Inteligencia emocional en familia&quot; - UNED Pamplona<\/title>\n<meta name=\"robots\" content=\"index, follow, max-snippet:-1, max-image-preview:large, max-video-preview:-1\" \/>\n<link rel=\"canonical\" href=\"https:\/\/unedpamplona.es\/eu\/cursos-conferencias\/conferencia-online-inteligencia-emocional-en-familia\/\" \/>\n<meta property=\"og:locale\" content=\"eu_ES\" \/>\n<meta property=\"og:type\" content=\"article\" \/>\n<meta property=\"og:title\" content=\"Conferencia online &quot;Inteligencia emocional en familia&quot; - UNED Pamplona\" \/>\n<meta property=\"og:description\" content=\"En un mundo cada vez m\u00e1s acelerado y exigente, la inteligencia emocional se convierte en una de las herramientas m\u00e1s valiosas para favorecer el bienestar de nuestros hijos y para construir relaciones familiares m\u00e1s sanas, positivas y enriquecedoras. Asistencia online en directo o en diferido, sin necesidad de ir al centro. Programa jueves, 16 de [&hellip;]\" \/>\n<meta property=\"og:url\" content=\"https:\/\/unedpamplona.es\/eu\/cursos-conferencias\/conferencia-online-inteligencia-emocional-en-familia\/\" \/>\n<meta property=\"og:site_name\" content=\"UNED Pamplona\" \/>\n<meta property=\"article:modified_time\" content=\"2025-10-08T10:40:32+00:00\" \/>\n<meta property=\"og:image\" content=\"https:\/\/unedpamplona.es\/wp-content\/uploads\/2025\/10\/CIE.jpeg\" \/>\n\t<meta property=\"og:image:width\" content=\"892\" \/>\n\t<meta property=\"og:image:height\" content=\"496\" \/>\n\t<meta property=\"og:image:type\" content=\"image\/jpeg\" \/>\n<meta name=\"twitter:card\" content=\"summary_large_image\" \/>\n<meta name=\"twitter:site\" content=\"@unedpamplona\" \/>\n<meta name=\"twitter:label1\" content=\"Est. reading time\" \/>\n\t<meta name=\"twitter:data1\" content=\"2 minutes\" \/>\n<script type=\"application\/ld+json\" class=\"yoast-schema-graph\">{\"@context\":\"https:\/\/schema.org\",\"@graph\":[{\"@type\":\"WebPage\",\"@id\":\"https:\/\/unedpamplona.es\/eu\/cursos-conferencias\/conferencia-online-inteligencia-emocional-en-familia\/\",\"url\":\"https:\/\/unedpamplona.es\/eu\/cursos-conferencias\/conferencia-online-inteligencia-emocional-en-familia\/\",\"name\":\"Conferencia online \\\"Inteligencia emocional en familia\\\" - UNED Pamplona\",\"isPartOf\":{\"@id\":\"https:\/\/unedpamplona.es\/eu\/#website\"},\"primaryImageOfPage\":{\"@id\":\"https:\/\/unedpamplona.es\/eu\/cursos-conferencias\/conferencia-online-inteligencia-emocional-en-familia\/#primaryimage\"},\"image\":{\"@id\":\"https:\/\/unedpamplona.es\/eu\/cursos-conferencias\/conferencia-online-inteligencia-emocional-en-familia\/#primaryimage\"},\"thumbnailUrl\":\"https:\/\/unedpamplona.es\/wp-content\/uploads\/2025\/10\/CIE.jpeg\",\"datePublished\":\"2025-10-06T10:53:34+00:00\",\"dateModified\":\"2025-10-08T10:40:32+00:00\",\"inLanguage\":\"eu-ES\",\"potentialAction\":[{\"@type\":\"ReadAction\",\"target\":[\"https:\/\/unedpamplona.es\/eu\/cursos-conferencias\/conferencia-online-inteligencia-emocional-en-familia\/\"]}]},{\"@type\":\"ImageObject\",\"inLanguage\":\"eu-ES\",\"@id\":\"https:\/\/unedpamplona.es\/eu\/cursos-conferencias\/conferencia-online-inteligencia-emocional-en-familia\/#primaryimage\",\"url\":\"https:\/\/unedpamplona.es\/wp-content\/uploads\/2025\/10\/CIE.jpeg\",\"contentUrl\":\"https:\/\/unedpamplona.es\/wp-content\/uploads\/2025\/10\/CIE.jpeg\",\"width\":892,\"height\":496},{\"@type\":\"WebSite\",\"@id\":\"https:\/\/unedpamplona.es\/eu\/#website\",\"url\":\"https:\/\/unedpamplona.es\/eu\/\",\"name\":\"UNED Pamplona\",\"description\":\"\",\"publisher\":{\"@id\":\"https:\/\/unedpamplona.es\/eu\/#organization\"},\"potentialAction\":[{\"@type\":\"SearchAction\",\"target\":{\"@type\":\"EntryPoint\",\"urlTemplate\":\"https:\/\/unedpamplona.es\/eu\/?s={search_term_string}\"},\"query-input\":\"required name=search_term_string\"}],\"inLanguage\":\"eu-ES\"},{\"@type\":\"Organization\",\"@id\":\"https:\/\/unedpamplona.es\/eu\/#organization\",\"name\":\"UNED Pamplona\",\"url\":\"https:\/\/unedpamplona.es\/eu\/\",\"logo\":{\"@type\":\"ImageObject\",\"inLanguage\":\"eu-ES\",\"@id\":\"https:\/\/unedpamplona.es\/eu\/#\/schema\/logo\/image\/\",\"url\":\"https:\/\/unedpamplona.es\/wp-content\/uploads\/2024\/02\/uned_pamplona_logo.png\",\"contentUrl\":\"https:\/\/unedpamplona.es\/wp-content\/uploads\/2024\/02\/uned_pamplona_logo.png\",\"width\":218,\"height\":104,\"caption\":\"UNED Pamplona\"},\"image\":{\"@id\":\"https:\/\/unedpamplona.es\/eu\/#\/schema\/logo\/image\/\"},\"sameAs\":[\"https:\/\/x.com\/unedpamplona\",\"https:\/\/www.youtube.com\/channel\/UCR2jc6TbCMAPnbcA17Z0wwg\",\"https:\/\/www.instagram.com\/unedpamplona\/\"]}]}<\/script>\n<!-- \/ Yoast SEO plugin. -->","yoast_head_json":{"title":"Conferencia online \"Inteligencia emocional en familia\" - UNED Pamplona","robots":{"index":"index","follow":"follow","max-snippet":"max-snippet:-1","max-image-preview":"max-image-preview:large","max-video-preview":"max-video-preview:-1"},"canonical":"https:\/\/unedpamplona.es\/eu\/cursos-conferencias\/conferencia-online-inteligencia-emocional-en-familia\/","og_locale":"eu_ES","og_type":"article","og_title":"Conferencia online \"Inteligencia emocional en familia\" - UNED Pamplona","og_description":"En un mundo cada vez m\u00e1s acelerado y exigente, la inteligencia emocional se convierte en una de las herramientas m\u00e1s valiosas para favorecer el bienestar de nuestros hijos y para construir relaciones familiares m\u00e1s sanas, positivas y enriquecedoras. Asistencia online en directo o en diferido, sin necesidad de ir al centro. Programa jueves, 16 de [&hellip;]","og_url":"https:\/\/unedpamplona.es\/eu\/cursos-conferencias\/conferencia-online-inteligencia-emocional-en-familia\/","og_site_name":"UNED Pamplona","article_modified_time":"2025-10-08T10:40:32+00:00","og_image":[{"width":892,"height":496,"url":"https:\/\/unedpamplona.es\/wp-content\/uploads\/2025\/10\/CIE.jpeg","type":"image\/jpeg"}],"twitter_card":"summary_large_image","twitter_site":"@unedpamplona","twitter_misc":{"Est. reading time":"2 minutes"},"schema":{"@context":"https:\/\/schema.org","@graph":[{"@type":"WebPage","@id":"https:\/\/unedpamplona.es\/eu\/cursos-conferencias\/conferencia-online-inteligencia-emocional-en-familia\/","url":"https:\/\/unedpamplona.es\/eu\/cursos-conferencias\/conferencia-online-inteligencia-emocional-en-familia\/","name":"Conferencia online \"Inteligencia emocional en familia\" - UNED Pamplona","isPartOf":{"@id":"https:\/\/unedpamplona.es\/eu\/#website"},"primaryImageOfPage":{"@id":"https:\/\/unedpamplona.es\/eu\/cursos-conferencias\/conferencia-online-inteligencia-emocional-en-familia\/#primaryimage"},"image":{"@id":"https:\/\/unedpamplona.es\/eu\/cursos-conferencias\/conferencia-online-inteligencia-emocional-en-familia\/#primaryimage"},"thumbnailUrl":"https:\/\/unedpamplona.es\/wp-content\/uploads\/2025\/10\/CIE.jpeg","datePublished":"2025-10-06T10:53:34+00:00","dateModified":"2025-10-08T10:40:32+00:00","inLanguage":"eu-ES","potentialAction":[{"@type":"ReadAction","target":["https:\/\/unedpamplona.es\/eu\/cursos-conferencias\/conferencia-online-inteligencia-emocional-en-familia\/"]}]},{"@type":"ImageObject","inLanguage":"eu-ES","@id":"https:\/\/unedpamplona.es\/eu\/cursos-conferencias\/conferencia-online-inteligencia-emocional-en-familia\/#primaryimage","url":"https:\/\/unedpamplona.es\/wp-content\/uploads\/2025\/10\/CIE.jpeg","contentUrl":"https:\/\/unedpamplona.es\/wp-content\/uploads\/2025\/10\/CIE.jpeg","width":892,"height":496},{"@type":"WebSite","@id":"https:\/\/unedpamplona.es\/eu\/#website","url":"https:\/\/unedpamplona.es\/eu\/","name":"UNED Pamplona","description":"","publisher":{"@id":"https:\/\/unedpamplona.es\/eu\/#organization"},"potentialAction":[{"@type":"SearchAction","target":{"@type":"EntryPoint","urlTemplate":"https:\/\/unedpamplona.es\/eu\/?s={search_term_string}"},"query-input":"required name=search_term_string"}],"inLanguage":"eu-ES"},{"@type":"Organization","@id":"https:\/\/unedpamplona.es\/eu\/#organization","name":"UNED Pamplona","url":"https:\/\/unedpamplona.es\/eu\/","logo":{"@type":"ImageObject","inLanguage":"eu-ES","@id":"https:\/\/unedpamplona.es\/eu\/#\/schema\/logo\/image\/","url":"https:\/\/unedpamplona.es\/wp-content\/uploads\/2024\/02\/uned_pamplona_logo.png","contentUrl":"https:\/\/unedpamplona.es\/wp-content\/uploads\/2024\/02\/uned_pamplona_logo.png","width":218,"height":104,"caption":"UNED Pamplona"},"image":{"@id":"https:\/\/unedpamplona.es\/eu\/#\/schema\/logo\/image\/"},"sameAs":["https:\/\/x.com\/unedpamplona","https:\/\/www.youtube.com\/channel\/UCR2jc6TbCMAPnbcA17Z0wwg","https:\/\/www.instagram.com\/unedpamplona\/"]}]}},"_links":{"self":[{"href":"https:\/\/unedpamplona.es\/eu\/wp-json\/wp\/v2\/cursos_conferencias\/13698"}],"collection":[{"href":"https:\/\/unedpamplona.es\/eu\/wp-json\/wp\/v2\/cursos_conferencias"}],"about":[{"href":"https:\/\/unedpamplona.es\/eu\/wp-json\/wp\/v2\/types\/cursos_conferencias"}],"version-history":[{"count":1,"href":"https:\/\/unedpamplona.es\/eu\/wp-json\/wp\/v2\/cursos_conferencias\/13698\/revisions"}],"predecessor-version":[{"id":13699,"href":"https:\/\/unedpamplona.es\/eu\/wp-json\/wp\/v2\/cursos_conferencias\/13698\/revisions\/13699"}],"wp:featuredmedia":[{"embeddable":true,"href":"https:\/\/unedpamplona.es\/eu\/wp-json\/wp\/v2\/media\/13609"}],"wp:attachment":[{"href":"https:\/\/unedpamplona.es\/eu\/wp-json\/wp\/v2\/media?parent=13698"}],"wp:term":[{"taxonomy":"tipo_de_recurso","embeddable":true,"href":"https:\/\/unedpamplona.es\/eu\/wp-json\/wp\/v2\/tipo_de_recurso?post=13698"}],"curies":[{"name":"wp","href":"https:\/\/api.w.org\/{rel}","templated":true}]}}