{"id":16801,"date":"2026-01-01T10:06:48","date_gmt":"2026-01-01T09:06:48","guid":{"rendered":"https:\/\/unedpamplona.es\/?post_type=cursos_conferencias&#038;p=16801"},"modified":"2026-02-18T16:52:37","modified_gmt":"2026-02-18T15:52:37","slug":"conferencia-inteligencia-emocional-y-altas-capacidades","status":"publish","type":"cursos_conferencias","link":"https:\/\/unedpamplona.es\/eu\/cursos-conferencias\/conferencia-inteligencia-emocional-y-altas-capacidades\/","title":{"rendered":"Conferencia: \u201cInteligencia emocional y altas capacidades\u201d"},"content":{"rendered":"<p>La educaci\u00f3n emocional constituye una herramienta imprescindible para el desarrollo integral del alumnado con altas capacidades. Su potencial cognitivo, acompa\u00f1ado con frecuencia de una emocionalidad intensa y una elevada sensibilidad, exige una intervenci\u00f3n educativa que contemple no solo la estimulaci\u00f3n intelectual, sino tambi\u00e9n la comprensi\u00f3n, gesti\u00f3n y regulaci\u00f3n de sus emociones.<\/p>\n<p>Impartir\u00e1 la conferencia <span class=\"ponente\">Silvia Cristina Benito Moreno, p<\/span><span class=\"cargo\"><span class=\"cargo_ponente\">sic\u00f3loga y doctora en Educaci\u00f3n por la UNED. Coordinadora del Programa de Enriquecimiento Educativo de Alumnos con Altas Capacidades (PEAC), Comunidad de Madrid.<\/span><\/span><\/p>\n","protected":false},"featured_media":16200,"template":"","tipo_de_recurso":[9],"yoast_head":"<!-- This site is optimized with the Yoast SEO plugin v22.5 - https:\/\/yoast.com\/wordpress\/plugins\/seo\/ -->\n<title>Conferencia: \u201cInteligencia emocional y altas capacidades\u201d - UNED Pamplona<\/title>\n<meta name=\"robots\" content=\"index, follow, max-snippet:-1, max-image-preview:large, max-video-preview:-1\" \/>\n<link rel=\"canonical\" href=\"https:\/\/unedpamplona.es\/eu\/cursos-conferencias\/conferencia-inteligencia-emocional-y-altas-capacidades\/\" \/>\n<meta property=\"og:locale\" content=\"eu_ES\" \/>\n<meta property=\"og:type\" content=\"article\" \/>\n<meta property=\"og:title\" content=\"Conferencia: \u201cInteligencia emocional y altas capacidades\u201d - UNED Pamplona\" \/>\n<meta property=\"og:description\" content=\"La educaci\u00f3n emocional constituye una herramienta imprescindible para el desarrollo integral del alumnado con altas capacidades. Su potencial cognitivo, acompa\u00f1ado con frecuencia de una emocionalidad intensa y una elevada sensibilidad, exige una intervenci\u00f3n educativa que contemple no solo la estimulaci\u00f3n intelectual, sino tambi\u00e9n la comprensi\u00f3n, gesti\u00f3n y regulaci\u00f3n de sus emociones. Impartir\u00e1 la conferencia Silvia [&hellip;]\" \/>\n<meta property=\"og:url\" content=\"https:\/\/unedpamplona.es\/eu\/cursos-conferencias\/conferencia-inteligencia-emocional-y-altas-capacidades\/\" \/>\n<meta property=\"og:site_name\" content=\"UNED Pamplona\" \/>\n<meta property=\"article:modified_time\" content=\"2026-02-18T15:52:37+00:00\" \/>\n<meta property=\"og:image\" content=\"https:\/\/unedpamplona.es\/wp-content\/uploads\/2026\/01\/CatedraAltaacapacidades.jpeg\" \/>\n\t<meta property=\"og:image:width\" content=\"1043\" \/>\n\t<meta property=\"og:image:height\" content=\"501\" \/>\n\t<meta property=\"og:image:type\" content=\"image\/jpeg\" \/>\n<meta name=\"twitter:card\" content=\"summary_large_image\" \/>\n<meta name=\"twitter:site\" content=\"@unedpamplona\" \/>\n<meta name=\"twitter:label1\" content=\"Est. reading time\" \/>\n\t<meta name=\"twitter:data1\" content=\"1 minute\" \/>\n<script type=\"application\/ld+json\" class=\"yoast-schema-graph\">{\"@context\":\"https:\/\/schema.org\",\"@graph\":[{\"@type\":\"WebPage\",\"@id\":\"https:\/\/unedpamplona.es\/eu\/cursos-conferencias\/conferencia-inteligencia-emocional-y-altas-capacidades\/\",\"url\":\"https:\/\/unedpamplona.es\/eu\/cursos-conferencias\/conferencia-inteligencia-emocional-y-altas-capacidades\/\",\"name\":\"Conferencia: \u201cInteligencia emocional y altas capacidades\u201d - UNED Pamplona\",\"isPartOf\":{\"@id\":\"https:\/\/unedpamplona.es\/eu\/#website\"},\"primaryImageOfPage\":{\"@id\":\"https:\/\/unedpamplona.es\/eu\/cursos-conferencias\/conferencia-inteligencia-emocional-y-altas-capacidades\/#primaryimage\"},\"image\":{\"@id\":\"https:\/\/unedpamplona.es\/eu\/cursos-conferencias\/conferencia-inteligencia-emocional-y-altas-capacidades\/#primaryimage\"},\"thumbnailUrl\":\"https:\/\/unedpamplona.es\/wp-content\/uploads\/2026\/01\/CatedraAltaacapacidades.jpeg\",\"datePublished\":\"2026-01-01T09:06:48+00:00\",\"dateModified\":\"2026-02-18T15:52:37+00:00\",\"inLanguage\":\"eu-ES\",\"potentialAction\":[{\"@type\":\"ReadAction\",\"target\":[\"https:\/\/unedpamplona.es\/eu\/cursos-conferencias\/conferencia-inteligencia-emocional-y-altas-capacidades\/\"]}]},{\"@type\":\"ImageObject\",\"inLanguage\":\"eu-ES\",\"@id\":\"https:\/\/unedpamplona.es\/eu\/cursos-conferencias\/conferencia-inteligencia-emocional-y-altas-capacidades\/#primaryimage\",\"url\":\"https:\/\/unedpamplona.es\/wp-content\/uploads\/2026\/01\/CatedraAltaacapacidades.jpeg\",\"contentUrl\":\"https:\/\/unedpamplona.es\/wp-content\/uploads\/2026\/01\/CatedraAltaacapacidades.jpeg\",\"width\":1043,\"height\":501},{\"@type\":\"WebSite\",\"@id\":\"https:\/\/unedpamplona.es\/eu\/#website\",\"url\":\"https:\/\/unedpamplona.es\/eu\/\",\"name\":\"UNED Pamplona\",\"description\":\"\",\"publisher\":{\"@id\":\"https:\/\/unedpamplona.es\/eu\/#organization\"},\"potentialAction\":[{\"@type\":\"SearchAction\",\"target\":{\"@type\":\"EntryPoint\",\"urlTemplate\":\"https:\/\/unedpamplona.es\/eu\/?s={search_term_string}\"},\"query-input\":\"required name=search_term_string\"}],\"inLanguage\":\"eu-ES\"},{\"@type\":\"Organization\",\"@id\":\"https:\/\/unedpamplona.es\/eu\/#organization\",\"name\":\"UNED Pamplona\",\"url\":\"https:\/\/unedpamplona.es\/eu\/\",\"logo\":{\"@type\":\"ImageObject\",\"inLanguage\":\"eu-ES\",\"@id\":\"https:\/\/unedpamplona.es\/eu\/#\/schema\/logo\/image\/\",\"url\":\"https:\/\/unedpamplona.es\/wp-content\/uploads\/2024\/02\/uned_pamplona_logo.png\",\"contentUrl\":\"https:\/\/unedpamplona.es\/wp-content\/uploads\/2024\/02\/uned_pamplona_logo.png\",\"width\":218,\"height\":104,\"caption\":\"UNED Pamplona\"},\"image\":{\"@id\":\"https:\/\/unedpamplona.es\/eu\/#\/schema\/logo\/image\/\"},\"sameAs\":[\"https:\/\/x.com\/unedpamplona\",\"https:\/\/www.youtube.com\/channel\/UCR2jc6TbCMAPnbcA17Z0wwg\",\"https:\/\/www.instagram.com\/unedpamplona\/\"]}]}<\/script>\n<!-- \/ Yoast SEO plugin. -->","yoast_head_json":{"title":"Conferencia: \u201cInteligencia emocional y altas capacidades\u201d - UNED Pamplona","robots":{"index":"index","follow":"follow","max-snippet":"max-snippet:-1","max-image-preview":"max-image-preview:large","max-video-preview":"max-video-preview:-1"},"canonical":"https:\/\/unedpamplona.es\/eu\/cursos-conferencias\/conferencia-inteligencia-emocional-y-altas-capacidades\/","og_locale":"eu_ES","og_type":"article","og_title":"Conferencia: \u201cInteligencia emocional y altas capacidades\u201d - UNED Pamplona","og_description":"La educaci\u00f3n emocional constituye una herramienta imprescindible para el desarrollo integral del alumnado con altas capacidades. Su potencial cognitivo, acompa\u00f1ado con frecuencia de una emocionalidad intensa y una elevada sensibilidad, exige una intervenci\u00f3n educativa que contemple no solo la estimulaci\u00f3n intelectual, sino tambi\u00e9n la comprensi\u00f3n, gesti\u00f3n y regulaci\u00f3n de sus emociones. Impartir\u00e1 la conferencia Silvia [&hellip;]","og_url":"https:\/\/unedpamplona.es\/eu\/cursos-conferencias\/conferencia-inteligencia-emocional-y-altas-capacidades\/","og_site_name":"UNED Pamplona","article_modified_time":"2026-02-18T15:52:37+00:00","og_image":[{"width":1043,"height":501,"url":"https:\/\/unedpamplona.es\/wp-content\/uploads\/2026\/01\/CatedraAltaacapacidades.jpeg","type":"image\/jpeg"}],"twitter_card":"summary_large_image","twitter_site":"@unedpamplona","twitter_misc":{"Est. reading time":"1 minute"},"schema":{"@context":"https:\/\/schema.org","@graph":[{"@type":"WebPage","@id":"https:\/\/unedpamplona.es\/eu\/cursos-conferencias\/conferencia-inteligencia-emocional-y-altas-capacidades\/","url":"https:\/\/unedpamplona.es\/eu\/cursos-conferencias\/conferencia-inteligencia-emocional-y-altas-capacidades\/","name":"Conferencia: \u201cInteligencia emocional y altas capacidades\u201d - UNED Pamplona","isPartOf":{"@id":"https:\/\/unedpamplona.es\/eu\/#website"},"primaryImageOfPage":{"@id":"https:\/\/unedpamplona.es\/eu\/cursos-conferencias\/conferencia-inteligencia-emocional-y-altas-capacidades\/#primaryimage"},"image":{"@id":"https:\/\/unedpamplona.es\/eu\/cursos-conferencias\/conferencia-inteligencia-emocional-y-altas-capacidades\/#primaryimage"},"thumbnailUrl":"https:\/\/unedpamplona.es\/wp-content\/uploads\/2026\/01\/CatedraAltaacapacidades.jpeg","datePublished":"2026-01-01T09:06:48+00:00","dateModified":"2026-02-18T15:52:37+00:00","inLanguage":"eu-ES","potentialAction":[{"@type":"ReadAction","target":["https:\/\/unedpamplona.es\/eu\/cursos-conferencias\/conferencia-inteligencia-emocional-y-altas-capacidades\/"]}]},{"@type":"ImageObject","inLanguage":"eu-ES","@id":"https:\/\/unedpamplona.es\/eu\/cursos-conferencias\/conferencia-inteligencia-emocional-y-altas-capacidades\/#primaryimage","url":"https:\/\/unedpamplona.es\/wp-content\/uploads\/2026\/01\/CatedraAltaacapacidades.jpeg","contentUrl":"https:\/\/unedpamplona.es\/wp-content\/uploads\/2026\/01\/CatedraAltaacapacidades.jpeg","width":1043,"height":501},{"@type":"WebSite","@id":"https:\/\/unedpamplona.es\/eu\/#website","url":"https:\/\/unedpamplona.es\/eu\/","name":"UNED Pamplona","description":"","publisher":{"@id":"https:\/\/unedpamplona.es\/eu\/#organization"},"potentialAction":[{"@type":"SearchAction","target":{"@type":"EntryPoint","urlTemplate":"https:\/\/unedpamplona.es\/eu\/?s={search_term_string}"},"query-input":"required name=search_term_string"}],"inLanguage":"eu-ES"},{"@type":"Organization","@id":"https:\/\/unedpamplona.es\/eu\/#organization","name":"UNED Pamplona","url":"https:\/\/unedpamplona.es\/eu\/","logo":{"@type":"ImageObject","inLanguage":"eu-ES","@id":"https:\/\/unedpamplona.es\/eu\/#\/schema\/logo\/image\/","url":"https:\/\/unedpamplona.es\/wp-content\/uploads\/2024\/02\/uned_pamplona_logo.png","contentUrl":"https:\/\/unedpamplona.es\/wp-content\/uploads\/2024\/02\/uned_pamplona_logo.png","width":218,"height":104,"caption":"UNED Pamplona"},"image":{"@id":"https:\/\/unedpamplona.es\/eu\/#\/schema\/logo\/image\/"},"sameAs":["https:\/\/x.com\/unedpamplona","https:\/\/www.youtube.com\/channel\/UCR2jc6TbCMAPnbcA17Z0wwg","https:\/\/www.instagram.com\/unedpamplona\/"]}]}},"_links":{"self":[{"href":"https:\/\/unedpamplona.es\/eu\/wp-json\/wp\/v2\/cursos_conferencias\/16801"}],"collection":[{"href":"https:\/\/unedpamplona.es\/eu\/wp-json\/wp\/v2\/cursos_conferencias"}],"about":[{"href":"https:\/\/unedpamplona.es\/eu\/wp-json\/wp\/v2\/types\/cursos_conferencias"}],"version-history":[{"count":1,"href":"https:\/\/unedpamplona.es\/eu\/wp-json\/wp\/v2\/cursos_conferencias\/16801\/revisions"}],"predecessor-version":[{"id":16802,"href":"https:\/\/unedpamplona.es\/eu\/wp-json\/wp\/v2\/cursos_conferencias\/16801\/revisions\/16802"}],"wp:featuredmedia":[{"embeddable":true,"href":"https:\/\/unedpamplona.es\/eu\/wp-json\/wp\/v2\/media\/16200"}],"wp:attachment":[{"href":"https:\/\/unedpamplona.es\/eu\/wp-json\/wp\/v2\/media?parent=16801"}],"wp:term":[{"taxonomy":"tipo_de_recurso","embeddable":true,"href":"https:\/\/unedpamplona.es\/eu\/wp-json\/wp\/v2\/tipo_de_recurso?post=16801"}],"curies":[{"name":"wp","href":"https:\/\/api.w.org\/{rel}","templated":true}]}}