{"id":4466,"date":"2024-10-09T10:51:24","date_gmt":"2024-10-09T08:51:24","guid":{"rendered":"https:\/\/unedpamplona.es\/?post_type=cursos_conferencias&#038;p=4466"},"modified":"2025-09-05T09:56:38","modified_gmt":"2025-09-05T07:56:38","slug":"cursos-y-conferencias-catedra-2023-2024","status":"publish","type":"cursos_conferencias","link":"https:\/\/unedpamplona.es\/eu\/cursos-conferencias\/cursos-y-conferencias-catedra-2023-2024\/","title":{"rendered":"Cursos y conferencias C\u00e1tedra 2025-2026"},"content":{"rendered":"<div>\n<div class=\"elementor-element elementor-element-c66a425 e-flex e-con-boxed e-con e-child\" data-id=\"c66a425\" data-element_type=\"container\" data-settings=\"{&quot;content_width&quot;:&quot;boxed&quot;}\">\n<div class=\"e-con-inner\">\n<div class=\"elementor-element elementor-element-cd57340 e-con-full e-flex e-con e-child\" data-id=\"cd57340\" data-element_type=\"container\" data-settings=\"{&quot;content_width&quot;:&quot;full&quot;}\">\n<div class=\"elementor-element elementor-element-93e3ed0 elementor-widget elementor-widget-theme-post-content\" data-id=\"93e3ed0\" data-element_type=\"widget\" data-widget_type=\"theme-post-content.default\">\n<div class=\"elementor-widget-container\">\n<div class=\"elementor-element elementor-element-93e3ed0 elementor-widget elementor-widget-theme-post-content\" data-id=\"93e3ed0\" data-element_type=\"widget\" data-widget_type=\"theme-post-content.default\">\n<div class=\"elementor-widget-container\">\n<div class=\"elementor-element elementor-element-cd57340 e-con-full e-flex e-con e-child\" data-id=\"cd57340\" data-element_type=\"container\" data-settings=\"{&quot;content_width&quot;:&quot;full&quot;}\">\n<div class=\"elementor-element elementor-element-93e3ed0 elementor-widget elementor-widget-theme-post-content\" data-id=\"93e3ed0\" data-element_type=\"widget\" data-widget_type=\"theme-post-content.default\">\n<div class=\"elementor-widget-container\">\n<div class=\"elementor-element elementor-element-93e3ed0 elementor-widget elementor-widget-theme-post-content\" data-id=\"93e3ed0\" data-element_type=\"widget\" data-widget_type=\"theme-post-content.default\">\n<div class=\"elementor-widget-container\">\n<h3><strong>C\u00c1TEDRA INTELIGENCIA EMOCIONAL 2025-2026<\/strong><\/h3>\n<p class=\"anim_fade anim_d2\" data-editable=\"titulo\"><strong>1. Conferencia: C\u00f3mo tender puentes afectivos con los\/as hijos\/as<\/strong><\/p>\n<p data-editable=\"titulo\">UNED Pamplona: <span class=\"fechas_programa\">\u00a01 de octubre, de <\/span>19:00-20:30 h.<\/p>\n<p data-editable=\"titulo\"><strong><a href=\"https:\/\/extension.uned.es\/actividad\/idactividad\/46289\">Matr\u00edcula online gratuita\u00a0<\/a><\/strong><\/p>\n<p class=\"anim_fade anim_d2\" data-editable=\"titulo\"><strong>2. Conferencia: Inteligencia emocional en familia<\/strong><\/p>\n<dl id=\"\">\n<dt>UNED Pamplona:\u00a0\u00a016 de octubre de 2025, de \u00a019:00 a 20:30 h.<\/dt>\n<\/dl>\n<p><strong><a href=\"https:\/\/extension.uned.es\/actividad\/46975&amp;codigo=IEEF\">Matr\u00edcula online gratuita<\/a><\/strong><\/p>\n<\/div>\n<\/div>\n<\/div>\n<\/div>\n<\/div>\n<p>&nbsp;<\/p>\n<\/div>\n<\/div>\n<\/div>\n<\/div>\n<\/div>\n<p>&nbsp;<\/p>\n<div class=\"elementor-element elementor-element-cd57340 e-con-full e-flex e-con e-child\" data-id=\"cd57340\" data-element_type=\"container\" data-settings=\"{&quot;content_width&quot;:&quot;full&quot;}\">\n<p>&nbsp;<\/p>\n<div class=\"elementor-element elementor-element-93e3ed0 elementor-widget elementor-widget-theme-post-content\" data-id=\"93e3ed0\" data-element_type=\"widget\" data-widget_type=\"theme-post-content.default\">\n<div class=\"elementor-widget-container\">\n<div class=\"elementor-element elementor-element-93e3ed0 elementor-widget elementor-widget-theme-post-content\" data-id=\"93e3ed0\" data-element_type=\"widget\" data-widget_type=\"theme-post-content.default\">\n<div class=\"elementor-widget-container\">\n<h3><strong>C\u00c1TEDRA <\/strong><strong>INTELIGENCIA EMOCIONAL\u00a0<\/strong><strong>2024-2025<\/strong><\/h3>\n<p><strong>Curso \u00abEstrategias de regulaci\u00f3n emocional\u00bb<\/strong><\/p>\n<p>UNED Pamplona ha organizado los pr\u00f3ximos 26 y 27 de mayo\u00a0el curso \u00abEstrategias de regulaci\u00f3n emocional\u00bb\u00a0que ser\u00e1 impartida por\u00a0Esperanza Garc\u00eda Sancho,\u00a0profesora de la Universidad de M\u00e1laga.\u00a0Se trata de una actividad organizada dentro de la C\u00e1tedra de Inteligencia Emocional de UNED Pamplona y Fundaci\u00f3n Caja Navarra.<\/p>\n<p>La regulaci\u00f3n emocional ha sido considerada como una variable transdiagn\u00f3stica implicada en la psicopatolog\u00eda. La investigaci\u00f3n sobre Regulaci\u00f3n Emocional se ha centrado en estudiar aquellos factores que influyen en la selecci\u00f3n de las estrategias de regulaci\u00f3n y en el efecto del uso de las mismas.En este curso los asistentes aprender\u00e1n cu\u00e1l es el proceso y las variables implicadas en la selecci\u00f3n y uso de estrategias de regulaci\u00f3n as\u00ed como un amplio repertorio de estrategias, tanto intraindividuales como interpersonales, y el proceso psicol\u00f3gico que explica su funcionamiento.FECHA: UNED Pamplona: 26 y 27 de mayo, de 16:30 a 20:30 horas.<\/p>\n<p>Se trata de una actividad presencial y online (directo o diferido).<\/p>\n<p>0.5\u00a0cr\u00e9ditos ECTS (en tr\u00e1mite).<\/p>\n<p><strong>MATR\u00cdCULA ABIERTA: <a href=\"https:\/\/extension.uned.es\/actividad\/44293&amp;codigo=CDRE\">Curso \u201cEstrategias\u00a0 de regulaci\u00f3n emocional\u201d | Extensi\u00f3n Universitaria en Pamplona | UNED<\/a><\/strong><\/p>\n<\/div>\n<\/div>\n<p>&nbsp;<\/p>\n<p><strong>CICLO DE CONFERENCIAS &#8220;LAS EMOCIONES QUE NOS ESCULPEN&#8221;<\/strong><\/p>\n<\/div>\n<\/div>\n<\/div>\n<\/div>\n<\/div>\n<\/div>\n<p><strong>&#8220;El duelo y ense\u00f1anza sobre la muerte desde Educaci\u00f3n Infantil&#8221;<\/strong><\/p>\n<p>La etapa de educaci\u00f3n infantil es clave en el desarrollo de las criaturas, base de lo que vendr\u00e1, en el que la escuela y familia colaboran estrechamente en la tarea educativa. En esta ponencia, que se celebrar\u00e1 el <strong>jueves, 8 de mayo, a las 19:00 horas<\/strong> trataremos un tema que hoy es tab\u00fa en nuestra sociedad y en la escuela infantil: la muerte y el duelo.<\/p>\n<p>La ponente, Laia Pinilla, coordinadora T\u00e9cnica Pedag\u00f3gica de Centros Educativos 0-3, abordar\u00e1, Centr\u00e1ndose en el \u00e1mbito escolar, los diferentes enfoques de la Pedagog\u00eda de la Muerte y c\u00f3mo llevarlos a la pr\u00e1ctica. En este sentido, pondr\u00e1 consciencia sobre lo que ya se hace, directamente relacionado con la Pedagog\u00eda de la Muerte, y qu\u00e9 otras cuestiones podemos poner en pr\u00e1ctica y tener en cuenta en nuestra labor educativa en Educaci\u00f3n Infantil.<\/p>\n<p><strong><a href=\"https:\/\/extension.uned.es\/actividad\/idactividad\/43721\">MATR\u00cdCULA GRATUITA\u00a0<\/a><\/strong><\/p>\n<p><strong>&#8220;Sobre el duelo y el dolor. Un cambio de mirada&#8221;<\/strong><\/p>\n<p>\u00bfCu\u00e1l es nuestra forma de mirar la muerte?, \u00bfy el dolor? Somos una sociedad tendente a la evitaci\u00f3n y evasi\u00f3n de estos temas. Jugamos a maquillar la pena, a buscar que la persona que se duele deje de hacerlo. Nuestros miedos nos impiden &#8220;mirarles&#8221; de verdad. Tener herramientas y conocimiento sobre el proceso, lo que ayuda y lo que puede permitirnos dar un cambio y un giro a todo esto. Sentirnos para poder sentir, mirarme para poder mirarme.<\/p>\n<p>La ponente, <span class=\"ponente\">Rakel Mateo Sebasti\u00e1n,<\/span> l<span class=\"cargo\"><span class=\"cargo_ponente\">icenciada en Psicopedagog\u00eda y directora de Goizargi, impartir\u00e1 la conferencia el<strong> jueves, 15 de mayo, a las 19:00 horas.\u00a0<\/strong><\/span><\/span><\/p>\n<p><strong><a href=\"https:\/\/extension.uned.es\/actividad\/idactividad\/43725\">MATR\u00cdCULA GRATUITA<\/a><\/strong><\/p>\n<p><strong>&#8220;C\u00f3mo le explico la muerte a mis hijos&#8221;<\/strong><\/p>\n<p>Hablar de la muerte con los ni\u00f1os puede ser un desaf\u00edo, pero es un proceso necesario para ayudarles a comprender y afrontar la p\u00e9rdida de un ser querido. Evitar el tema puede generar m\u00e1s confusi\u00f3n y angustia. En esta charla, abordaremos estrategias para comunicar la muerte de forma honesta y apropiada para cada edad. Se tratar\u00e1 la importancia de una comunicaci\u00f3n clara, evitando eufemismos que puedan generar confusi\u00f3n o miedo. Adem\u00e1s se proporcionar\u00e1n consejos sobre c\u00f3mo responder a sus preguntas y c\u00f3mo validar sus emociones, permitiendo que expresen su duelo de manera natural. Se abordar\u00e1 el papel de los rituales de despedida y c\u00f3mo pueden ayudar a los ni\u00f1os a procesar la p\u00e9rdida, as\u00ed como la importancia de mantener rutinas para brindar seguridad y estabilidad emocional. Tambi\u00e9n se hablar\u00e1 sobre cu\u00e1ndo es necesario buscar ayuda profesional si el ni\u00f1o muestra signos de dificultades persistentes en el duelo.<\/p>\n<p>El ponente, <strong>Iban Onandia Hinchado, p<\/strong>sic\u00f3logo y neuropsic\u00f3logo cl\u00ednico infantojuvenil, impartir\u00e1 la conferencia el <strong>jueves, 29 de mayo, a partir de las 19:00 horas.<\/strong><\/p>\n<p><strong><a href=\"https:\/\/extension.uned.es\/actividad\/idactividad\/43737\">MATR\u00cdCULA GRATUITA\u00a0<\/a><\/strong><\/p>\n<h4>&#8212;&#8212;&#8212;&#8212;&#8212;&#8212;&#8212;&#8212;&#8212;&#8212;&#8212;&#8212;&#8212;&#8212;&#8212;&#8212;&#8212;&#8212;&#8212;&#8212;<\/h4>\n<div><\/div>\n<div class=\"elementor-element elementor-element-351ebe0 e-con-full e-flex e-con e-child\" data-id=\"351ebe0\" data-element_type=\"container\" data-settings=\"{&quot;content_width&quot;:&quot;full&quot;}\">\n<div class=\"elementor-element elementor-element-08f42b0 elementor-widget-divider--view-line elementor-widget elementor-widget-divider\" data-id=\"08f42b0\" data-element_type=\"widget\" data-widget_type=\"divider.default\">\n<div class=\"elementor-widget-container\">\n<div class=\"elementor-divider\"><strong>OTRAS ACCIONES FORMATIVAS YA IMPARTIDAS<\/strong><\/div>\n<div>\n<p>Este segundo cuatrimestre del curso 2024-2025 se han organizado las siguientes acciones formativas dentro de la C\u00e1tedra de Inteligencia Emocional de UNED Pamplona y Fundaci\u00f3n Caja Navarra:<\/p>\n<div class=\"elementor-element elementor-element-93e3ed0 elementor-widget elementor-widget-theme-post-content\" data-id=\"93e3ed0\" data-element_type=\"widget\" data-widget_type=\"theme-post-content.default\">\n<div class=\"elementor-widget-container\">\n<div><\/div>\n<div>\n<p style=\"text-align: left;\"><strong>CONFERENCIA \u201cC\u00d3MO LAS REDES SOCIALES AFECTAN A TU CEREBRO: MITOS Y REALIDADES&#8221;<\/strong><\/p>\n<p style=\"text-align: left;\">Imparte:\u00a0 <strong>Rosa Molina Ruiz<\/strong>, psiquiatra y divulgadora.<\/p>\n<p style=\"text-align: left;\">Las redes sociales han revolucionado nuestra comunicaci\u00f3n. Ofrecen, sin duda, claros beneficios. Sin embargo, su impacto negativo tambi\u00e9n existe y tiene que ver con un uso problem\u00e1tico de dichas tecnolog\u00edas. La clave no est\u00e1 en demonizarlas, si no en usarlas con pensamiento cr\u00edtico, conciencia de tiempo invertido y claridad sobre su impacto emocional. Para ello, desmentiremos algunos mitos y expondremos la realidad que nos indica la evidencia cient\u00edfica.<\/p>\n<p><strong>FECHA<\/strong>: UNED Pamplona: <strong>12 de mayo, a las 19:00 horas.<\/strong><\/p>\n<p>Se trata de una actividad presencial y online (directo o diferido).<\/p>\n<div class=\"elementor-element elementor-element-2c990c0 elementor-widget-divider--view-line elementor-widget elementor-widget-divider\" style=\"text-align: left;\" data-id=\"2c990c0\" data-element_type=\"widget\" data-widget_type=\"divider.default\">\n<div class=\"elementor-widget-container\">\n<div><\/div>\n<\/div>\n<\/div>\n<p style=\"text-align: left;\"><strong>MATR\u00cdCULA GRATUITA:\u00a0<\/strong><a href=\"https:\/\/extension.uned.es\/actividad\/idactividad\/44543\">Conferencia de Rosa Molina: \u201cC\u00f3mo las redes sociales afectan a tu cerebro: mitos y realidades\u201d | Extensi\u00f3n Universitaria en Pamplona | UNED<\/a><\/p>\n<p>&nbsp;<\/p>\n<\/div>\n<div class=\"matricula\"><strong>Curso \u201cUn camino hacia el envejecimiento: desaf\u00edos y respuestas en las sociedades del Siglo XXI\u201d<\/strong><\/div>\n<\/div>\n<\/div>\n<div>\n<div class=\"elementor-element elementor-element-c66a425 e-flex e-con-boxed e-con e-child\" data-id=\"c66a425\" data-element_type=\"container\" data-settings=\"{&quot;content_width&quot;:&quot;boxed&quot;}\">\n<div class=\"e-con-inner\">\n<div class=\"elementor-element elementor-element-cd57340 e-con-full e-flex e-con e-child\" data-id=\"cd57340\" data-element_type=\"container\" data-settings=\"{&quot;content_width&quot;:&quot;full&quot;}\">\n<div class=\"elementor-element elementor-element-2c990c0 elementor-widget-divider--view-line elementor-widget elementor-widget-divider\" data-id=\"2c990c0\" data-element_type=\"widget\" data-widget_type=\"divider.default\">\n<div class=\"elementor-widget-container\">\n<div class=\"elementor-divider\">Este curso tratar\u00e1 el tema del envejecimiento desde aspectos biol\u00f3gicos, psicol\u00f3gicos y sociales.<\/div>\n<\/div>\n<\/div>\n<div class=\"elementor-element elementor-element-93e3ed0 elementor-widget elementor-widget-theme-post-content\" data-id=\"93e3ed0\" data-element_type=\"widget\" data-widget_type=\"theme-post-content.default\">\n<div class=\"elementor-widget-container\">\n<p><strong>10 y 11 de abril<\/strong><\/p>\n<p>Programa:<\/p>\n<p><b>Envejecer en el S. XXI: Aspectos biol\u00f3gicos, psicol\u00f3gicos y sociales<\/b><\/p>\n<ul>\n<li>Definici\u00f3n de envejecimiento desde un enfoque bio-psico-social.<\/li>\n<li>Distinci\u00f3n entre envejecimiento normal y patol\u00f3gico.<\/li>\n<li>Aspectos biol\u00f3gicos: Cambios f\u00edsicos, sensoriales, estructurales y funcionales.<\/li>\n<li>Cognici\u00f3n y emoci\u00f3n de la mano.<\/li>\n<li>Aspectos sociales.<\/li>\n<\/ul>\n<p><b>Afrontando Retos: Evaluaci\u00f3n e intervenci\u00f3n en el envejecimiento<\/b><\/p>\n<ul>\n<li>El cerebro humano, una m\u00e1quina muy adaptativa: plasticidad (cerebral y cognitiva)<\/li>\n<li>Reserva cognitiva. Factores protectores del envejecimiento.<\/li>\n<li>Evaluaci\u00f3n neuropsicol\u00f3gica en el envejecimiento normal y patol\u00f3gico.<\/li>\n<li>Intervenci\u00f3n\/Rehabilitaci\u00f3n desde un enfoque bio-psico-social.<\/li>\n<\/ul>\n<p>Cr\u00e9ditos: 0.5\u00a0cr\u00e9ditos ECTS (en tr\u00e1mite).<\/p>\n<p>Asistencia presencial o asistencia online\u00a0en directo o en diferido, sin necesidad de ir al centro.<\/p>\n<p><a href=\"https:\/\/extension.uned.es\/actividad\/idactividad\/42265\"><strong>Matr\u00edcula On Line<\/strong><\/a><\/p>\n<\/div>\n<\/div>\n<\/div>\n<\/div>\n<\/div>\n<\/div>\n<\/div>\n<\/div>\n<\/div>\n<\/div>\n<p><strong>Ciclo de conferencias sobre el c\u00e1ncer<\/strong><\/p>\n<p>&nbsp;<\/p>\n<p><strong>1.Conferencia el 11 de febrero: \u201cInteligencia emocional y afrontamiento del c\u00e1ncer\u201d<\/strong><\/p>\n<div class=\"elementor-element elementor-element-93e3ed0 elementor-widget elementor-widget-theme-post-content\" data-id=\"93e3ed0\" data-element_type=\"widget\" data-widget_type=\"theme-post-content.default\">\n<div class=\"elementor-widget-container\">\n<p>Lugar y fechas: <strong>11 de febrero<\/strong> de 2025, de 19:00 a 20:30 h.<\/p>\n<\/div>\n<div class=\"elementor-widget-container\">\n<p>&nbsp;<\/p>\n<p><strong>2. Gesti\u00f3n de emociones con c\u00e1ncer de mama\u201d<\/strong><\/p>\n<\/div>\n<\/div>\n<div class=\"cajasActividad\">\n<p>Fecha: <strong>18 de febrero<\/strong> de 2025, de 19 a 20:30 horas<\/p>\n<\/div>\n<dl id=\"\">\n<dt><\/dt>\n<\/dl>\n<div><strong>\u00a03. Conferencia \u201cEmociones ante el c\u00e1ncer de un familiar\u201d<\/strong><\/div>\n<div><\/div>\n<div>Fecha: Martes <strong>25 de febrero<\/strong> de 2025, de 19:00 a 20:30 h.<\/div>\n<div class=\"cajasActividad\">\n<div class=\"cuadro bcolor_c1\">\n<p><span class=\"ponente\">Ponente: Marisa Villafranca Iturre. <\/span>Psicoonc\u00f3loga.<\/p>\n<\/div>\n<\/div>\n<dl id=\"\">\n<dt><\/dt>\n<\/dl>\n<p><strong>Curso Salud emocional en adolescentes y j\u00f3venes<\/strong><\/p>\n<p>UNED Pamplona: 10 y 11 de octubre. De 16 a 21 horas.<\/p>\n<p>Dr. D. Miguel \u00c1ngel Santed Germ\u00e1n. Catedr\u00e1tico de Psicolog\u00eda, UNED.<\/p>\n<p><strong>Matr\u00edcula: <\/strong><a href=\"https:\/\/extension.uned.es\/actividad\/37637&amp;codigo=SEEAY\">SALUD EMOCIONAL EN ADOLESCENTES Y J\u00d3VENES | Extensi\u00f3n Universitaria en Pamplona | UNED<\/a><\/p>\n<p>&nbsp;<\/p>\n<p><strong>Ciclo de conferencias: El bullying: prevenci\u00f3n y actuaci\u00f3n en acoso y ciberacoso<\/strong><\/p>\n<p>UNED Pamplona: 5, 12, 19 y 26 de noviembre<\/p>\n<p>Ponentes:<\/p>\n<dl>\n<dt>Dr. D. Rafel Bisquerra Alzina. Presidente de la RIEEB. Catedr\u00e1tico em\u00e9rito.<\/dt>\n<dt><\/dt>\n<dt>Dra. D\u00f1a. Rosario Del Rey Alamillo. Catedr\u00e1tica de Universidad.<\/dt>\n<dt><\/dt>\n<dt>Dra. D\u00f1a. Maite Garaigordobil Landazabal. Doctora en Psicolog\u00eda. Especialista en Psicolog\u00eda Cl\u00ednica.<\/dt>\n<dt><\/dt>\n<dt>Dr. D. Andr\u00e9s Gonz\u00e1lez Bellido. Coordinador General del Programa TEI. Catedr\u00e1tico de Orientaci\u00f3n Educativa.<\/dt>\n<dt><\/dt>\n<dt><strong>Matr\u00edcula<\/strong>: <a href=\"https:\/\/extension.uned.es\/actividad\/37617&amp;codigo=EBPYA\">EL BULLYING: PREVENCI\u00d3N Y ACTUACI\u00d3N EN ACOSO Y CIBERACASO | Extensi\u00f3n Universitaria en Pamplona | UNED<\/a><\/dt>\n<\/dl>\n<p>&nbsp;<\/p>\n<p><strong>Curso \u201cLos enga\u00f1os de la mente: atajos mentales y sesgos cognitivos\u201d<\/strong><\/p>\n<div class=\"elementor-element elementor-element-93e3ed0 elementor-widget elementor-widget-theme-post-content\" data-id=\"93e3ed0\" data-element_type=\"widget\" data-widget_type=\"theme-post-content.default\">\n<div class=\"elementor-widget-container\">\n<p>Fecha:<strong> 19 y 20 de marzo<\/strong><\/p>\n<p>Este curso aspira a describir el funcionamiento psicol\u00f3gico del ser humano a trav\u00e9s de los errores y las disfunciones que manifiesta. De esta forma, mostraremos la valiosa informaci\u00f3n que aportan los sesgos cognitivos para desnudar los mecanismos de la percepci\u00f3n, la atenci\u00f3n, la memoria, el razonamiento y la toma de decisiones. Al fin y al cabo, la mayor\u00eda de nuestros sesgos cognitivos son producto del reverso tenebroso de capacidades virtuosas que son cr\u00edticas para nuestra adaptaci\u00f3n al entorno.<\/p>\n<div>Programa:<\/div>\n<p><span class=\"fechas_programa\">Mi\u00e9rcoles, 19 de marzo<\/span><\/p>\n<ul>\n<li><span class=\"h\">16:00-20:00 h.<\/span>\u00a0<span class=\"t color_b3\">\u00a0\u201cLos enga\u00f1os de la mente: atajos mentales y sesgos cognitivos\u201d<\/span><\/li>\n<li>No me llames iluso por tener una ilusi\u00f3n.<\/li>\n<li>Atender, recordar y olvidar, la piedra angular de la mente humana que a veces se resquebraja.<\/li>\n<\/ul>\n<p><span class=\"fechas_programa\">Jueves, 20 de marzo<\/span><\/p>\n<ul>\n<li><span class=\"h\">16:00-20:00 h.<\/span>\u00a0<span class=\"t color_b3\">\u00a0\u201cLos enga\u00f1os de la mente: atajos mentales y sesgos cognitivos\u201d<\/span><\/li>\n<li>Razonablemente irracionales. Un acercamiento a las falacias y sesgos del pensamiento humano.<\/li>\n<li>Pensando con la cartera<\/li>\n<li>Introducci\u00f3n a la psicolog\u00eda econ\u00f3mica.<\/li>\n<\/ul>\n<p>Imparte:\u00a0<span class=\"ponente\">Pedro Ra\u00fal Montoro Mart\u00ednez.\u00a0<\/span><span class=\"cargo\"><span class=\"cargo_ponente\">Doctor y profesor titular de UNED<\/span><\/span><\/p>\n<p>Cr\u00e9ditos: 0.5\u00a0cr\u00e9ditos ECTS (en tr\u00e1mite).<\/p>\n<p>Asistencia presencial o asistencia online\u00a0en directo o en diferido, sin necesidad de ir al centro.<\/p>\n<div class=\"matricula\"><strong><a href=\"https:\/\/extension.uned.es\/actividad\/42263&amp;codigo=LEDLM\">Matr\u00edcula online<\/a><\/strong><\/div>\n<\/div>\n<\/div>\n<hr \/>\n<p>&nbsp;<\/p>\n<p><strong>CURSO Y CONFERENCIAS CURSO 2023-2024<\/strong><\/p>\n<p>A continuaci\u00f3n detallamos los cursos y conferencias que se impartieron el curso pasado correspondientes a la C\u00e1tedra de Inteligencia Emocional UNED Pamplona &#8211; Fundaci\u00f3n Caja Navarra:<\/p>\n<p><em>En el primer ciclo de conferencias de la C\u00e1tedra se abord\u00f3 el cuidado de la salud mental en la infancia y en la adolescencia.<\/em><\/p>\n<p><strong>Semana 1. Prevenci\u00f3n del suicidio I (Covitalidad vs. Conducta Suicida: promoci\u00f3n de un escudo de fortalezas psicol\u00f3gicas durante la infancia y la adolescencia)<\/strong><\/p>\n<p>8 de abril: 19:00 a 20:30 horas, en UNED Pamplona<\/p>\n<p>Dr. Jos\u00e9 Antonio Piqueras, Universidad Miguel Hern\u00e1ndez de Elche<\/p>\n<p>&nbsp;<\/p>\n<p><strong>Semana 2. Prevenci\u00f3n del suicidio II. Prevenci\u00f3n de la conducta suicida en poblaci\u00f3n infanto-juvenil: nuevo desaf\u00edos y retos<\/strong><\/p>\n<p>16 de abril: 19:00 a 20:30 horas, en UNED Pamplona<\/p>\n<p>Dr. Miguel \u00c1ngel Carrasco, UNED.<\/p>\n<p>&nbsp;<\/p>\n<p><strong>Semana 3.\u00a0 Promoci\u00f3n del bienestar psicol\u00f3gico. (Salud Mental infantojuvenil: No hay soluci\u00f3n sin prevenci\u00f3n)<\/strong><\/p>\n<p>26 de abril: 19:00 a 20:30 horas, en UNED Pamplona<\/p>\n<p>Dr. Iban Onandia. Psicolog\u00eda Amorebieta.<\/p>\n<p>&nbsp;<\/p>\n<p><strong>Semana 4: Factores educativos y familiares promotores de bienestar<\/strong><\/p>\n<p>30 de abril. 19:00 a 20:30 horas, en UNED Pamplona<\/p>\n<p>Dr. Juan Carlos P\u00e9rez Gonz\u00e1lez. UNED<\/p>\n<p>&nbsp;<\/p>\n<p>&nbsp;<\/p>\n<p><em>CURSOS C\u00c1TEDRA DE INTELIGENCIA EMOCIONAL<\/em><\/p>\n<p><strong>No importa lo que hagas si no conf\u00edas en ello: el efecto de las creencias en la regulaci\u00f3n emocional<\/strong><\/p>\n<p>12 y 13 de abril<\/p>\n<p>Juan Ramos-Cejudo, Doctor en Educaci\u00f3n. Universidad Camilo Jos\u00e9 Cela.<\/p>\n<p>&nbsp;<\/p>\n<p><strong>Parentalidad positiva con ni\u00f1os y adolescentes<\/strong><\/p>\n<p>19, 22, 29 de abril y 3 de mayo<\/p>\n<p>D\u00f1a. Leticia Garc\u00e9s Larrea. Orientadora y formadora familiar en Padres Formados.<\/p>\n<p>&nbsp;<\/p>\n<p><em>Asimismo, y continuando con la labor divulgativa de la CIE, durante el mes de mayo se impartir\u00e1n los siguientes cursos:<\/em><\/p>\n<p><strong>Analiza tu inteligencia emocional<\/strong><\/p>\n<p>3 y 4 de mayo en UNED Pamplona<\/p>\n<p>10 y 11 de mayo en CIVICAN<\/p>\n<p>Dr. Juan Carlos P\u00e9rez Gonz\u00e1lez, profesor titular en Educaci\u00f3n en UNED y director Cient\u00edfico de la C\u00e1tedra de Inteligencia Emocional<\/p>\n<p>&nbsp;<\/p>\n<p><strong>Comunicaci\u00f3n Asertiva<\/strong><\/p>\n<p>8 y 15 de mayo<\/p>\n<p>Olatz Ormaetxea Ruiz. Psic\u00f3loga. profesora del Departamento de Psicolog\u00eda y Criminolog\u00eda de UNED Pamplona.<\/p>\n","protected":false},"featured_media":4422,"template":"","tipo_de_recurso":[],"yoast_head":"<!-- This site is optimized with the Yoast SEO plugin v22.5 - https:\/\/yoast.com\/wordpress\/plugins\/seo\/ -->\n<title>Cursos y conferencias C\u00e1tedra 2025-2026 - UNED Pamplona<\/title>\n<meta name=\"robots\" content=\"index, follow, max-snippet:-1, max-image-preview:large, max-video-preview:-1\" \/>\n<link rel=\"canonical\" href=\"https:\/\/unedpamplona.es\/eu\/cursos-conferencias\/cursos-y-conferencias-catedra-2023-2024\/\" \/>\n<meta property=\"og:locale\" content=\"eu_ES\" \/>\n<meta property=\"og:type\" content=\"article\" \/>\n<meta property=\"og:title\" content=\"Cursos y conferencias C\u00e1tedra 2025-2026 - UNED Pamplona\" \/>\n<meta property=\"og:description\" content=\"C\u00c1TEDRA INTELIGENCIA EMOCIONAL 2025-2026 1. Conferencia: C\u00f3mo tender puentes afectivos con los\/as hijos\/as UNED Pamplona: \u00a01 de octubre, de 19:00-20:30 h. Matr\u00edcula online gratuita\u00a0 2. Conferencia: Inteligencia emocional en familia UNED Pamplona:\u00a0\u00a016 de octubre de 2025, de \u00a019:00 a 20:30 h. Matr\u00edcula online gratuita &nbsp; &nbsp; &nbsp; C\u00c1TEDRA INTELIGENCIA EMOCIONAL\u00a02024-2025 Curso \u00abEstrategias de regulaci\u00f3n emocional\u00bb [&hellip;]\" \/>\n<meta property=\"og:url\" content=\"https:\/\/unedpamplona.es\/eu\/cursos-conferencias\/cursos-y-conferencias-catedra-2023-2024\/\" \/>\n<meta property=\"og:site_name\" content=\"UNED Pamplona\" \/>\n<meta property=\"article:modified_time\" content=\"2025-09-05T07:56:38+00:00\" \/>\n<meta property=\"og:image\" content=\"https:\/\/unedpamplona.es\/wp-content\/uploads\/2024\/04\/Diseno-sin-titulo-6.jpg\" \/>\n\t<meta property=\"og:image:width\" content=\"940\" \/>\n\t<meta property=\"og:image:height\" content=\"788\" \/>\n\t<meta property=\"og:image:type\" content=\"image\/jpeg\" \/>\n<meta name=\"twitter:card\" content=\"summary_large_image\" \/>\n<meta name=\"twitter:site\" content=\"@unedpamplona\" \/>\n<meta name=\"twitter:label1\" content=\"Est. reading time\" \/>\n\t<meta name=\"twitter:data1\" content=\"9 minutes\" \/>\n<script type=\"application\/ld+json\" class=\"yoast-schema-graph\">{\"@context\":\"https:\/\/schema.org\",\"@graph\":[{\"@type\":\"WebPage\",\"@id\":\"https:\/\/unedpamplona.es\/eu\/cursos-conferencias\/cursos-y-conferencias-catedra-2023-2024\/\",\"url\":\"https:\/\/unedpamplona.es\/eu\/cursos-conferencias\/cursos-y-conferencias-catedra-2023-2024\/\",\"name\":\"Cursos y conferencias C\u00e1tedra 2025-2026 - UNED Pamplona\",\"isPartOf\":{\"@id\":\"https:\/\/unedpamplona.es\/eu\/#website\"},\"primaryImageOfPage\":{\"@id\":\"https:\/\/unedpamplona.es\/eu\/cursos-conferencias\/cursos-y-conferencias-catedra-2023-2024\/#primaryimage\"},\"image\":{\"@id\":\"https:\/\/unedpamplona.es\/eu\/cursos-conferencias\/cursos-y-conferencias-catedra-2023-2024\/#primaryimage\"},\"thumbnailUrl\":\"https:\/\/unedpamplona.es\/wp-content\/uploads\/2024\/04\/Diseno-sin-titulo-6.jpg\",\"datePublished\":\"2024-10-09T08:51:24+00:00\",\"dateModified\":\"2025-09-05T07:56:38+00:00\",\"inLanguage\":\"eu-ES\",\"potentialAction\":[{\"@type\":\"ReadAction\",\"target\":[\"https:\/\/unedpamplona.es\/eu\/cursos-conferencias\/cursos-y-conferencias-catedra-2023-2024\/\"]}]},{\"@type\":\"ImageObject\",\"inLanguage\":\"eu-ES\",\"@id\":\"https:\/\/unedpamplona.es\/eu\/cursos-conferencias\/cursos-y-conferencias-catedra-2023-2024\/#primaryimage\",\"url\":\"https:\/\/unedpamplona.es\/wp-content\/uploads\/2024\/04\/Diseno-sin-titulo-6.jpg\",\"contentUrl\":\"https:\/\/unedpamplona.es\/wp-content\/uploads\/2024\/04\/Diseno-sin-titulo-6.jpg\",\"width\":940,\"height\":788},{\"@type\":\"WebSite\",\"@id\":\"https:\/\/unedpamplona.es\/eu\/#website\",\"url\":\"https:\/\/unedpamplona.es\/eu\/\",\"name\":\"UNED Pamplona\",\"description\":\"\",\"publisher\":{\"@id\":\"https:\/\/unedpamplona.es\/eu\/#organization\"},\"potentialAction\":[{\"@type\":\"SearchAction\",\"target\":{\"@type\":\"EntryPoint\",\"urlTemplate\":\"https:\/\/unedpamplona.es\/eu\/?s={search_term_string}\"},\"query-input\":\"required name=search_term_string\"}],\"inLanguage\":\"eu-ES\"},{\"@type\":\"Organization\",\"@id\":\"https:\/\/unedpamplona.es\/eu\/#organization\",\"name\":\"UNED Pamplona\",\"url\":\"https:\/\/unedpamplona.es\/eu\/\",\"logo\":{\"@type\":\"ImageObject\",\"inLanguage\":\"eu-ES\",\"@id\":\"https:\/\/unedpamplona.es\/eu\/#\/schema\/logo\/image\/\",\"url\":\"https:\/\/unedpamplona.es\/wp-content\/uploads\/2024\/02\/uned_pamplona_logo.png\",\"contentUrl\":\"https:\/\/unedpamplona.es\/wp-content\/uploads\/2024\/02\/uned_pamplona_logo.png\",\"width\":218,\"height\":104,\"caption\":\"UNED Pamplona\"},\"image\":{\"@id\":\"https:\/\/unedpamplona.es\/eu\/#\/schema\/logo\/image\/\"},\"sameAs\":[\"https:\/\/x.com\/unedpamplona\",\"https:\/\/www.youtube.com\/channel\/UCR2jc6TbCMAPnbcA17Z0wwg\",\"https:\/\/www.instagram.com\/unedpamplona\/\"]}]}<\/script>\n<!-- \/ Yoast SEO plugin. -->","yoast_head_json":{"title":"Cursos y conferencias C\u00e1tedra 2025-2026 - UNED Pamplona","robots":{"index":"index","follow":"follow","max-snippet":"max-snippet:-1","max-image-preview":"max-image-preview:large","max-video-preview":"max-video-preview:-1"},"canonical":"https:\/\/unedpamplona.es\/eu\/cursos-conferencias\/cursos-y-conferencias-catedra-2023-2024\/","og_locale":"eu_ES","og_type":"article","og_title":"Cursos y conferencias C\u00e1tedra 2025-2026 - UNED Pamplona","og_description":"C\u00c1TEDRA INTELIGENCIA EMOCIONAL 2025-2026 1. Conferencia: C\u00f3mo tender puentes afectivos con los\/as hijos\/as UNED Pamplona: \u00a01 de octubre, de 19:00-20:30 h. Matr\u00edcula online gratuita\u00a0 2. Conferencia: Inteligencia emocional en familia UNED Pamplona:\u00a0\u00a016 de octubre de 2025, de \u00a019:00 a 20:30 h. Matr\u00edcula online gratuita &nbsp; &nbsp; &nbsp; C\u00c1TEDRA INTELIGENCIA EMOCIONAL\u00a02024-2025 Curso \u00abEstrategias de regulaci\u00f3n emocional\u00bb [&hellip;]","og_url":"https:\/\/unedpamplona.es\/eu\/cursos-conferencias\/cursos-y-conferencias-catedra-2023-2024\/","og_site_name":"UNED Pamplona","article_modified_time":"2025-09-05T07:56:38+00:00","og_image":[{"width":940,"height":788,"url":"https:\/\/unedpamplona.es\/wp-content\/uploads\/2024\/04\/Diseno-sin-titulo-6.jpg","type":"image\/jpeg"}],"twitter_card":"summary_large_image","twitter_site":"@unedpamplona","twitter_misc":{"Est. reading time":"9 minutes"},"schema":{"@context":"https:\/\/schema.org","@graph":[{"@type":"WebPage","@id":"https:\/\/unedpamplona.es\/eu\/cursos-conferencias\/cursos-y-conferencias-catedra-2023-2024\/","url":"https:\/\/unedpamplona.es\/eu\/cursos-conferencias\/cursos-y-conferencias-catedra-2023-2024\/","name":"Cursos y conferencias C\u00e1tedra 2025-2026 - UNED Pamplona","isPartOf":{"@id":"https:\/\/unedpamplona.es\/eu\/#website"},"primaryImageOfPage":{"@id":"https:\/\/unedpamplona.es\/eu\/cursos-conferencias\/cursos-y-conferencias-catedra-2023-2024\/#primaryimage"},"image":{"@id":"https:\/\/unedpamplona.es\/eu\/cursos-conferencias\/cursos-y-conferencias-catedra-2023-2024\/#primaryimage"},"thumbnailUrl":"https:\/\/unedpamplona.es\/wp-content\/uploads\/2024\/04\/Diseno-sin-titulo-6.jpg","datePublished":"2024-10-09T08:51:24+00:00","dateModified":"2025-09-05T07:56:38+00:00","inLanguage":"eu-ES","potentialAction":[{"@type":"ReadAction","target":["https:\/\/unedpamplona.es\/eu\/cursos-conferencias\/cursos-y-conferencias-catedra-2023-2024\/"]}]},{"@type":"ImageObject","inLanguage":"eu-ES","@id":"https:\/\/unedpamplona.es\/eu\/cursos-conferencias\/cursos-y-conferencias-catedra-2023-2024\/#primaryimage","url":"https:\/\/unedpamplona.es\/wp-content\/uploads\/2024\/04\/Diseno-sin-titulo-6.jpg","contentUrl":"https:\/\/unedpamplona.es\/wp-content\/uploads\/2024\/04\/Diseno-sin-titulo-6.jpg","width":940,"height":788},{"@type":"WebSite","@id":"https:\/\/unedpamplona.es\/eu\/#website","url":"https:\/\/unedpamplona.es\/eu\/","name":"UNED Pamplona","description":"","publisher":{"@id":"https:\/\/unedpamplona.es\/eu\/#organization"},"potentialAction":[{"@type":"SearchAction","target":{"@type":"EntryPoint","urlTemplate":"https:\/\/unedpamplona.es\/eu\/?s={search_term_string}"},"query-input":"required name=search_term_string"}],"inLanguage":"eu-ES"},{"@type":"Organization","@id":"https:\/\/unedpamplona.es\/eu\/#organization","name":"UNED Pamplona","url":"https:\/\/unedpamplona.es\/eu\/","logo":{"@type":"ImageObject","inLanguage":"eu-ES","@id":"https:\/\/unedpamplona.es\/eu\/#\/schema\/logo\/image\/","url":"https:\/\/unedpamplona.es\/wp-content\/uploads\/2024\/02\/uned_pamplona_logo.png","contentUrl":"https:\/\/unedpamplona.es\/wp-content\/uploads\/2024\/02\/uned_pamplona_logo.png","width":218,"height":104,"caption":"UNED Pamplona"},"image":{"@id":"https:\/\/unedpamplona.es\/eu\/#\/schema\/logo\/image\/"},"sameAs":["https:\/\/x.com\/unedpamplona","https:\/\/www.youtube.com\/channel\/UCR2jc6TbCMAPnbcA17Z0wwg","https:\/\/www.instagram.com\/unedpamplona\/"]}]}},"_links":{"self":[{"href":"https:\/\/unedpamplona.es\/eu\/wp-json\/wp\/v2\/cursos_conferencias\/4466"}],"collection":[{"href":"https:\/\/unedpamplona.es\/eu\/wp-json\/wp\/v2\/cursos_conferencias"}],"about":[{"href":"https:\/\/unedpamplona.es\/eu\/wp-json\/wp\/v2\/types\/cursos_conferencias"}],"version-history":[{"count":52,"href":"https:\/\/unedpamplona.es\/eu\/wp-json\/wp\/v2\/cursos_conferencias\/4466\/revisions"}],"predecessor-version":[{"id":13090,"href":"https:\/\/unedpamplona.es\/eu\/wp-json\/wp\/v2\/cursos_conferencias\/4466\/revisions\/13090"}],"wp:featuredmedia":[{"embeddable":true,"href":"https:\/\/unedpamplona.es\/eu\/wp-json\/wp\/v2\/media\/4422"}],"wp:attachment":[{"href":"https:\/\/unedpamplona.es\/eu\/wp-json\/wp\/v2\/media?parent=4466"}],"wp:term":[{"taxonomy":"tipo_de_recurso","embeddable":true,"href":"https:\/\/unedpamplona.es\/eu\/wp-json\/wp\/v2\/tipo_de_recurso?post=4466"}],"curies":[{"name":"wp","href":"https:\/\/api.w.org\/{rel}","templated":true}]}}